{"id":43919,"date":"2026-07-08T11:27:47","date_gmt":"2026-07-08T11:27:47","guid":{"rendered":"https:\/\/www.tracea.ch\/boutique\/non%20class\u00e9\/mens-cyclone-jacket-vi\/"},"modified":"2026-07-08T11:28:40","modified_gmt":"2026-07-08T11:28:40","slug":"mens-cyclone-jacket-vi","status":"publish","type":"product","link":"https:\/\/www.tracea.ch\/de\/boutique\/mens-cyclone-jacket-vi\/","title":{"rendered":"Men&rsquo;s Cyclone Jacket VI"},"content":{"rendered":"<p>Toujours avec soi: la veste softshell Men&rsquo;s Cyclone \u00e9cologique avec col montant court pour un usage polyvalent. Ce classique \u00e9tanche au vent et respirant avec doublure polaire est parfait pour de nombreux sports tels que les promenades en raquettes, la randonn\u00e9e, la marche nordique, etc. Une veste softshell homme facile d&rsquo;entretien et \u00e9cologique, qui est fabriqu\u00e9e en mat\u00e9riau recycl\u00e9 \u00e0 100%. Ce produit est imperm\u00e9abilis\u00e9 avec la finition Eco Finish, \u00e9cologique et sans fluorocarbures (PFC). Le label Green Shape de VAUDE garantit un produit \u00e9cologique, fonctionnel et fabriqu\u00e9 dans des mat\u00e9riaux durables certifi\u00e9s bluesign\u00ae.<\/p>\n<p><em>zip frontal avec fold over, 1 poche poitrine, 2 poches sur le devant, ourlet r\u00e9glable en largeur, poignets r\u00e9glables<\/em><\/p>","protected":false},"excerpt":{"rendered":"<p>Veste softshell homme \u00e9tanche au vent pour la randonn\u00e9e #d\u00e9perlante et respirante #chaude #fabrication en mat\u00e9riau recycl\u00e9<\/p>","protected":false},"featured_media":21333,"comment_status":"closed","ping_status":"open","template":"","meta":[],"product_brand":[375],"product_cat":[213,709,216],"product_tag":[365,368,422,421],"class_list":["post-43919","product","type-product","status-publish","has-post-thumbnail","product_brand-vaude","product_cat-boutique","product_cat-veste","product_cat-vetements","product_tag-boutique","product_tag-vente","product_tag-vente-vetement","product_tag-vetement","pa_couleur-baltic-sea-uni","pa_couleur-black","pa_couleur-black-khaki","pa_taille-l","pa_taille-m","pa_taille-s","pa_taille-xl","pa_taille-xxl","pa_taille-xxxl","pa_taille-xxxxl","pa_taille-xxxxxl","first","instock","purchasable","product-type-variable"],"_links":{"self":[{"href":"https:\/\/www.tracea.ch\/de\/wp-json\/wp\/v2\/product\/43919","targetHints":{"allow":["GET"]}}],"collection":[{"href":"https:\/\/www.tracea.ch\/de\/wp-json\/wp\/v2\/product"}],"about":[{"href":"https:\/\/www.tracea.ch\/de\/wp-json\/wp\/v2\/types\/product"}],"replies":[{"embeddable":true,"href":"https:\/\/www.tracea.ch\/de\/wp-json\/wp\/v2\/comments?post=43919"}],"version-history":[{"count":1,"href":"https:\/\/www.tracea.ch\/de\/wp-json\/wp\/v2\/product\/43919\/revisions"}],"predecessor-version":[{"id":43920,"href":"https:\/\/www.tracea.ch\/de\/wp-json\/wp\/v2\/product\/43919\/revisions\/43920"}],"wp:featuredmedia":[{"embeddable":true,"href":"https:\/\/www.tracea.ch\/de\/wp-json\/wp\/v2\/media\/21333"}],"wp:attachment":[{"href":"https:\/\/www.tracea.ch\/de\/wp-json\/wp\/v2\/media?parent=43919"}],"wp:term":[{"taxonomy":"product_brand","embeddable":true,"href":"https:\/\/www.tracea.ch\/de\/wp-json\/wp\/v2\/product_brand?post=43919"},{"taxonomy":"product_cat","embeddable":true,"href":"https:\/\/www.tracea.ch\/de\/wp-json\/wp\/v2\/product_cat?post=43919"},{"taxonomy":"product_tag","embeddable":true,"href":"https:\/\/www.tracea.ch\/de\/wp-json\/wp\/v2\/product_tag?post=43919"}],"curies":[{"name":"wp","href":"https:\/\/api.w.org\/{rel}","templated":true}]}}