{"id":43950,"date":"2026-07-08T11:28:39","date_gmt":"2026-07-08T11:28:39","guid":{"rendered":"https:\/\/www.tracea.ch\/boutique\/non%20class\u00e9\/mens-posta-insulation-jacket\/"},"modified":"2026-07-08T11:29:18","modified_gmt":"2026-07-08T11:29:18","slug":"mens-posta-insulation-jacket","status":"publish","type":"product","link":"https:\/\/www.tracea.ch\/de\/boutique\/mens-posta-insulation-jacket\/","title":{"rendered":"Men&rsquo;s Posta Insulation Jacket"},"content":{"rendered":"<p>Pour tous ceux qui n&rsquo;h\u00e9sitent pas \u00e0 se lancer sur la route malgr\u00e9 le froid saisissant sous le soleil hivernal. Cette veste isolante hybride chaude convient tant aux adeptes chevronn\u00e9s du v\u00e9lo de course ou du gravel qu&rsquo;aux navetteurs sportifs, qui savent appr\u00e9cier une haute \u00e9tanch\u00e9it\u00e9 au vent et la respirabilit\u00e9. La combinaison d&rsquo;un mat\u00e9riau \u00e9tanche au vent Pertex \u00e0 l&rsquo;avant et de zones respirantes sous les bras et au dos se montre \u00e0 la hauteur des exigences les plus \u00e9lev\u00e9es. Le col ajust\u00e9, les manches pr\u00e9form\u00e9es avec le poignet \u00e9tir\u00e9 sur le dos de la main et le dos allong\u00e9 \u00e0 la ceinture silicon\u00e9e contribuent \u00e0 sa tenue parfaite. L&rsquo;ouatage chauffant \u00e0 l&rsquo;avant et dans la zone avant des manches est compos\u00e9 \u00e0 35% de S.Cafe\u00ae et \u00e0 65% en polyester recycl\u00e9. Des empi\u00e8cements \u00e9lastiques dans 4directions compos\u00e9s de diff\u00e9rents emplacements polaires dans le dos et sous les avant-bras garantissent une bonne libert\u00e9 de mouvement. Pour assurer la gestion optimale de l&rsquo;humidit\u00e9, la mati\u00e8re Stormfleece pratiquement \u00e9tanche au vent tout en offrant une haute respirabilit\u00e9 a \u00e9t\u00e9 int\u00e9gr\u00e9e dans le dos. Une mati\u00e8re polaire \u00e0 s\u00e9chage rapide est dispos\u00e9e sous les bras, compos\u00e9e \u00e0 28% de fibres de bois \u00e0 l&rsquo;effet anti-odeurs. Une poche zipp\u00e9e sur la poitrine compl\u00e8te l&rsquo;\u00e9quipement de cette veste haute performance. La veste Posta Insulation Jacket est parfaitement assortie au legging Posta Warm Bib Tights, et b\u00e9n\u00e9ficie de la certification selon la norme environnementale la plus stricte bluesign\u00ae. Le label Green Shape de VAUDE garantit un produit \u00e9cologique, fonctionnel et fabriqu\u00e9 dans des mat\u00e9riaux durables.<\/p>\n<p><em>manches pr\u00e9form\u00e9es, coupe rallong\u00e9e dans le dos, ourlet dans la partie dorsale avec bande silicon\u00e9e, parties en stretch, 1 poche poitrine avec zipp\u00e9e, 1 poche dorsale avec zip, zip frontal avec fold over, \u00e9l\u00e9ments r\u00e9fl\u00e9chissants<\/em><\/p>","protected":false},"excerpt":{"rendered":"<p>Veste isolante hybride chaude pour le cyclisme #zones \u00e9tanches au vent et respirantes #d\u00e9perlante et coupe-vent, respirante #haute teneur en mat\u00e9riau recycl\u00e9<\/p>","protected":false},"featured_media":21369,"comment_status":"closed","ping_status":"open","template":"","meta":[],"product_brand":[375],"product_cat":[213,709,216],"product_tag":[365,368,422,421],"class_list":["post-43950","product","type-product","status-publish","has-post-thumbnail","product_brand-vaude","product_cat-boutique","product_cat-veste","product_cat-vetements","product_tag-boutique","product_tag-vente","product_tag-vente-vetement","product_tag-vetement","pa_couleur-black-uni","pa_couleur-deep-pond","pa_couleur-neon-yellow","pa_taille-l","pa_taille-m","pa_taille-s","pa_taille-xl","pa_taille-xxl","pa_taille-xxxl","first","instock","purchasable","product-type-variable"],"_links":{"self":[{"href":"https:\/\/www.tracea.ch\/de\/wp-json\/wp\/v2\/product\/43950","targetHints":{"allow":["GET"]}}],"collection":[{"href":"https:\/\/www.tracea.ch\/de\/wp-json\/wp\/v2\/product"}],"about":[{"href":"https:\/\/www.tracea.ch\/de\/wp-json\/wp\/v2\/types\/product"}],"replies":[{"embeddable":true,"href":"https:\/\/www.tracea.ch\/de\/wp-json\/wp\/v2\/comments?post=43950"}],"version-history":[{"count":1,"href":"https:\/\/www.tracea.ch\/de\/wp-json\/wp\/v2\/product\/43950\/revisions"}],"predecessor-version":[{"id":43951,"href":"https:\/\/www.tracea.ch\/de\/wp-json\/wp\/v2\/product\/43950\/revisions\/43951"}],"wp:featuredmedia":[{"embeddable":true,"href":"https:\/\/www.tracea.ch\/de\/wp-json\/wp\/v2\/media\/21369"}],"wp:attachment":[{"href":"https:\/\/www.tracea.ch\/de\/wp-json\/wp\/v2\/media?parent=43950"}],"wp:term":[{"taxonomy":"product_brand","embeddable":true,"href":"https:\/\/www.tracea.ch\/de\/wp-json\/wp\/v2\/product_brand?post=43950"},{"taxonomy":"product_cat","embeddable":true,"href":"https:\/\/www.tracea.ch\/de\/wp-json\/wp\/v2\/product_cat?post=43950"},{"taxonomy":"product_tag","embeddable":true,"href":"https:\/\/www.tracea.ch\/de\/wp-json\/wp\/v2\/product_tag?post=43950"}],"curies":[{"name":"wp","href":"https:\/\/api.w.org\/{rel}","templated":true}]}}