{"id":44142,"date":"2026-07-08T11:34:25","date_gmt":"2026-07-08T11:34:25","guid":{"rendered":"https:\/\/www.tracea.ch\/boutique\/non%20class\u00e9\/mens-batura-hooded-insulation-jacket\/"},"modified":"2026-07-08T11:35:28","modified_gmt":"2026-07-08T11:35:28","slug":"mens-batura-hooded-insulation-jacket","status":"publish","type":"product","link":"https:\/\/www.tracea.ch\/de\/boutique\/mens-batura-hooded-insulation-jacket\/","title":{"rendered":"Men&rsquo;s Batura Hooded Insulation Jacket"},"content":{"rendered":"<p>Sur les sommets venteux, \u00e0 l&rsquo;ombre ou au camp de base, la veste isolante tr\u00e8s l\u00e9g\u00e8re et compressible est indispensable dans la pratique des sports de montagne et s\u00e9duit ainsi de nombreux alpinistes par son \u00e9quipement! Le garnissage Batura Hooded Insulation Jacket enti\u00e8rement nouveau est le r\u00e9sultat d&rsquo;un bond de g\u00e9ant dans la technologie d&rsquo;isolation: le mat\u00e9riau de garnissage bouffant produit un effet similaire au duvet \u2013 l\u00e9ger et accumulant la chaleur \u2013 tout en \u00e9tant enti\u00e8rement tir\u00e9 du recyclage. Le duvet synth\u00e9tique pr\u00e9sente l&rsquo;avantage d&rsquo;exercer une action chauffante m\u00eame \u00e0 l&rsquo;\u00e9tat humide tout en \u00e9tant facile d&rsquo;entretien. Ces flocons isolants sont cousus dans des chambres de mani\u00e8re analogue au duvet ordinaire afin d&rsquo;obtenir les meilleurs effets thermiques. La veste peut \u00eatre enfouie dans la poche int\u00e9rieure en filet \u00e9lastique et ne p\u00e8se ainsi pas lourd dans le sac \u00e0 dos pendant l&rsquo;ascension. Sa coupe ajust\u00e9e se moule parfaitement sous la hardshell et prot\u00e8ge aussi efficacement des courants d&rsquo;air avec sa ceinture r\u00e9glable en largeur. Cette veste d&rsquo;hiver d\u00e9perlante, dot\u00e9e d&rsquo;une capuche \u00e0 la coupe haute fabriqu\u00e9e en mat\u00e9riau enti\u00e8rement recycl\u00e9, b\u00e9n\u00e9ficie de la certification selon la norme environnementale la plus stricte bluesign\u00ae et offre une utilisation polyvalente tout au long de l&rsquo;hiver. Le label Green Shape de VAUDE garantit un produit \u00e9cologique, fonctionnel et fabriqu\u00e9 dans des mat\u00e9riaux durables.<\/p>\n<p><em>capuche mont\u00e9e, zip frontal invers\u00e9, zip frontal avec rabat int\u00e9rieur, 2 poches frontales avec fermeture \u00e9clair, 1 poche \u00e0 l\u2019avant pour ranger, 1 poche poitrine avec zipp\u00e9e, cordon \u00e0 la ceinture avec syst\u00e8me de r\u00e9glage \u00e0 une main, manches pr\u00e9form\u00e9es<\/em><\/p>","protected":false},"excerpt":{"rendered":"<p>Veste isolante homme tr\u00e8s l\u00e9g\u00e8re avec capuche pour le sport de montagne #tr\u00e8s chaude #compressible dans la poche int\u00e9rieure #fabrication compl\u00e8te en mat\u00e9riau recycl\u00e9<\/p>","protected":false},"featured_media":21432,"comment_status":"closed","ping_status":"open","template":"","meta":[],"product_brand":[375],"product_cat":[213,709,216],"product_tag":[365,368,422,421],"class_list":["post-44142","product","type-product","status-publish","has-post-thumbnail","product_brand-vaude","product_cat-boutique","product_cat-veste","product_cat-vetements","product_tag-boutique","product_tag-vente","product_tag-vente-vetement","product_tag-vetement","pa_couleur-baltic-sea-uni","pa_couleur-black","pa_couleur-deep-pond","pa_couleur-deer-brown","pa_couleur-savanna","pa_taille-l","pa_taille-m","pa_taille-s","pa_taille-xl","pa_taille-xxl","pa_taille-xxxl","first","instock","purchasable","product-type-variable"],"_links":{"self":[{"href":"https:\/\/www.tracea.ch\/de\/wp-json\/wp\/v2\/product\/44142","targetHints":{"allow":["GET"]}}],"collection":[{"href":"https:\/\/www.tracea.ch\/de\/wp-json\/wp\/v2\/product"}],"about":[{"href":"https:\/\/www.tracea.ch\/de\/wp-json\/wp\/v2\/types\/product"}],"replies":[{"embeddable":true,"href":"https:\/\/www.tracea.ch\/de\/wp-json\/wp\/v2\/comments?post=44142"}],"version-history":[{"count":1,"href":"https:\/\/www.tracea.ch\/de\/wp-json\/wp\/v2\/product\/44142\/revisions"}],"predecessor-version":[{"id":44143,"href":"https:\/\/www.tracea.ch\/de\/wp-json\/wp\/v2\/product\/44142\/revisions\/44143"}],"wp:featuredmedia":[{"embeddable":true,"href":"https:\/\/www.tracea.ch\/de\/wp-json\/wp\/v2\/media\/21432"}],"wp:attachment":[{"href":"https:\/\/www.tracea.ch\/de\/wp-json\/wp\/v2\/media?parent=44142"}],"wp:term":[{"taxonomy":"product_brand","embeddable":true,"href":"https:\/\/www.tracea.ch\/de\/wp-json\/wp\/v2\/product_brand?post=44142"},{"taxonomy":"product_cat","embeddable":true,"href":"https:\/\/www.tracea.ch\/de\/wp-json\/wp\/v2\/product_cat?post=44142"},{"taxonomy":"product_tag","embeddable":true,"href":"https:\/\/www.tracea.ch\/de\/wp-json\/wp\/v2\/product_tag?post=44142"}],"curies":[{"name":"wp","href":"https:\/\/api.w.org\/{rel}","templated":true}]}}