{"id":44714,"date":"2026-07-08T11:52:31","date_gmt":"2026-07-08T11:52:31","guid":{"rendered":"https:\/\/www.tracea.ch\/boutique\/non%20class\u00e9\/mens-elope-wind-jacket\/"},"modified":"2026-07-08T11:53:47","modified_gmt":"2026-07-08T11:53:47","slug":"mens-elope-wind-jacket","status":"publish","type":"product","link":"https:\/\/www.tracea.ch\/de\/boutique\/mens-elope-wind-jacket\/","title":{"rendered":"Men&rsquo;s Elope Wind Jacket"},"content":{"rendered":"<p>C&rsquo;est un compl\u00e9ment ins\u00e9parable&nbsp;: la veste softshell compressible, l\u00e9g\u00e8re et chauffante Men&rsquo;s Elope Wind Jacket. Elle r\u00e9siste au vent dans une sortie en montagne et peut se porter sous une couche hardshell. Le col montant, les poignets r\u00e9glables et la capuche constituent une protection efficace contre les rafales de vent. Une poche poitrine zipp\u00e9e et deux poches en biais conservent les affaires pr\u00e9cieuses en toute s\u00e9curit\u00e9 sur la route. La mati\u00e8re hautement \u00e9lastique et agr\u00e9able accompagne chaque mouvement et revendique une fabrication \u00e9cologique. Notre label Green Shape de VAUDE garantit un produit \u00e9cologique, fonctionnel et fabriqu\u00e9 dans des mat\u00e9riaux durables et certifi\u00e9s bluesign\u00ae.<\/p>\n<p><em>capuche mont\u00e9e et r\u00e9glable en largeur, zip frontal avec rabat int\u00e9rieur, 1 poche poitrine avec zipp\u00e9e, 2 poches frontales avec fermeture \u00e9clair, cordon \u00e0 la ceinture r\u00e9glable par les poches, manches pr\u00e9form\u00e9es, poignets r\u00e9glables en largeur gr\u00e2ce \u00e0 un velcro<\/em><\/p>","protected":false},"excerpt":{"rendered":"<p>Veste softshell homme tr\u00e8s l\u00e9g\u00e8re, pratiquement \u00e9tanche au vent et compacte #hautement \u00e9lastique et respirante #avec poche poitrine et cordon de serrage #fabrication en mat\u00e9riaux recycl\u00e9s<\/p>","protected":false},"featured_media":22311,"comment_status":"closed","ping_status":"open","template":"","meta":[],"product_brand":[375],"product_cat":[213,709,216],"product_tag":[365,368,422,421],"class_list":["post-44714","product","type-product","status-publish","has-post-thumbnail","product_brand-vaude","product_cat-boutique","product_cat-veste","product_cat-vetements","product_tag-boutique","product_tag-vente","product_tag-vente-vetement","product_tag-vetement","pa_couleur-agave","pa_couleur-baltic-sea","pa_couleur-carmine","pa_couleur-carmine-uni","pa_couleur-dark-sea","pa_couleur-phantom-black","pa_taille-l","pa_taille-m","pa_taille-s","pa_taille-xl","pa_taille-xxl","first","instock","purchasable","product-type-variable"],"_links":{"self":[{"href":"https:\/\/www.tracea.ch\/de\/wp-json\/wp\/v2\/product\/44714","targetHints":{"allow":["GET"]}}],"collection":[{"href":"https:\/\/www.tracea.ch\/de\/wp-json\/wp\/v2\/product"}],"about":[{"href":"https:\/\/www.tracea.ch\/de\/wp-json\/wp\/v2\/types\/product"}],"replies":[{"embeddable":true,"href":"https:\/\/www.tracea.ch\/de\/wp-json\/wp\/v2\/comments?post=44714"}],"version-history":[{"count":1,"href":"https:\/\/www.tracea.ch\/de\/wp-json\/wp\/v2\/product\/44714\/revisions"}],"predecessor-version":[{"id":44715,"href":"https:\/\/www.tracea.ch\/de\/wp-json\/wp\/v2\/product\/44714\/revisions\/44715"}],"wp:featuredmedia":[{"embeddable":true,"href":"https:\/\/www.tracea.ch\/de\/wp-json\/wp\/v2\/media\/22311"}],"wp:attachment":[{"href":"https:\/\/www.tracea.ch\/de\/wp-json\/wp\/v2\/media?parent=44714"}],"wp:term":[{"taxonomy":"product_brand","embeddable":true,"href":"https:\/\/www.tracea.ch\/de\/wp-json\/wp\/v2\/product_brand?post=44714"},{"taxonomy":"product_cat","embeddable":true,"href":"https:\/\/www.tracea.ch\/de\/wp-json\/wp\/v2\/product_cat?post=44714"},{"taxonomy":"product_tag","embeddable":true,"href":"https:\/\/www.tracea.ch\/de\/wp-json\/wp\/v2\/product_tag?post=44714"}],"curies":[{"name":"wp","href":"https:\/\/api.w.org\/{rel}","templated":true}]}}