{"id":44756,"date":"2026-07-08T11:53:46","date_gmt":"2026-07-08T11:53:46","guid":{"rendered":"https:\/\/www.tracea.ch\/boutique\/non%20class\u00e9\/kids-qimsa-softshell-jacket\/"},"modified":"2026-07-08T11:54:08","modified_gmt":"2026-07-08T11:54:08","slug":"kids-qimsa-softshell-jacket","status":"publish","type":"product","link":"https:\/\/www.tracea.ch\/de\/boutique\/kids-qimsa-softshell-jacket\/","title":{"rendered":"Kids Qimsa Softshell Jacket"},"content":{"rendered":"<p>Veste cycliste pour les kids qui aiment bouger: cette veste cycliste enfant ultra confortable et d\u00e9contract\u00e9e accompagne tous les mouvements, est \u00e9tanche au vent, respirante, antisalissures et d\u00e9perlante; elle est fabriqu\u00e9e dans un mat\u00e9riau softshell \u00e9cologique et certifi\u00e9 bluesign\u00ae. Elle convient parfaitement aux journ\u00e9es d&rsquo;automne par temps de crachin froid. La veste softshell Kids Qimsa Softshell Jacket est munie d&rsquo;\u00e9l\u00e9ments r\u00e9fl\u00e9chissants, d&rsquo;un col court et doux, de poignets extensibles et de deux poches zipp\u00e9es. La veste est agr\u00e9ablement gratt\u00e9e douce \u00e0 l&rsquo;int\u00e9rieur. La veste cycliste se nettoie sans difficult\u00e9 quand le VTT se pratique dans la boue. Les v\u00eatements pour enfants fonctionnels VAUDE ont plus d&rsquo;un atout: mat\u00e9riaux de qualit\u00e9, formes et couleurs adapt\u00e9es aux enfants et fabrication \u00e9cologique. Nous concevons des \u00e9quipements outdoor pour enfants hautement r\u00e9sistants qui peuvent ainsi \u00eatre pass\u00e9s d&rsquo;un enfant \u00e0 un autre. Ce produit est appr\u00eat\u00e9 avec la finition Eco Finish, d\u00e9perlante, \u00e9cologique et sans fluorocarbures (PFC). Le label Green Shape de VAUDE garantit un produit \u00e9cologique, fonctionnel et fabriqu\u00e9 dans des mat\u00e9riaux durables. En tant que membre \u00e9lev\u00e9 au rang de Leader de l&rsquo;organisme ind\u00e9pendant Fair Wear, VAUDE s&rsquo;engage en faveur de conditions de travail et de salaires \u00e9quitables.<\/p>\n<p><em>2 poches frontales avec zip invers\u00e9, poignets \u00e9lastiques, \u00e9l\u00e9ments r\u00e9fl\u00e9chissants<\/em><\/p>","protected":false},"excerpt":{"rendered":"<p>Veste cycliste d\u00e9contract\u00e9e pour enfants actifs #\u00e9tanche au vent et d\u00e9perlante #tr\u00e8s confortable #sans impact sur le climat; fabrication en mat\u00e9riau recycl\u00e9<\/p>","protected":false},"featured_media":22368,"comment_status":"closed","ping_status":"open","template":"","meta":[],"product_brand":[375],"product_cat":[213,709,216],"product_tag":[365,368,422,421],"class_list":["post-44756","product","type-product","status-publish","has-post-thumbnail","product_brand-vaude","product_cat-boutique","product_cat-veste","product_cat-vetements","product_tag-boutique","product_tag-vente","product_tag-vente-vetement","product_tag-vetement","pa_couleur-blackberry","pa_couleur-chute-green","pa_taille-110-116","pa_taille-122-128","pa_taille-134-140","pa_taille-146-152","pa_taille-158-164","first","instock","purchasable","product-type-variable"],"_links":{"self":[{"href":"https:\/\/www.tracea.ch\/de\/wp-json\/wp\/v2\/product\/44756","targetHints":{"allow":["GET"]}}],"collection":[{"href":"https:\/\/www.tracea.ch\/de\/wp-json\/wp\/v2\/product"}],"about":[{"href":"https:\/\/www.tracea.ch\/de\/wp-json\/wp\/v2\/types\/product"}],"replies":[{"embeddable":true,"href":"https:\/\/www.tracea.ch\/de\/wp-json\/wp\/v2\/comments?post=44756"}],"version-history":[{"count":1,"href":"https:\/\/www.tracea.ch\/de\/wp-json\/wp\/v2\/product\/44756\/revisions"}],"predecessor-version":[{"id":44757,"href":"https:\/\/www.tracea.ch\/de\/wp-json\/wp\/v2\/product\/44756\/revisions\/44757"}],"wp:featuredmedia":[{"embeddable":true,"href":"https:\/\/www.tracea.ch\/de\/wp-json\/wp\/v2\/media\/22368"}],"wp:attachment":[{"href":"https:\/\/www.tracea.ch\/de\/wp-json\/wp\/v2\/media?parent=44756"}],"wp:term":[{"taxonomy":"product_brand","embeddable":true,"href":"https:\/\/www.tracea.ch\/de\/wp-json\/wp\/v2\/product_brand?post=44756"},{"taxonomy":"product_cat","embeddable":true,"href":"https:\/\/www.tracea.ch\/de\/wp-json\/wp\/v2\/product_cat?post=44756"},{"taxonomy":"product_tag","embeddable":true,"href":"https:\/\/www.tracea.ch\/de\/wp-json\/wp\/v2\/product_tag?post=44756"}],"curies":[{"name":"wp","href":"https:\/\/api.w.org\/{rel}","templated":true}]}}