{"id":45060,"date":"2026-07-08T12:03:44","date_gmt":"2026-07-08T12:03:44","guid":{"rendered":"https:\/\/www.tracea.ch\/boutique\/non%20class\u00e9\/mens-sesvenna-jacket-iv\/"},"modified":"2026-07-08T12:05:08","modified_gmt":"2026-07-08T12:05:08","slug":"mens-sesvenna-jacket-iv","status":"publish","type":"product","link":"https:\/\/www.tracea.ch\/de\/boutique\/mens-sesvenna-jacket-iv\/","title":{"rendered":"Men&rsquo;s Sesvenna Jacket IV"},"content":{"rendered":"<p>Chaude et \u00e9cologique: la veste Sesvenna Jacket pour homme est une tenue chauffante \u00e9cologique pour la rando \u00e0 ski sportive. La veste isolante homme l\u00e9g\u00e8re est garnie avec l&rsquo;isolant PrimaLoft\u00ae Silver Insulation Eco. Des empi\u00e8cements \u00e9lastiques en stretch performance assurent une coupe ergonomique pour les descentes endiabl\u00e9es dans la poudreuse. La veste isolante homme offre ainsi une amplitude de mouvement suppl\u00e9mentaire et une respirabilit\u00e9 \u00e9lev\u00e9e. La veste coup\u00e9e pr\u00e8s du corps et compacte se niche dans chaque sac \u00e0 dos. Les deux poches doubl\u00e9es douces sont aussi bien accessibles en portant un sac \u00e0 dos. Pour pr\u00e9server les ressources fossiles \u2013 et le climat aussi \u2013 la veste isolante homme est principalement compos\u00e9e de mat\u00e9riaux recycl\u00e9s qui sont certifi\u00e9s selon le syst\u00e8me bluesign\u00ae. La veste est appr\u00eat\u00e9e avec la finition Eco Finish, d\u00e9perlante, \u00e9cologique et sans fluorocarbures (PFC). En tant que membre \u00e9lev\u00e9 au rang de Leader de l&rsquo;organisme ind\u00e9pendant Fair Wear, VAUDE s&rsquo;engage en faveur de conditions de travail et de salaires \u00e9quitables.<\/p>\n<p><em>ouat\u00e9, capuche mont\u00e9e, capuche, poignets et ceinture avec bord en lycra , zip frontal double-sens invers\u00e9 avec rabat int\u00e9rieur, parties en stretch, 1 poche poitrine avec zipp\u00e9e, 2 poches frontales avec fermeture \u00e9clair, manches pr\u00e9form\u00e9es, avec ouverture pour le pouce<\/em><\/p>","protected":false},"excerpt":{"rendered":"<p>Veste isolante sportive homme pour la randonn\u00e9e \u00e0 ski #d\u00e9perlante et chaude avec l&rsquo;isolation PrimaLoft\u00ae #empi\u00e8cements \u00e9lastiques, ultra respirants #fabrication \u00e9cologique avec des mat\u00e9riaux partiellement recycl\u00e9s<\/p>","protected":false},"featured_media":22562,"comment_status":"closed","ping_status":"open","template":"","meta":[],"product_brand":[375],"product_cat":[213,709,216],"product_tag":[365,368,422,421],"class_list":["post-45060","product","type-product","status-publish","has-post-thumbnail","product_brand-vaude","product_cat-boutique","product_cat-veste","product_cat-vetements","product_tag-boutique","product_tag-vente","product_tag-vente-vetement","product_tag-vetement","pa_couleur-black-black","pa_couleur-carmine","pa_couleur-dark-sea-uni","pa_couleur-deep-pond","pa_couleur-radiate-blue","pa_couleur-savanna","pa_taille-l","pa_taille-m","pa_taille-s","pa_taille-xl","pa_taille-xxl","pa_taille-xxxl","first","instock","purchasable","product-type-variable"],"_links":{"self":[{"href":"https:\/\/www.tracea.ch\/de\/wp-json\/wp\/v2\/product\/45060","targetHints":{"allow":["GET"]}}],"collection":[{"href":"https:\/\/www.tracea.ch\/de\/wp-json\/wp\/v2\/product"}],"about":[{"href":"https:\/\/www.tracea.ch\/de\/wp-json\/wp\/v2\/types\/product"}],"replies":[{"embeddable":true,"href":"https:\/\/www.tracea.ch\/de\/wp-json\/wp\/v2\/comments?post=45060"}],"version-history":[{"count":1,"href":"https:\/\/www.tracea.ch\/de\/wp-json\/wp\/v2\/product\/45060\/revisions"}],"predecessor-version":[{"id":45061,"href":"https:\/\/www.tracea.ch\/de\/wp-json\/wp\/v2\/product\/45060\/revisions\/45061"}],"wp:featuredmedia":[{"embeddable":true,"href":"https:\/\/www.tracea.ch\/de\/wp-json\/wp\/v2\/media\/22562"}],"wp:attachment":[{"href":"https:\/\/www.tracea.ch\/de\/wp-json\/wp\/v2\/media?parent=45060"}],"wp:term":[{"taxonomy":"product_brand","embeddable":true,"href":"https:\/\/www.tracea.ch\/de\/wp-json\/wp\/v2\/product_brand?post=45060"},{"taxonomy":"product_cat","embeddable":true,"href":"https:\/\/www.tracea.ch\/de\/wp-json\/wp\/v2\/product_cat?post=45060"},{"taxonomy":"product_tag","embeddable":true,"href":"https:\/\/www.tracea.ch\/de\/wp-json\/wp\/v2\/product_tag?post=45060"}],"curies":[{"name":"wp","href":"https:\/\/api.w.org\/{rel}","templated":true}]}}