{"id":45133,"date":"2026-07-08T12:05:58","date_gmt":"2026-07-08T12:05:58","guid":{"rendered":"https:\/\/www.tracea.ch\/boutique\/non%20class\u00e9\/womens-rienza-jacket-iv\/"},"modified":"2026-07-08T12:08:08","modified_gmt":"2026-07-08T12:08:08","slug":"womens-rienza-jacket-iv","status":"publish","type":"product","link":"https:\/\/www.tracea.ch\/de\/boutique\/womens-rienza-jacket-iv\/","title":{"rendered":"Women&rsquo;s Rienza Jacket IV"},"content":{"rendered":"<p>Polyvalente et \u00e9l\u00e9gante \u00e0 la fois: quand le mercure recommence \u00e0 baisser, la veste Rienza Jacket IV pour femme est la solution. La veste polaire femme confortable et chaude est d&rsquo;un port agr\u00e9able et tr\u00e8s r\u00e9sistante. Elle ne serre pas et convient ainsi parfaitement aux activit\u00e9s sportives ou au quotidien. La veste polaire pour femme se porte en couche thermique sous une veste de pluie ou d&rsquo;hiver ou en solo sur les sentiers de rando en automne. La mati\u00e8re polaire \u00e9cologique tient le corps au chaud et au sec m\u00eame sous les efforts. La veste polaire ne passe pas inaper\u00e7ue avec son aspect tricot\u00e9 classique dans un look chin\u00e9, soulign\u00e9 par une coupe f\u00e9minine. Le col montant douillet tient la zone du cou bien au chaud et au sec. Les deux poches zipp\u00e9es lat\u00e9rales r\u00e9chauffent les mains et peuvent accueillir des affaires. Rienza Jacket IV est fabriqu\u00e9e \u00e0 100% en polyester recycl\u00e9. Le label Green Shape de VAUDE garantit un produit \u00e9cologique, fonctionnel et fabriqu\u00e9 dans des mat\u00e9riaux durables certifi\u00e9s bluesign\u00ae. En tant que membre \u00e9lev\u00e9 au rang de Leader de l&rsquo;organisme ind\u00e9pendant Fair Wear, VAUDE s&rsquo;engage en faveur de conditions de travail et de salaires \u00e9quitables.<\/p>\n<p><em>fleece 300, bordures en lycra aux poignets et \u00e0 la ceinture, 2 poches frontales avec fermeture \u00e9clair, zip frontal avec rabat int\u00e9rieur, passepoil contrastant \u00e0 la fermeture \u00e9clair, col montant<\/em><\/p>","protected":false},"excerpt":{"rendered":"<p>Veste polaire confortable et chaude femme pour la randonn\u00e9e ou le bien-\u00eatre #agr\u00e9ablement chaude et r\u00e9sistante #aspect tricot\u00e9 tendance et coupe f\u00e9minine#fabrication \u00e9cologique \u00e0 partir de bouteilles PET recycl\u00e9es<\/p>","protected":false},"featured_media":22601,"comment_status":"closed","ping_status":"open","template":"","meta":[],"product_brand":[375],"product_cat":[213,709,216],"product_tag":[365,368,422,421],"class_list":["post-45133","product","type-product","status-publish","has-post-thumbnail","product_brand-vaude","product_cat-boutique","product_cat-veste","product_cat-vetements","product_tag-boutique","product_tag-vente","product_tag-vente-vetement","product_tag-vetement","pa_couleur-agave","pa_couleur-buckeye","pa_couleur-dark-iris","pa_couleur-dark-sea-uni","pa_couleur-linen","pa_couleur-savanna","pa_taille-466","pa_taille-436","pa_taille-437","pa_taille-438","pa_taille-439","pa_taille-440","pa_taille-441","pa_taille-459","pa_taille-469","first","instock","purchasable","product-type-variable"],"_links":{"self":[{"href":"https:\/\/www.tracea.ch\/de\/wp-json\/wp\/v2\/product\/45133","targetHints":{"allow":["GET"]}}],"collection":[{"href":"https:\/\/www.tracea.ch\/de\/wp-json\/wp\/v2\/product"}],"about":[{"href":"https:\/\/www.tracea.ch\/de\/wp-json\/wp\/v2\/types\/product"}],"replies":[{"embeddable":true,"href":"https:\/\/www.tracea.ch\/de\/wp-json\/wp\/v2\/comments?post=45133"}],"version-history":[{"count":1,"href":"https:\/\/www.tracea.ch\/de\/wp-json\/wp\/v2\/product\/45133\/revisions"}],"predecessor-version":[{"id":45134,"href":"https:\/\/www.tracea.ch\/de\/wp-json\/wp\/v2\/product\/45133\/revisions\/45134"}],"wp:featuredmedia":[{"embeddable":true,"href":"https:\/\/www.tracea.ch\/de\/wp-json\/wp\/v2\/media\/22601"}],"wp:attachment":[{"href":"https:\/\/www.tracea.ch\/de\/wp-json\/wp\/v2\/media?parent=45133"}],"wp:term":[{"taxonomy":"product_brand","embeddable":true,"href":"https:\/\/www.tracea.ch\/de\/wp-json\/wp\/v2\/product_brand?post=45133"},{"taxonomy":"product_cat","embeddable":true,"href":"https:\/\/www.tracea.ch\/de\/wp-json\/wp\/v2\/product_cat?post=45133"},{"taxonomy":"product_tag","embeddable":true,"href":"https:\/\/www.tracea.ch\/de\/wp-json\/wp\/v2\/product_tag?post=45133"}],"curies":[{"name":"wp","href":"https:\/\/api.w.org\/{rel}","templated":true}]}}