{"id":45216,"date":"2026-07-08T12:08:49","date_gmt":"2026-07-08T12:08:49","guid":{"rendered":"https:\/\/www.tracea.ch\/boutique\/non%20class\u00e9\/mens-monviso-fleece-fz-jacket-ii\/"},"modified":"2026-07-08T12:10:43","modified_gmt":"2026-07-08T12:10:43","slug":"mens-monviso-fleece-fz-jacket-ii","status":"publish","type":"product","link":"https:\/\/www.tracea.ch\/de\/boutique\/mens-monviso-fleece-fz-jacket-ii\/","title":{"rendered":"Men&rsquo;s Monviso Fleece FZ Jacket II"},"content":{"rendered":"<p>En montagne, au camp de base ou au quotidien, cette veste polaire homme \u00e9lastique en mat\u00e9riau recycl\u00e9 s\u00e9duit par son look d\u00e9contract\u00e9 et son excellente respirabilit\u00e9. La veste homme se porte tr\u00e8s bien en sous-couche sous une veste hardshell, pour la randonn\u00e9e \u00e0 ski, le freeride ou l&rsquo;alpinisme. La structure gaufr\u00e9e douce \u00e0 l&rsquo;int\u00e9rieur permet d&rsquo;une part d&rsquo;\u00e9vacuer la transpiration tr\u00e8s rapidement vers l&rsquo;ext\u00e9rieur, et d&rsquo;autre part d&rsquo;assurer une bonne isolation. Avec deux grandes poches ouvertes pour se r\u00e9chauffer les mains ou ranger le bonnet. En tant que membre \u00e9lev\u00e9 au rang de Leader de l&rsquo;organisme ind\u00e9pendant Fair Wear, VAUDE s&rsquo;engage en faveur de conditions de travail et de salaires \u00e9quitables.<\/p>\n<p><em>col, poignets et ceinture avec bord en lycra, zip frontal avec rabat int\u00e9rieur, 2 poches frontales avec fermeture \u00e9clair, manches pr\u00e9form\u00e9es<\/em><\/p>","protected":false},"excerpt":{"rendered":"<p>Veste polaire homme tr\u00e8s \u00e9lastique \u00e0 porter en sous-couche pour tous les sports d&rsquo;hiver #en mat\u00e9riau doux \u00e0 s\u00e9chage rapide #grandes poches en biais#fabrication \u00e9cologique en mat\u00e9riaux recycl\u00e9s<\/p>","protected":false},"featured_media":22647,"comment_status":"closed","ping_status":"open","template":"","meta":[],"product_brand":[375],"product_cat":[213,709,216],"product_tag":[365,368,422,421],"class_list":["post-45216","product","type-product","status-publish","has-post-thumbnail","product_brand-vaude","product_cat-boutique","product_cat-veste","product_cat-vetements","product_tag-boutique","product_tag-vente","product_tag-vente-vetement","product_tag-vetement","pa_couleur-agave","pa_couleur-agave-uni","pa_couleur-baltic-sea-uni","pa_couleur-black","pa_couleur-carmine-glowing-red","pa_couleur-deep-pond","pa_couleur-deer-brown","pa_taille-l","pa_taille-m","pa_taille-s","pa_taille-xl","pa_taille-xxl","pa_taille-xxxl","first","instock","purchasable","product-type-variable"],"_links":{"self":[{"href":"https:\/\/www.tracea.ch\/de\/wp-json\/wp\/v2\/product\/45216","targetHints":{"allow":["GET"]}}],"collection":[{"href":"https:\/\/www.tracea.ch\/de\/wp-json\/wp\/v2\/product"}],"about":[{"href":"https:\/\/www.tracea.ch\/de\/wp-json\/wp\/v2\/types\/product"}],"replies":[{"embeddable":true,"href":"https:\/\/www.tracea.ch\/de\/wp-json\/wp\/v2\/comments?post=45216"}],"version-history":[{"count":1,"href":"https:\/\/www.tracea.ch\/de\/wp-json\/wp\/v2\/product\/45216\/revisions"}],"predecessor-version":[{"id":45217,"href":"https:\/\/www.tracea.ch\/de\/wp-json\/wp\/v2\/product\/45216\/revisions\/45217"}],"wp:featuredmedia":[{"embeddable":true,"href":"https:\/\/www.tracea.ch\/de\/wp-json\/wp\/v2\/media\/22647"}],"wp:attachment":[{"href":"https:\/\/www.tracea.ch\/de\/wp-json\/wp\/v2\/media?parent=45216"}],"wp:term":[{"taxonomy":"product_brand","embeddable":true,"href":"https:\/\/www.tracea.ch\/de\/wp-json\/wp\/v2\/product_brand?post=45216"},{"taxonomy":"product_cat","embeddable":true,"href":"https:\/\/www.tracea.ch\/de\/wp-json\/wp\/v2\/product_cat?post=45216"},{"taxonomy":"product_tag","embeddable":true,"href":"https:\/\/www.tracea.ch\/de\/wp-json\/wp\/v2\/product_tag?post=45216"}],"curies":[{"name":"wp","href":"https:\/\/api.w.org\/{rel}","templated":true}]}}