{"id":45368,"date":"2026-07-08T12:13:16","date_gmt":"2026-07-08T12:13:16","guid":{"rendered":"https:\/\/www.tracea.ch\/boutique\/non%20class\u00e9\/mens-sesvenna-pro-jacket-ii\/"},"modified":"2026-07-08T12:14:05","modified_gmt":"2026-07-08T12:14:05","slug":"mens-sesvenna-pro-jacket-ii","status":"publish","type":"product","link":"https:\/\/www.tracea.ch\/de\/boutique\/mens-sesvenna-pro-jacket-ii\/","title":{"rendered":"Men&rsquo;s Sesvenna Pro Jacket II"},"content":{"rendered":"<p>Id\u00e9al sous les basses temp\u00e9ratures: la veste Sesvenna Pro Jacket l\u00e9g\u00e8re pour homme est con\u00e7ue pour les vir\u00e9es sportives en montagne et \u00e0 ski. Elle allie le meilleur des softshells et des isolations. Le garnissage enti\u00e8rement nouveau de cette veste hybride pour homme est un jalon dans la technologie d&rsquo;isolation: il est l\u00e9ger et stocke tr\u00e8s bien la chaleur. Le mat\u00e9riau de garnissage bouffant pr\u00e9sente ainsi les m\u00eames propri\u00e9t\u00e9s que le duvet m\u00eame s&rsquo;il est enti\u00e8rement fabriqu\u00e9 en mat\u00e9riau recycl\u00e9. Ce duvet synth\u00e9tique est ainsi chauffant et relativement facile d&rsquo;entretien m\u00eame \u00e0 l&rsquo;\u00e9tat humide! Afin d&rsquo;obtenir la meilleure performance thermique de la veste isolante homme, les flocons isolants sont cousus dans des compartiments comme le duvet ordinaire. La mati\u00e8re softshell Storm Fleece aux manches et aux c\u00f4t\u00e9s est d\u00e9perlante et coupe-vent tout en assurant une excellente respirabilit\u00e9 et un confort au porter supr\u00eame. La coupe pr\u00e8s du corps de la veste isolante homme se glisse parfaitement sous une hardshell. Le col haut et la capuche ajust\u00e9e prot\u00e8gent efficacement de l&rsquo;hypothermie. Le zip bidirectionnel permet de porter la veste isolante confortablement sur le harnais lors de l&rsquo;assurage ou des randonn\u00e9es \u00e0 ski en haute montagne. Ses poches demeurent bien accessibles malgr\u00e9 le port d&rsquo;un harnais ou d&rsquo;un sac \u00e0 dos. Une poche ext\u00e9rieure ais\u00e9ment accessible peut conserver un bonnet ou des gants. La veste est compressible dans sa propre poche.<\/p>\n<p><em>parties en stretch, capuche mont\u00e9e, zip frontal double-sens invers\u00e9 avec rabat int\u00e9rieur, 2 poches frontales avec fermeture \u00e9clair, 1 poche \u00e0 l\u2019avant pour ranger, manches pr\u00e9form\u00e9es, avec ouverture pour le pouce<\/em><\/p>","protected":false},"excerpt":{"rendered":"<p>Veste isolante l\u00e9g\u00e8re homme pour les parcours sportifs \u00e0 ski et d&rsquo;escalade #d\u00e9perlante et chaude avec l&rsquo;isolation Heatsphere Eco #empi\u00e8cements \u00e9lastiques, ultra respirants et coupe-vent #fabrication respectueuse du climat \u00e0 partir du recyclage de bouteilles PET<\/p>","protected":false},"featured_media":22737,"comment_status":"closed","ping_status":"open","template":"","meta":[],"product_brand":[375],"product_cat":[213,709,216],"product_tag":[365,368,422,421],"class_list":["post-45368","product","type-product","status-publish","has-post-thumbnail","product_brand-vaude","product_cat-boutique","product_cat-veste","product_cat-vetements","product_tag-boutique","product_tag-vente","product_tag-vente-vetement","product_tag-vetement","pa_couleur-black-black","pa_couleur-deep-pond","pa_couleur-deer-brown","pa_couleur-radiate-blue","pa_taille-l","pa_taille-m","pa_taille-s","pa_taille-xl","pa_taille-xxl","first","instock","purchasable","product-type-variable"],"_links":{"self":[{"href":"https:\/\/www.tracea.ch\/de\/wp-json\/wp\/v2\/product\/45368","targetHints":{"allow":["GET"]}}],"collection":[{"href":"https:\/\/www.tracea.ch\/de\/wp-json\/wp\/v2\/product"}],"about":[{"href":"https:\/\/www.tracea.ch\/de\/wp-json\/wp\/v2\/types\/product"}],"replies":[{"embeddable":true,"href":"https:\/\/www.tracea.ch\/de\/wp-json\/wp\/v2\/comments?post=45368"}],"version-history":[{"count":1,"href":"https:\/\/www.tracea.ch\/de\/wp-json\/wp\/v2\/product\/45368\/revisions"}],"predecessor-version":[{"id":45369,"href":"https:\/\/www.tracea.ch\/de\/wp-json\/wp\/v2\/product\/45368\/revisions\/45369"}],"wp:featuredmedia":[{"embeddable":true,"href":"https:\/\/www.tracea.ch\/de\/wp-json\/wp\/v2\/media\/22737"}],"wp:attachment":[{"href":"https:\/\/www.tracea.ch\/de\/wp-json\/wp\/v2\/media?parent=45368"}],"wp:term":[{"taxonomy":"product_brand","embeddable":true,"href":"https:\/\/www.tracea.ch\/de\/wp-json\/wp\/v2\/product_brand?post=45368"},{"taxonomy":"product_cat","embeddable":true,"href":"https:\/\/www.tracea.ch\/de\/wp-json\/wp\/v2\/product_cat?post=45368"},{"taxonomy":"product_tag","embeddable":true,"href":"https:\/\/www.tracea.ch\/de\/wp-json\/wp\/v2\/product_tag?post=45368"}],"curies":[{"name":"wp","href":"https:\/\/api.w.org\/{rel}","templated":true}]}}