{"id":45930,"date":"2026-07-08T12:31:50","date_gmt":"2026-07-08T12:31:50","guid":{"rendered":"https:\/\/www.tracea.ch\/boutique\/non%20class\u00e9\/mens-tekoa-jacket\/"},"modified":"2026-07-08T12:33:10","modified_gmt":"2026-07-08T12:33:10","slug":"mens-tekoa-jacket","status":"publish","type":"product","link":"https:\/\/www.tracea.ch\/de\/boutique\/mens-tekoa-jacket\/","title":{"rendered":"Men&rsquo;s Tekoa Jacket"},"content":{"rendered":"<p>La veste Men&rsquo;s Tekoa Jacket associe deux facteurs d\u00e9cisifs: une excellente performance sur les parcours exigeants et une m\u00e9thode de fabrication \u00e9cologique. Outre une coupe athl\u00e9tique, qui offre malgr\u00e9 tout une grande libert\u00e9 de mouvement, la veste de sport de montagne pour homme est \u00e9lastique, l\u00e9g\u00e8re et de format compact. Le mat\u00e9riau principal de la veste coupe-vent et d\u00e9perlante est fabriqu\u00e9 via une m\u00e9thode du bilan massique \u00e0 partir entre autres de pneus usag\u00e9s recycl\u00e9s. La veste Men&rsquo;s Tekoa Jacket est rapidement op\u00e9rationnelle et offre une protection contre les intemp\u00e9ries l\u00e9g\u00e8re par mauvais temps. Des d\u00e9tails ing\u00e9nieux comme la ceinture \u00e9lastique, la capuche profil\u00e9e et des poches ais\u00e9ment accessibles malgr\u00e9 le port d&rsquo;un sac \u00e0 dos compl\u00e8tent l&rsquo;\u00e9quipement de la veste de sport de montagne homme \u00e0 la perfection. L&rsquo;article est dot\u00e9 de la finition d\u00e9perlante et antisalissures Eco Finish sans PFC. Le label Green Shape de VAUDE garantit un produit \u00e9cologique, fonctionnel et fabriqu\u00e9 dans des mat\u00e9riaux durables certifi\u00e9s bluesign\u00ae.<\/p>\n<p><em>capuche mont\u00e9e, 1 poche poitrine avec zipp\u00e9e, 2 poches frontales avec fermeture \u00e9clair, bord avec \u00e9lastique, manches pr\u00e9form\u00e9es, poignets \u00e9lastiques, zip frontal avec rabat int\u00e9rieur<\/em><\/p>","protected":false},"excerpt":{"rendered":"<p>Veste outdoor homme l\u00e9g\u00e8re et polyvalente avec protection contre les intemp\u00e9ries fiable #coupe-vent et d\u00e9perlante #mat\u00e9riau \u00e9lastique #climatiquement neutre&nbsp;; fabrication \u00e9cologique par recyclage innovant de pneus usag\u00e9s sous utilisation d&rsquo;une m\u00e9thode du bilan massique<\/p>","protected":false},"featured_media":23179,"comment_status":"closed","ping_status":"open","template":"","meta":[],"product_brand":[375],"product_cat":[213,709,216],"product_tag":[365,368,422,421],"class_list":["post-45930","product","type-product","status-publish","has-post-thumbnail","product_brand-vaude","product_cat-boutique","product_cat-veste","product_cat-vetements","product_tag-boutique","product_tag-vente","product_tag-vente-vetement","product_tag-vetement","pa_couleur-baltic-sea","pa_couleur-baltic-sea-uni","pa_couleur-black-agave","pa_couleur-black-black","pa_couleur-kurkuma","pa_couleur-phantom-black","pa_taille-l","pa_taille-m","pa_taille-s","pa_taille-xl","pa_taille-xxl","first","instock","purchasable","product-type-variable"],"_links":{"self":[{"href":"https:\/\/www.tracea.ch\/de\/wp-json\/wp\/v2\/product\/45930","targetHints":{"allow":["GET"]}}],"collection":[{"href":"https:\/\/www.tracea.ch\/de\/wp-json\/wp\/v2\/product"}],"about":[{"href":"https:\/\/www.tracea.ch\/de\/wp-json\/wp\/v2\/types\/product"}],"replies":[{"embeddable":true,"href":"https:\/\/www.tracea.ch\/de\/wp-json\/wp\/v2\/comments?post=45930"}],"version-history":[{"count":1,"href":"https:\/\/www.tracea.ch\/de\/wp-json\/wp\/v2\/product\/45930\/revisions"}],"predecessor-version":[{"id":45931,"href":"https:\/\/www.tracea.ch\/de\/wp-json\/wp\/v2\/product\/45930\/revisions\/45931"}],"wp:featuredmedia":[{"embeddable":true,"href":"https:\/\/www.tracea.ch\/de\/wp-json\/wp\/v2\/media\/23179"}],"wp:attachment":[{"href":"https:\/\/www.tracea.ch\/de\/wp-json\/wp\/v2\/media?parent=45930"}],"wp:term":[{"taxonomy":"product_brand","embeddable":true,"href":"https:\/\/www.tracea.ch\/de\/wp-json\/wp\/v2\/product_brand?post=45930"},{"taxonomy":"product_cat","embeddable":true,"href":"https:\/\/www.tracea.ch\/de\/wp-json\/wp\/v2\/product_cat?post=45930"},{"taxonomy":"product_tag","embeddable":true,"href":"https:\/\/www.tracea.ch\/de\/wp-json\/wp\/v2\/product_tag?post=45930"}],"curies":[{"name":"wp","href":"https:\/\/api.w.org\/{rel}","templated":true}]}}