{"id":45973,"date":"2026-07-08T12:33:10","date_gmt":"2026-07-08T12:33:10","guid":{"rendered":"https:\/\/www.tracea.ch\/boutique\/non%20class\u00e9\/mens-scopi-fleece-jacket\/"},"modified":"2026-07-08T12:33:50","modified_gmt":"2026-07-08T12:33:50","slug":"mens-scopi-fleece-jacket","status":"publish","type":"product","link":"https:\/\/www.tracea.ch\/de\/boutique\/mens-scopi-fleece-jacket\/","title":{"rendered":"Men&rsquo;s Scopi Fleece Jacket"},"content":{"rendered":"<p>La veste polaire Men&rsquo;s Scopi Fleece Jacket \u00e0 la coupe athl\u00e9tique r\u00e9chauffe parfaitement son porteur sur les parcours rapides et dynamiques en montagne. La veste polaire est confectionn\u00e9e dans une mati\u00e8re \u00e9lastique et respirante qui s&rsquo;adapte en souplesse \u00e0 tous les mouvements: le r\u00e9sultat est un confort au porter exceptionnel. La coupe ajust\u00e9e assure un look sportif et fait de la veste Men&rsquo;s Scopi Fleece Jacket le choix id\u00e9al pour les parcours exigeant un maximum de souplesse et de fonctionnalit\u00e9. Pour atteindre la meilleure performance, une polaire gaufr\u00e9e est associ\u00e9e \u00e0 une polaire \u00e0 haute teneur en stretch. De par son faible poids, cette couche interm\u00e9diaire pour homme est le choix id\u00e9al des alpinistes chevronn\u00e9s qui ne font aucun compromis en mati\u00e8re d&rsquo;\u00e9quipement. Le label Green Shape de VAUDE garantit un produit \u00e9cologique, fonctionnel et fabriqu\u00e9 dans des mat\u00e9riaux durables certifi\u00e9s bluesign\u00ae. En tant que membre Leader de l&rsquo;organisme ind\u00e9pendant Fair Wear, VAUDE s&rsquo;engage en faveur de conditions de travail et de salaires \u00e9quitables.<\/p>\n<p><em>col montant mont\u00e9, prot\u00e8ge-menton avec Foldover, zip \u00e0 l&rsquo;avant, 1 poche poitrine avec zipp\u00e9e, 1 poches sur la manche<\/em><\/p>","protected":false},"excerpt":{"rendered":"<p>Veste polaire homme athl\u00e9tique et sportive pour les vir\u00e9es rapides en montagne #mat\u00e9riau \u00e9lastique et respirant #couche interm\u00e9diaire avec coupe pr\u00e8s du corps #fabrication principale \u00e0 partir de bouteilles PET recycl\u00e9es<\/p>","protected":false},"featured_media":23197,"comment_status":"closed","ping_status":"open","template":"","meta":[],"product_brand":[375],"product_cat":[213,709,216],"product_tag":[365,368,422,421],"class_list":["post-45973","product","type-product","status-publish","has-post-thumbnail","product_brand-vaude","product_cat-boutique","product_cat-veste","product_cat-vetements","product_tag-boutique","product_tag-vente","product_tag-vente-vetement","product_tag-vetement","pa_couleur-carmine","pa_couleur-dark-sea-uni","pa_couleur-heron","pa_taille-l","pa_taille-m","pa_taille-s","pa_taille-xl","pa_taille-xxl","first","instock","purchasable","product-type-variable"],"_links":{"self":[{"href":"https:\/\/www.tracea.ch\/de\/wp-json\/wp\/v2\/product\/45973","targetHints":{"allow":["GET"]}}],"collection":[{"href":"https:\/\/www.tracea.ch\/de\/wp-json\/wp\/v2\/product"}],"about":[{"href":"https:\/\/www.tracea.ch\/de\/wp-json\/wp\/v2\/types\/product"}],"replies":[{"embeddable":true,"href":"https:\/\/www.tracea.ch\/de\/wp-json\/wp\/v2\/comments?post=45973"}],"version-history":[{"count":1,"href":"https:\/\/www.tracea.ch\/de\/wp-json\/wp\/v2\/product\/45973\/revisions"}],"predecessor-version":[{"id":45974,"href":"https:\/\/www.tracea.ch\/de\/wp-json\/wp\/v2\/product\/45973\/revisions\/45974"}],"wp:featuredmedia":[{"embeddable":true,"href":"https:\/\/www.tracea.ch\/de\/wp-json\/wp\/v2\/media\/23197"}],"wp:attachment":[{"href":"https:\/\/www.tracea.ch\/de\/wp-json\/wp\/v2\/media?parent=45973"}],"wp:term":[{"taxonomy":"product_brand","embeddable":true,"href":"https:\/\/www.tracea.ch\/de\/wp-json\/wp\/v2\/product_brand?post=45973"},{"taxonomy":"product_cat","embeddable":true,"href":"https:\/\/www.tracea.ch\/de\/wp-json\/wp\/v2\/product_cat?post=45973"},{"taxonomy":"product_tag","embeddable":true,"href":"https:\/\/www.tracea.ch\/de\/wp-json\/wp\/v2\/product_tag?post=45973"}],"curies":[{"name":"wp","href":"https:\/\/api.w.org\/{rel}","templated":true}]}}