{"id":46545,"date":"2026-07-08T12:49:46","date_gmt":"2026-07-08T12:49:46","guid":{"rendered":"https:\/\/www.tracea.ch\/boutique\/non%20class\u00e9\/mens-elope-fleece-jacket-ii\/"},"modified":"2026-07-08T12:50:38","modified_gmt":"2026-07-08T12:50:38","slug":"mens-elope-fleece-jacket-ii","status":"publish","type":"product","link":"https:\/\/www.tracea.ch\/de\/boutique\/mens-elope-fleece-jacket-ii\/","title":{"rendered":"Men&rsquo;s Elope Fleece Jacket II"},"content":{"rendered":"<p>La veste polaire l\u00e9g\u00e8re Elope pour homme s\u00e9duit par son excellente respirabilit\u00e9 et ses fonctionnalit\u00e9s pratiques. Elle se porte en randonn\u00e9e comme une veste l\u00e9g\u00e8re \u00e0 enfiler par-dessus ou comme couche chauffante sous une veste de pluie ou softshell lors des temp\u00e9ratures froides. La veste polaire homme est \u00e9galement la tenue id\u00e9ale en voyage ou dans un trekking de refuge en refuge, et trouve toujours une place dans la valise comme dans le sac \u00e0 dos de trekking. La face int\u00e9rieure agr\u00e9ablement douce \u00e9vacue l&rsquo;humidit\u00e9 vers l&rsquo;ext\u00e9rieur de sorte que la mati\u00e8re s\u00e8che rapidement. La structure l\u00e9g\u00e8rement gaufr\u00e9e sur la face int\u00e9rieure garantit en m\u00eame temps une isolation suffisante. Le tissu \u00e9lastique assure une belle amplitude de mouvement et les deux poches avant ainsi que la poche poitrine peuvent accueillir par exemple le t\u00e9l\u00e9phone portable, le porte-monnaie ou d&rsquo;autres accessoires importants. La veste polaire Elope pour homme est en outre munie d&rsquo;un col montant, ainsi que d&rsquo;un zip frontal, et peut ainsi \u00eatre ferm\u00e9e jusqu&rsquo;au menton lors des jours froids et venteux. La veste polaire Elope pour homme prend part \u00e0 notre concept d&rsquo;\u00e9conomie circulaire et est enti\u00e8rement compos\u00e9e de polyester. Elle pr\u00e9sente en outre des d\u00e9tails allant dans le sens de l&rsquo;\u00e9conomie circulaire et une coupe favorisant l&rsquo;efficacit\u00e9 mat\u00e9rielle\u00a0; elle est aussi robuste, intemporelle et moderne. Le label Green Shape de VAUDE garantit un produit \u00e9cologique, fonctionnel et fabriqu\u00e9 dans des mat\u00e9riaux durables certifi\u00e9s bluesign\u00ae.<\/p>\n<p><em>1 poche avec zip invers\u00e9 sur la poitrine, 2 poches frontales avec zip invers\u00e9, zip invers\u00e9 avec rabat int\u00e9rieur sur le devant, col montant<\/em><\/p>","protected":false},"excerpt":{"rendered":"<p>Veste polaire homme l\u00e9g\u00e8re, prenant part au concept d&rsquo;\u00e9conomie circulaire VAUDE #respirante et r\u00e9sistante #teneur en stretch pour lib\u00e9rer le mouvement #fabrication \u00e9cologique en bouteilles PET recycl\u00e9es<\/p>","protected":false},"featured_media":23771,"comment_status":"closed","ping_status":"open","template":"","meta":[],"product_brand":[375],"product_cat":[213,709,216],"product_tag":[365,368,422,421],"class_list":["post-46545","product","type-product","status-publish","has-post-thumbnail","product_brand-vaude","product_cat-boutique","product_cat-veste","product_cat-vetements","product_tag-boutique","product_tag-vente","product_tag-vente-vetement","product_tag-vetement","pa_couleur-agave","pa_couleur-carmine","pa_couleur-dark-sea","pa_couleur-phantom-black","pa_taille-l","pa_taille-m","pa_taille-s","pa_taille-xl","pa_taille-xxl","first","instock","purchasable","product-type-variable"],"_links":{"self":[{"href":"https:\/\/www.tracea.ch\/de\/wp-json\/wp\/v2\/product\/46545","targetHints":{"allow":["GET"]}}],"collection":[{"href":"https:\/\/www.tracea.ch\/de\/wp-json\/wp\/v2\/product"}],"about":[{"href":"https:\/\/www.tracea.ch\/de\/wp-json\/wp\/v2\/types\/product"}],"replies":[{"embeddable":true,"href":"https:\/\/www.tracea.ch\/de\/wp-json\/wp\/v2\/comments?post=46545"}],"version-history":[{"count":1,"href":"https:\/\/www.tracea.ch\/de\/wp-json\/wp\/v2\/product\/46545\/revisions"}],"predecessor-version":[{"id":46546,"href":"https:\/\/www.tracea.ch\/de\/wp-json\/wp\/v2\/product\/46545\/revisions\/46546"}],"wp:featuredmedia":[{"embeddable":true,"href":"https:\/\/www.tracea.ch\/de\/wp-json\/wp\/v2\/media\/23771"}],"wp:attachment":[{"href":"https:\/\/www.tracea.ch\/de\/wp-json\/wp\/v2\/media?parent=46545"}],"wp:term":[{"taxonomy":"product_brand","embeddable":true,"href":"https:\/\/www.tracea.ch\/de\/wp-json\/wp\/v2\/product_brand?post=46545"},{"taxonomy":"product_cat","embeddable":true,"href":"https:\/\/www.tracea.ch\/de\/wp-json\/wp\/v2\/product_cat?post=46545"},{"taxonomy":"product_tag","embeddable":true,"href":"https:\/\/www.tracea.ch\/de\/wp-json\/wp\/v2\/product_tag?post=46545"}],"curies":[{"name":"wp","href":"https:\/\/api.w.org\/{rel}","templated":true}]}}