{"id":46650,"date":"2026-07-08T12:53:16","date_gmt":"2026-07-08T12:53:16","guid":{"rendered":"https:\/\/www.tracea.ch\/boutique\/non%20class\u00e9\/womens-elope-jacket-ii\/"},"modified":"2026-07-08T12:53:54","modified_gmt":"2026-07-08T12:53:54","slug":"womens-elope-jacket-ii","status":"publish","type":"product","link":"https:\/\/www.tracea.ch\/de\/boutique\/womens-elope-jacket-ii\/","title":{"rendered":"Women&rsquo;s Elope Jacket II"},"content":{"rendered":"<p>Avec la veste de randonn\u00e9e Elope pour femme enti\u00e8rement \u00e9quip\u00e9e, le temps pluvieux ne sera plus un souci sur les circuits de randonn\u00e9e et de trekking. Compress\u00e9e dans la poche int\u00e9rieure, la veste l\u00e9g\u00e8re se fait toute petite dans chaque bagage et r\u00e9pond toujours pr\u00e9sente quand la m\u00e9t\u00e9o change. La mati\u00e8re robuste et bicouche est imperm\u00e9able et \u00e9carte efficacement le vent. La membrane respirante Ceplex Pro \u00e9vacue l&rsquo;humidit\u00e9 vers l&rsquo;ext\u00e9rieur dans le m\u00eame temps et assure ainsi un agr\u00e9able confort au porter. La ventilation sous les aisselles offre une option suppl\u00e9mentaire d&rsquo;ajuster la veste de randonn\u00e9e femme selon la chaleur ou le froid ambiant. Une capuche correcte ne saurait manquer dans une veste de pluie. Celle-ci peut s&rsquo;ajuster, pour prot\u00e9ger correctement la t\u00eate en randonn\u00e9e ou lors d&rsquo;autres activit\u00e9s outdoor. Les manches r\u00e9glables et le cordon de serrage dans la ceinture de la veste sont d&rsquo;autres d\u00e9tails pratiques. La veste de randonn\u00e9e Elope ne manque pas non plus de poches pour transporter des objets importants. Elle est munie de deux poches lat\u00e9rales, d&rsquo;une poche poitrine et d&rsquo;une poche int\u00e9rieure. La veste est compos\u00e9e \u00e0 100\u00a0% de mat\u00e9riaux recycl\u00e9s. Elle est de plus appr\u00eat\u00e9e avec la finition d\u00e9perlante et antisalissures Eco Finish sans PFC. Le label Green Shape de VAUDE garantit un produit \u00e9cologique, fonctionnel et fabriqu\u00e9 dans des mat\u00e9riaux durables certifi\u00e9s bluesign\u00ae.<\/p>\n<p><em>mati\u00e8re double \u00e9paisseur, capuche mont\u00e9e et r\u00e9glable en largeur, fermeture \u00e9clair double sens \u00e9tanche sur le devant, 1 poche poitrine avec zipp\u00e9e, 2 poches frontales dissimul\u00e9es avec zip invers\u00e9, cordon \u00e0 la ceinture r\u00e9glable par les poches, ventilation sous le bras gr\u00e2ce \u00e0 une fermeture \u00e9clair \u00e9tanche, manches pr\u00e9form\u00e9es, poignets r\u00e9glables en largeur gr\u00e2ce \u00e0 un velcro, 1 poche int\u00e9rieure pour ranger la veste, doublure en deux parties, partie sup\u00e9rieure en filet, partie inf\u00e9rieure, manches et capuche en taffetas<\/em><\/p>","protected":false},"excerpt":{"rendered":"<p>Veste de randonn\u00e9e femme richement \u00e9quip\u00e9e contre le vent et les intemp\u00e9ries #imperm\u00e9able, respirante et robuste #compressible dans sa poche int\u00e9rieure #fabrication presque compl\u00e8te en mat\u00e9riaux recycl\u00e9s<\/p>","protected":false},"featured_media":23839,"comment_status":"closed","ping_status":"open","template":"","meta":[],"product_brand":[375],"product_cat":[213,709,216],"product_tag":[365,368,422,421],"class_list":["post-46650","product","type-product","status-publish","has-post-thumbnail","product_brand-vaude","product_cat-boutique","product_cat-veste","product_cat-vetements","product_tag-boutique","product_tag-vente","product_tag-vente-vetement","product_tag-vetement","pa_couleur-agave","pa_couleur-black-black","pa_taille-466","pa_taille-436","pa_taille-437","pa_taille-438","pa_taille-439","pa_taille-440","pa_taille-441","pa_taille-459","first","instock","purchasable","product-type-variable"],"_links":{"self":[{"href":"https:\/\/www.tracea.ch\/de\/wp-json\/wp\/v2\/product\/46650","targetHints":{"allow":["GET"]}}],"collection":[{"href":"https:\/\/www.tracea.ch\/de\/wp-json\/wp\/v2\/product"}],"about":[{"href":"https:\/\/www.tracea.ch\/de\/wp-json\/wp\/v2\/types\/product"}],"replies":[{"embeddable":true,"href":"https:\/\/www.tracea.ch\/de\/wp-json\/wp\/v2\/comments?post=46650"}],"version-history":[{"count":1,"href":"https:\/\/www.tracea.ch\/de\/wp-json\/wp\/v2\/product\/46650\/revisions"}],"predecessor-version":[{"id":46651,"href":"https:\/\/www.tracea.ch\/de\/wp-json\/wp\/v2\/product\/46650\/revisions\/46651"}],"wp:featuredmedia":[{"embeddable":true,"href":"https:\/\/www.tracea.ch\/de\/wp-json\/wp\/v2\/media\/23839"}],"wp:attachment":[{"href":"https:\/\/www.tracea.ch\/de\/wp-json\/wp\/v2\/media?parent=46650"}],"wp:term":[{"taxonomy":"product_brand","embeddable":true,"href":"https:\/\/www.tracea.ch\/de\/wp-json\/wp\/v2\/product_brand?post=46650"},{"taxonomy":"product_cat","embeddable":true,"href":"https:\/\/www.tracea.ch\/de\/wp-json\/wp\/v2\/product_cat?post=46650"},{"taxonomy":"product_tag","embeddable":true,"href":"https:\/\/www.tracea.ch\/de\/wp-json\/wp\/v2\/product_tag?post=46650"}],"curies":[{"name":"wp","href":"https:\/\/api.w.org\/{rel}","templated":true}]}}