{"id":46744,"date":"2026-07-08T12:55:24","date_gmt":"2026-07-08T12:55:24","guid":{"rendered":"https:\/\/www.tracea.ch\/boutique\/non%20class\u00e9\/mens-elope-jacket-ii\/"},"modified":"2026-07-08T12:56:22","modified_gmt":"2026-07-08T12:56:22","slug":"mens-elope-jacket-ii","status":"publish","type":"product","link":"https:\/\/www.tracea.ch\/de\/boutique\/mens-elope-jacket-ii\/","title":{"rendered":"Men&rsquo;s Elope Jacket II"},"content":{"rendered":"<p>Dans les montagnes ou au quotidien, la veste outdoor Elope robuste pour homme est un \u00e9quipement efficace par tous les temps. La veste imperm\u00e9able bicouche prot\u00e8ge efficacement contre la pluie et se montre intraitable avec le vent. La capuche r\u00e9glable, le cordon de serrage \u00e0 la taille et les poignets ajustables font de la veste outdoor une tenue encore plus r\u00e9sistante aux intemp\u00e9ries. Sa membrane respirante \u00e9vacue l&rsquo;humidit\u00e9 provoqu\u00e9e par les activit\u00e9s intens\u00e9ment physiques, ce qui contribue \u00e0 un confort au porter agr\u00e9able. Si la chaleur se fait malgr\u00e9 tout sentir, la ventilation sous les aisselles et le zip avant bidirectionnel offrent des options d&rsquo;a\u00e9ration suppl\u00e9mentaires. Vous pouvez transporter en toute s\u00e9curit\u00e9 des affaires importantes dans les deux poches lat\u00e9rales et dans la poche poitrine zipp\u00e9e pour toujours les avoir \u00e0 port\u00e9e de main. La poche int\u00e9rieure offre une fonctionnalit\u00e9 pratique de plus\u00a0: on peut y comprimer la veste pour lui trouver une petite place dans chaque sac \u00e0 dos et chaque valise. La veste outdoor Elope pour homme est compos\u00e9e \u00e0 100\u00a0% en mat\u00e9riaux recycl\u00e9s et appr\u00eat\u00e9e avec la finition d\u00e9perlante et antisalissures sans PFC Eco Finish. Le label Green Shape de VAUDE garantit un produit \u00e9cologique, fonctionnel et fabriqu\u00e9 dans des mat\u00e9riaux durables certifi\u00e9s bluesign\u00ae.<\/p>\n<p><em>mati\u00e8re double \u00e9paisseur, capuche mont\u00e9e et r\u00e9glable en largeur, fermeture \u00e9clair double sens \u00e9tanche sur le devant, 1 poche poitrine avec zipp\u00e9e, 2 poches frontales dissimul\u00e9es avec zip invers\u00e9, cordon \u00e0 la ceinture r\u00e9glable par les poches, ventilation sous le bras gr\u00e2ce \u00e0 une fermeture \u00e9clair \u00e9tanche, manches pr\u00e9form\u00e9es, poignets r\u00e9glables en largeur gr\u00e2ce \u00e0 un velcro, 1 poche int\u00e9rieure pour ranger la veste, doublure en deux parties, partie sup\u00e9rieure en filet, partie inf\u00e9rieure, manches et capuche en taffetas<\/em><\/p>","protected":false},"excerpt":{"rendered":"<p>Veste outdoor homme richement \u00e9quip\u00e9e contre le vent et les intemp\u00e9ries #imperm\u00e9able et respirante #compressible dans sa poche int\u00e9rieure #fabrication presque compl\u00e8te en mat\u00e9riau recycl\u00e9<\/p>","protected":false},"featured_media":24167,"comment_status":"closed","ping_status":"open","template":"","meta":[],"product_brand":[375],"product_cat":[213,709,216],"product_tag":[365,368,422,421],"class_list":["post-46744","product","type-product","status-publish","has-post-thumbnail","product_brand-vaude","product_cat-boutique","product_cat-veste","product_cat-vetements","product_tag-boutique","product_tag-vente","product_tag-vente-vetement","product_tag-vetement","pa_couleur-agave","pa_couleur-baltic-sea","pa_couleur-black-uni","pa_couleur-dark-leaf","pa_taille-l","pa_taille-m","pa_taille-s","pa_taille-xl","pa_taille-xxl","pa_taille-xxxl","first","instock","purchasable","product-type-variable"],"_links":{"self":[{"href":"https:\/\/www.tracea.ch\/de\/wp-json\/wp\/v2\/product\/46744","targetHints":{"allow":["GET"]}}],"collection":[{"href":"https:\/\/www.tracea.ch\/de\/wp-json\/wp\/v2\/product"}],"about":[{"href":"https:\/\/www.tracea.ch\/de\/wp-json\/wp\/v2\/types\/product"}],"replies":[{"embeddable":true,"href":"https:\/\/www.tracea.ch\/de\/wp-json\/wp\/v2\/comments?post=46744"}],"version-history":[{"count":1,"href":"https:\/\/www.tracea.ch\/de\/wp-json\/wp\/v2\/product\/46744\/revisions"}],"predecessor-version":[{"id":46745,"href":"https:\/\/www.tracea.ch\/de\/wp-json\/wp\/v2\/product\/46744\/revisions\/46745"}],"wp:featuredmedia":[{"embeddable":true,"href":"https:\/\/www.tracea.ch\/de\/wp-json\/wp\/v2\/media\/24167"}],"wp:attachment":[{"href":"https:\/\/www.tracea.ch\/de\/wp-json\/wp\/v2\/media?parent=46744"}],"wp:term":[{"taxonomy":"product_brand","embeddable":true,"href":"https:\/\/www.tracea.ch\/de\/wp-json\/wp\/v2\/product_brand?post=46744"},{"taxonomy":"product_cat","embeddable":true,"href":"https:\/\/www.tracea.ch\/de\/wp-json\/wp\/v2\/product_cat?post=46744"},{"taxonomy":"product_tag","embeddable":true,"href":"https:\/\/www.tracea.ch\/de\/wp-json\/wp\/v2\/product_tag?post=46744"}],"curies":[{"name":"wp","href":"https:\/\/api.w.org\/{rel}","templated":true}]}}