{"id":46800,"date":"2026-07-08T12:56:22","date_gmt":"2026-07-08T12:56:22","guid":{"rendered":"https:\/\/www.tracea.ch\/boutique\/non%20class\u00e9\/mens-mineo-25l-jacket\/"},"modified":"2026-07-08T12:57:05","modified_gmt":"2026-07-08T12:57:05","slug":"herrenjacke-mineo-25l","status":"publish","type":"product","link":"https:\/\/www.tracea.ch\/de\/boutique\/mens-mineo-25l-jacket\/","title":{"rendered":"Herrenjacke \u201eMineo 2,5L\u201c"},"content":{"rendered":"<p>Urban-Kapuzenjacke f\u00fcr alle Gelegenheiten: Die 2,5-Lagen-Herrenjacke \u201eMineo\u201c ist dank ihrer Membran zuverl\u00e4ssig wasserdicht, winddicht und hoch atmungsaktiv. Das sehr leichte und strapazierf\u00e4hige Ripstop-Material wird aus recycelten PET-Flaschen gewonnen. Diese pflegeleichte, leichte 2,5-Lagen-Herrenjacke ist knitterfrei und l\u00e4sst sich in ihrer eigenen Tasche komprimieren, sodass sie in jeden Tagesrucksack passt. Sie ist perfekt auf die Bed\u00fcrfnisse von Studenten, Pendlern und allen, die den ganzen Tag unterwegs sind, zugeschnitten. Zus\u00e4tzliche Bel\u00fcftungs\u00f6ffnungen im Brust- und R\u00fcckenbereich sorgen bei jedem Wetter f\u00fcr einen angenehmen W\u00e4rmeausgleich. Die vielseitige Mineo-Jacke verf\u00fcgt \u00fcber einen Kordelzug auf der rechten Seite, der sich mit einer Hand verstellen l\u00e4sst, sowie \u00fcber zwei Brusttaschen, einer Kapuze mit Einhandverstellung, einer au\u00dfenliegenden Aufh\u00e4ngeschlaufe, einem wasserabweisenden Rei\u00dfverschluss und verstellbaren \u00c4rmelb\u00fcndchen. Sie ist umweltfreundlich mit der fluorcarbonfreien (PFC-freien) wasserabweisenden Eco-Finish-Ausr\u00fcstung behandelt. Das VAUDE-Label \u201eGreen Shape\u201c garantiert ein umweltfreundliches, funktionales Produkt aus nachhaltigen, bluesign\u00ae-zertifizierten Materialien.<\/p>\n<p><em>2,5-lagiges Material, eingen\u00e4hte, in der Weite verstellbare Kapuze, wasserabweisender Rei\u00dfverschluss vorne, 2 Brusttaschen mit Patten, 2 Vordertaschen mit umgekehrtem Rei\u00dfverschluss, 1 Aufbewahrungstasche vorne, Kordelzug am Bund mit Einhand-Verstellsystem, Bel\u00fcftung im R\u00fcckenbereich, teilweise elastische \u00c4rmelb\u00fcndchen, in der Weite per Klettverschluss verstellbare \u00c4rmelb\u00fcndchen<\/em><\/p>","protected":false},"excerpt":{"rendered":"<p>Sehr leichte 2,5-Lagen-Jacke f\u00fcr Herren f\u00fcr den urbanen Alltag # \u2013 wasser- und winddicht sowie hoch atmungsaktiv # \u2013 l\u00e4sst sich in der eigenen Tasche komprimieren # \u2013 umweltfreundliche Herstellung aus recycelten PET-Flaschen<\/p>","protected":false},"featured_media":24332,"comment_status":"closed","ping_status":"open","template":"","meta":[],"product_brand":[375],"product_cat":[213,709,216],"product_tag":[365,368,422,421],"class_list":["post-46800","product","type-product","status-publish","has-post-thumbnail","product_brand-vaude","product_cat-boutique","product_cat-veste","product_cat-vetements","product_tag-boutique","product_tag-vente","product_tag-vente-vetement","product_tag-vetement","pa_couleur-black-uni","pa_couleur-khaki","pa_couleur-radiate-blue","pa_taille-l","pa_taille-m","pa_taille-s","pa_taille-xl","pa_taille-xxl","first","instock","purchasable","product-type-variable"],"_links":{"self":[{"href":"https:\/\/www.tracea.ch\/de\/wp-json\/wp\/v2\/product\/46800","targetHints":{"allow":["GET"]}}],"collection":[{"href":"https:\/\/www.tracea.ch\/de\/wp-json\/wp\/v2\/product"}],"about":[{"href":"https:\/\/www.tracea.ch\/de\/wp-json\/wp\/v2\/types\/product"}],"replies":[{"embeddable":true,"href":"https:\/\/www.tracea.ch\/de\/wp-json\/wp\/v2\/comments?post=46800"}],"version-history":[{"count":1,"href":"https:\/\/www.tracea.ch\/de\/wp-json\/wp\/v2\/product\/46800\/revisions"}],"predecessor-version":[{"id":46801,"href":"https:\/\/www.tracea.ch\/de\/wp-json\/wp\/v2\/product\/46800\/revisions\/46801"}],"wp:featuredmedia":[{"embeddable":true,"href":"https:\/\/www.tracea.ch\/de\/wp-json\/wp\/v2\/media\/24332"}],"wp:attachment":[{"href":"https:\/\/www.tracea.ch\/de\/wp-json\/wp\/v2\/media?parent=46800"}],"wp:term":[{"taxonomy":"product_brand","embeddable":true,"href":"https:\/\/www.tracea.ch\/de\/wp-json\/wp\/v2\/product_brand?post=46800"},{"taxonomy":"product_cat","embeddable":true,"href":"https:\/\/www.tracea.ch\/de\/wp-json\/wp\/v2\/product_cat?post=46800"},{"taxonomy":"product_tag","embeddable":true,"href":"https:\/\/www.tracea.ch\/de\/wp-json\/wp\/v2\/product_tag?post=46800"}],"curies":[{"name":"wp","href":"https:\/\/api.w.org\/{rel}","templated":true}]}}