{"id":46868,"date":"2026-07-08T12:58:07","date_gmt":"2026-07-08T12:58:07","guid":{"rendered":"https:\/\/www.tracea.ch\/boutique\/non%20class\u00e9\/mens-brenva-jacket-ii\/"},"modified":"2026-07-08T12:59:25","modified_gmt":"2026-07-08T12:59:25","slug":"mens-brenva-jacket-ii","status":"publish","type":"product","link":"https:\/\/www.tracea.ch\/de\/boutique\/mens-brenva-jacket-ii\/","title":{"rendered":"Men&rsquo;s Brenva Jacket II"},"content":{"rendered":"<p>La veste parfaite pour le sport de montagne \u00e0 la mi-saison. \u00c0 l&rsquo;avant, la veste isolante hybride homme est dot\u00e9e du rembourrage PrimaLoft\u00ae, tandis que le dos est pourvu d&rsquo;une mati\u00e8re perm\u00e9able \u00e0 l&rsquo;air, respirante et \u00e9lastique. La mati\u00e8re sup\u00e9rieure de la veste est coupe-vent et d\u00e9perlante. Sa dimension compacte est \u00e9galement tr\u00e8s pratique, car la veste isolante hybride homme peut se comprimer dans sa propre poche et se faire toute petite dans le sac \u00e0 dos. On peut transporter sans difficult\u00e9 des snacks, un smartphone ou des cl\u00e9s dans la poche poitrine et dans les deux poches lat\u00e9rales spacieuses. Le label Green Shape de VAUDE garantit un produit \u00e9cologique, fonctionnel et fabriqu\u00e9 dans des mat\u00e9riaux durables certifi\u00e9s bluesign\u00ae.<\/p>\n<p><em>coupe sport \u00e9troite, , capuche mont\u00e9e, zip invers\u00e9 avec rabat int\u00e9rieur sur le devant, 1 poche poitrine avec zipp\u00e9e, 2 poches frontales avec zip invers\u00e9, 1 poche \u00e0 l\u2019avant pour ranger, manches pr\u00e9form\u00e9es<\/em><\/p>","protected":false},"excerpt":{"rendered":"<p>Veste isolante hybride homme tr\u00e8s l\u00e9g\u00e8re pour le sport de montagne #\u00e9lastique, d\u00e9perlante, agr\u00e9ablement chaude #tr\u00e8s compacte #fabrication principale en mat\u00e9riaux recycl\u00e9s<\/p>","protected":false},"featured_media":24384,"comment_status":"closed","ping_status":"open","template":"","meta":[],"product_brand":[375],"product_cat":[213,709,216],"product_tag":[365,368,422,421],"class_list":["post-46868","product","type-product","status-publish","has-post-thumbnail","product_brand-vaude","product_cat-boutique","product_cat-veste","product_cat-vetements","product_tag-boutique","product_tag-vente","product_tag-vente-vetement","product_tag-vetement","pa_couleur-agave","pa_couleur-black","pa_couleur-dark-leaf","pa_couleur-kumquat","pa_couleur-pigeon-grey","pa_couleur-radiate-blue","pa_taille-l","pa_taille-m","pa_taille-s","pa_taille-xl","pa_taille-xxl","first","instock","purchasable","product-type-variable"],"_links":{"self":[{"href":"https:\/\/www.tracea.ch\/de\/wp-json\/wp\/v2\/product\/46868","targetHints":{"allow":["GET"]}}],"collection":[{"href":"https:\/\/www.tracea.ch\/de\/wp-json\/wp\/v2\/product"}],"about":[{"href":"https:\/\/www.tracea.ch\/de\/wp-json\/wp\/v2\/types\/product"}],"replies":[{"embeddable":true,"href":"https:\/\/www.tracea.ch\/de\/wp-json\/wp\/v2\/comments?post=46868"}],"version-history":[{"count":1,"href":"https:\/\/www.tracea.ch\/de\/wp-json\/wp\/v2\/product\/46868\/revisions"}],"predecessor-version":[{"id":46869,"href":"https:\/\/www.tracea.ch\/de\/wp-json\/wp\/v2\/product\/46868\/revisions\/46869"}],"wp:featuredmedia":[{"embeddable":true,"href":"https:\/\/www.tracea.ch\/de\/wp-json\/wp\/v2\/media\/24384"}],"wp:attachment":[{"href":"https:\/\/www.tracea.ch\/de\/wp-json\/wp\/v2\/media?parent=46868"}],"wp:term":[{"taxonomy":"product_brand","embeddable":true,"href":"https:\/\/www.tracea.ch\/de\/wp-json\/wp\/v2\/product_brand?post=46868"},{"taxonomy":"product_cat","embeddable":true,"href":"https:\/\/www.tracea.ch\/de\/wp-json\/wp\/v2\/product_cat?post=46868"},{"taxonomy":"product_tag","embeddable":true,"href":"https:\/\/www.tracea.ch\/de\/wp-json\/wp\/v2\/product_tag?post=46868"}],"curies":[{"name":"wp","href":"https:\/\/api.w.org\/{rel}","templated":true}]}}