{"id":47133,"date":"2026-07-08T13:05:50","date_gmt":"2026-07-08T13:05:50","guid":{"rendered":"https:\/\/www.tracea.ch\/boutique\/non%20class\u00e9\/mens-posta-softshell-jacket-vii\/"},"modified":"2026-07-08T13:06:47","modified_gmt":"2026-07-08T13:06:47","slug":"mens-posta-softshell-jacket-vii","status":"publish","type":"product","link":"https:\/\/www.tracea.ch\/de\/boutique\/mens-posta-softshell-jacket-vii\/","title":{"rendered":"Men&rsquo;s Posta Softshell Jacket VII"},"content":{"rendered":"<p>La veste cycliste softshell Posta pour homme est 100\u00a0% \u00e9tanche au vent, ultra-\u00e9lastique et offre une excellente protection contre le froid. La coupe pr\u00e8s du corps sp\u00e9cialement adapt\u00e9e \u00e0 une position sportive sur v\u00e9lo de course ou de gravel, les manches pr\u00e9form\u00e9es, deux poches zipp\u00e9es sur le dos, une poche poitrine zipp\u00e9e et les zips sous les aisselles pour une r\u00e9gulation thermique optimale se traduisent au final par une performance imbattable. La coupe est allong\u00e9e dans le dos qui est muni d\u2019un empi\u00e8cement silicon\u00e9 afin de maintenir la veste cycliste softshell homme bien en position. Des \u00e9l\u00e9ments r\u00e9fl\u00e9chissants viennent compl\u00e9ter l\u2019ensemble des prestations. La coupe du col parait plus ample et permet ainsi d\u2019enfiler une \u00e9charpe tube thermique lors des basses temp\u00e9ratures. La veste softshell homme est dot\u00e9e de la finition d\u00e9perlante et antisalissures Eco Finish sans PFC. Le label Green Shape de VAUDE garantit un produit \u00e9cologique, fonctionnel et fabriqu\u00e9 dans des mat\u00e9riaux durables.<\/p>\n<p><em>doublure en fleece doux, col montant, zip frontal avec fold over, 1 poche poitrine avec zipp\u00e9e, 2 poches dorsales avec zips, ventilation avec zip sous les bras, coupe rallong\u00e9e dans le dos, poignets et ceinture \u00e9lastiques, ourlet dans la partie dorsale avec bande silicon\u00e9e, \u00e9l\u00e9ments r\u00e9flecteurs dans la partie dorsale<\/em><\/p>","protected":false},"excerpt":{"rendered":"<p>Veste softshell homme pour le sport cycliste #\u00e9tanche au vent, d\u00e9perlante et respirante \u00e0 la fois #zips sous les bras pour une ventilation optimale #mati\u00e8re principale fabriqu\u00e9e en polyester recycl\u00e9<\/p>","protected":false},"featured_media":24649,"comment_status":"closed","ping_status":"open","template":"","meta":[],"product_brand":[375],"product_cat":[213,709,216],"product_tag":[365,368,422,421],"class_list":["post-47133","product","type-product","status-publish","has-post-thumbnail","product_brand-vaude","product_cat-boutique","product_cat-veste","product_cat-vetements","product_tag-boutique","product_tag-vente","product_tag-vente-vetement","product_tag-vetement","pa_couleur-deep-pond","pa_couleur-glowing-red","pa_couleur-neon-yellow","pa_couleur-savanna","pa_taille-l","pa_taille-m","pa_taille-s","pa_taille-xl","pa_taille-xxl","pa_taille-xxxl","first","instock","purchasable","product-type-variable"],"_links":{"self":[{"href":"https:\/\/www.tracea.ch\/de\/wp-json\/wp\/v2\/product\/47133","targetHints":{"allow":["GET"]}}],"collection":[{"href":"https:\/\/www.tracea.ch\/de\/wp-json\/wp\/v2\/product"}],"about":[{"href":"https:\/\/www.tracea.ch\/de\/wp-json\/wp\/v2\/types\/product"}],"replies":[{"embeddable":true,"href":"https:\/\/www.tracea.ch\/de\/wp-json\/wp\/v2\/comments?post=47133"}],"version-history":[{"count":1,"href":"https:\/\/www.tracea.ch\/de\/wp-json\/wp\/v2\/product\/47133\/revisions"}],"predecessor-version":[{"id":47134,"href":"https:\/\/www.tracea.ch\/de\/wp-json\/wp\/v2\/product\/47133\/revisions\/47134"}],"wp:featuredmedia":[{"embeddable":true,"href":"https:\/\/www.tracea.ch\/de\/wp-json\/wp\/v2\/media\/24649"}],"wp:attachment":[{"href":"https:\/\/www.tracea.ch\/de\/wp-json\/wp\/v2\/media?parent=47133"}],"wp:term":[{"taxonomy":"product_brand","embeddable":true,"href":"https:\/\/www.tracea.ch\/de\/wp-json\/wp\/v2\/product_brand?post=47133"},{"taxonomy":"product_cat","embeddable":true,"href":"https:\/\/www.tracea.ch\/de\/wp-json\/wp\/v2\/product_cat?post=47133"},{"taxonomy":"product_tag","embeddable":true,"href":"https:\/\/www.tracea.ch\/de\/wp-json\/wp\/v2\/product_tag?post=47133"}],"curies":[{"name":"wp","href":"https:\/\/api.w.org\/{rel}","templated":true}]}}