{"id":47234,"date":"2026-07-08T13:08:50","date_gmt":"2026-07-08T13:08:50","guid":{"rendered":"https:\/\/www.tracea.ch\/boutique\/non%20class\u00e9\/mens-escape-bike-warm-jacket\/"},"modified":"2026-07-08T13:10:09","modified_gmt":"2026-07-08T13:10:09","slug":"mens-escape-bike-warm-jacket","status":"publish","type":"product","link":"https:\/\/www.tracea.ch\/de\/boutique\/mens-escape-bike-warm-jacket\/","title":{"rendered":"Men&rsquo;s Escape Bike Warm Jacket"},"content":{"rendered":"<p>Une seule solution contre l&rsquo;humidit\u00e9 et le froid\u00a0: rester au sec et au chaud. Nous avons ainsi muni notre veste de pluie de cyclisme pour homme d&rsquo;une isolation en fibres synth\u00e9tiques insensible \u00e0 l&rsquo;humidit\u00e9. En combinaison avec la membrane Ceplex-Active imperm\u00e9able, \u00e9tanche au vent et respirante, cette veste de pluie de cyclisme chauffante pour homme est la tenue id\u00e9ale \u00e0 la saison froide de l&rsquo;ann\u00e9e. Par temps sec, la capuche ajustable peut \u00eatre enroul\u00e9e et rang\u00e9e dans le col, pour ne pas flotter de mani\u00e8re d\u00e9sagr\u00e9able dans le vent. Quand il est question du vent\u00a0: les poignets et la ceinture peuvent \u00eatre ajust\u00e9s \u00e0 l&rsquo;aide de velcro ou d&rsquo;un cordon de serrage. Les deux poches avant peuvent abriter tout le n\u00e9cessaire en chemin. Avec \u00e9l\u00e9ments r\u00e9fl\u00e9chissants d\u00e9coratifs. Le label Green Shape de VAUDE garantit un produit \u00e9cologique, fonctionnel et fabriqu\u00e9 dans des mat\u00e9riaux durables. En tant que membre Leader de l&rsquo;organisme ind\u00e9pendant Fair Wear, VAUDE s&rsquo;engage en faveur de conditions de travail et de salaires \u00e9quitables.<\/p>\n<p><em>Veste double \u00e9paisseur, ouat\u00e9, 2 poches frontales avec fermeture \u00e9clair, 2 zip double-sens avec double rabat, avec zip facilement r\u00e9parable, poignets r\u00e9glables, ceinture avec cordon, capuche mont\u00e9e et rangeable dans le col, \u00e9l\u00e9ments r\u00e9fl\u00e9chissants<\/em><\/p>","protected":false},"excerpt":{"rendered":"<p>Veste de pluie cycliste chauffante pour homme #imperm\u00e9able, \u00e9tanche au vent et respirante #isolation par matelassage synth\u00e9tique insensible \u00e0 l&rsquo;humidit\u00e9 #isolation en polyester recycl\u00e9 \u00e0 90&nbsp;%<\/p>","protected":false},"featured_media":24734,"comment_status":"closed","ping_status":"open","template":"","meta":[],"product_brand":[375],"product_cat":[213,709,216],"product_tag":[365,368,422,421],"class_list":["post-47234","product","type-product","status-publish","has-post-thumbnail","product_brand-vaude","product_cat-boutique","product_cat-veste","product_cat-vetements","product_tag-boutique","product_tag-vente","product_tag-vente-vetement","product_tag-vetement","pa_couleur-black","pa_couleur-bright-green","pa_couleur-glowing-red","pa_couleur-heron","pa_couleur-savanna","pa_taille-l","pa_taille-m","pa_taille-s","pa_taille-xl","pa_taille-xxl","pa_taille-xxxl","first","instock","purchasable","product-type-variable"],"_links":{"self":[{"href":"https:\/\/www.tracea.ch\/de\/wp-json\/wp\/v2\/product\/47234","targetHints":{"allow":["GET"]}}],"collection":[{"href":"https:\/\/www.tracea.ch\/de\/wp-json\/wp\/v2\/product"}],"about":[{"href":"https:\/\/www.tracea.ch\/de\/wp-json\/wp\/v2\/types\/product"}],"replies":[{"embeddable":true,"href":"https:\/\/www.tracea.ch\/de\/wp-json\/wp\/v2\/comments?post=47234"}],"version-history":[{"count":1,"href":"https:\/\/www.tracea.ch\/de\/wp-json\/wp\/v2\/product\/47234\/revisions"}],"predecessor-version":[{"id":47235,"href":"https:\/\/www.tracea.ch\/de\/wp-json\/wp\/v2\/product\/47234\/revisions\/47235"}],"wp:featuredmedia":[{"embeddable":true,"href":"https:\/\/www.tracea.ch\/de\/wp-json\/wp\/v2\/media\/24734"}],"wp:attachment":[{"href":"https:\/\/www.tracea.ch\/de\/wp-json\/wp\/v2\/media?parent=47234"}],"wp:term":[{"taxonomy":"product_brand","embeddable":true,"href":"https:\/\/www.tracea.ch\/de\/wp-json\/wp\/v2\/product_brand?post=47234"},{"taxonomy":"product_cat","embeddable":true,"href":"https:\/\/www.tracea.ch\/de\/wp-json\/wp\/v2\/product_cat?post=47234"},{"taxonomy":"product_tag","embeddable":true,"href":"https:\/\/www.tracea.ch\/de\/wp-json\/wp\/v2\/product_tag?post=47234"}],"curies":[{"name":"wp","href":"https:\/\/api.w.org\/{rel}","templated":true}]}}