{"id":47429,"date":"2026-07-08T13:15:05","date_gmt":"2026-07-08T13:15:05","guid":{"rendered":"https:\/\/www.tracea.ch\/boutique\/non%20class\u00e9\/mens-cyclone-hooded-jacket\/"},"modified":"2026-07-08T13:15:55","modified_gmt":"2026-07-08T13:15:55","slug":"mens-cyclone-hooded-jacket","status":"publish","type":"product","link":"https:\/\/www.tracea.ch\/de\/boutique\/mens-cyclone-hooded-jacket\/","title":{"rendered":"Men&rsquo;s Cyclone Hooded Jacket"},"content":{"rendered":"<p>La veste softshell Cyclone pour homme est un vrai multitalent pour l&rsquo;automne et l&rsquo;hiver. Vous serez toujours parfaitement bien \u00e9quip\u00e9, au quotidien par temps humide et de temp\u00eate en automne ou en ascension sur des vir\u00e9es physiques en raquettes. La veste softshell homme est \u00e9tanche au vent et d\u00e9perlante. La mati\u00e8re est \u00e9lastique et respirante \u00e0 la fois, ce qui am\u00e9liore le confort au porter. La capuche prot\u00e8ge les oreilles, la t\u00eate et le cou du vent et des intemp\u00e9ries. La ceinture et les manches sont r\u00e9glables en largeur et peuvent ainsi \u00eatre ajust\u00e9es individuellement. En mati\u00e8re de poches, la veste softshell homme ne manque de rien\u00a0: une poche poitrine et deux poches avant peuvent abriter un porte-monnaie, des cl\u00e9s, un smartphone ou d&rsquo;autres petites affaires. La veste softshell Cyclone est dot\u00e9e de la finition d\u00e9perlante et antisalissures Eco Finish sans PFC. Le label Green Shape de VAUDE garantit un produit \u00e9cologique, fonctionnel et fabriqu\u00e9 dans des mat\u00e9riaux durables certifi\u00e9s bluesign\u00ae.<\/p>\n<p><em>capuche mont\u00e9e, zip frontal avec fold over, 1 poche poitrine, 2 poches sur le devant, ourlet r\u00e9glable en largeur, poignets r\u00e9glables<\/em><\/p>","protected":false},"excerpt":{"rendered":"<p>Veste softshell homme \u00e9tanche au vent pour la mi-saison #d\u00e9perlante et respirante #douce et chaude #mati\u00e8re principale essentiellement fabriqu\u00e9e en polyester recycl\u00e9<\/p>","protected":false},"featured_media":24879,"comment_status":"closed","ping_status":"open","template":"","meta":[],"product_brand":[375],"product_cat":[213,709,216],"product_tag":[365,368,422,421],"class_list":["post-47429","product","type-product","status-publish","has-post-thumbnail","product_brand-vaude","product_cat-boutique","product_cat-veste","product_cat-vetements","product_tag-boutique","product_tag-vente","product_tag-vente-vetement","product_tag-vetement","pa_couleur-baltic-sea","pa_couleur-black","pa_couleur-black-khaki","pa_taille-l","pa_taille-m","pa_taille-s","pa_taille-xl","pa_taille-xxl","pa_taille-xxxl","first","instock","purchasable","product-type-variable"],"_links":{"self":[{"href":"https:\/\/www.tracea.ch\/de\/wp-json\/wp\/v2\/product\/47429","targetHints":{"allow":["GET"]}}],"collection":[{"href":"https:\/\/www.tracea.ch\/de\/wp-json\/wp\/v2\/product"}],"about":[{"href":"https:\/\/www.tracea.ch\/de\/wp-json\/wp\/v2\/types\/product"}],"replies":[{"embeddable":true,"href":"https:\/\/www.tracea.ch\/de\/wp-json\/wp\/v2\/comments?post=47429"}],"version-history":[{"count":1,"href":"https:\/\/www.tracea.ch\/de\/wp-json\/wp\/v2\/product\/47429\/revisions"}],"predecessor-version":[{"id":47430,"href":"https:\/\/www.tracea.ch\/de\/wp-json\/wp\/v2\/product\/47429\/revisions\/47430"}],"wp:featuredmedia":[{"embeddable":true,"href":"https:\/\/www.tracea.ch\/de\/wp-json\/wp\/v2\/media\/24879"}],"wp:attachment":[{"href":"https:\/\/www.tracea.ch\/de\/wp-json\/wp\/v2\/media?parent=47429"}],"wp:term":[{"taxonomy":"product_brand","embeddable":true,"href":"https:\/\/www.tracea.ch\/de\/wp-json\/wp\/v2\/product_brand?post=47429"},{"taxonomy":"product_cat","embeddable":true,"href":"https:\/\/www.tracea.ch\/de\/wp-json\/wp\/v2\/product_cat?post=47429"},{"taxonomy":"product_tag","embeddable":true,"href":"https:\/\/www.tracea.ch\/de\/wp-json\/wp\/v2\/product_tag?post=47429"}],"curies":[{"name":"wp","href":"https:\/\/api.w.org\/{rel}","templated":true}]}}