{"id":47477,"date":"2026-07-08T13:16:38","date_gmt":"2026-07-08T13:16:38","guid":{"rendered":"https:\/\/www.tracea.ch\/boutique\/non%20class\u00e9\/womens-mineo-coat-iv\/"},"modified":"2026-07-08T13:17:09","modified_gmt":"2026-07-08T13:17:09","slug":"womens-mineo-coat-iv","status":"publish","type":"product","link":"https:\/\/www.tracea.ch\/de\/boutique\/womens-mineo-coat-iv\/","title":{"rendered":"Women&rsquo;s Mineo Coat IV"},"content":{"rendered":"<p>Ce manteau d&rsquo;hiver pour femme imperm\u00e9able et respirant est un produit phare de la s\u00e9rie Mineo. Sa confection haut de gamme avec de nombreux d\u00e9tails ing\u00e9nieux et son design \u00e9pur\u00e9 font de ce multitalent une tenue \u00e0 porter pendant de longues ann\u00e9es. La mati\u00e8re isolante ultra fonctionnelle et l\u00e9g\u00e8re \u00e0 la fois du manteau d&rsquo;hiver femme est un \u00ab\u00a0duvet v\u00e9gane\u00a0\u00bb, qui emprisonne l&rsquo;air chaud dans des boulettes de fibres gonflantes, l\u00e9g\u00e8res et \u00e9lastiques. Cette technologie d&rsquo;isolation respectueuse de l&rsquo;environnement et du bien-\u00eatre animal est l\u00e9g\u00e8re, chaude et convient ainsi aussi pour les temp\u00e9ratures n\u00e9gatives. La doublure interne douce en velours et mati\u00e8re laine assurent un compl\u00e9ment de chaleur. Le zip frontal imperm\u00e9able et la capuche avec bord rabattu permettent de braver des averses. Deux fentes zipp\u00e9es lat\u00e9rales avec des \u00e9l\u00e9ments r\u00e9fl\u00e9chissants sont int\u00e9gr\u00e9es pour les navetteurs afin de ne pas entraver les jambes sur la p\u00e9dale. Une poche int\u00e9rieure permet de ranger de l&rsquo;argent et un mobile, et deux poches en biais zipp\u00e9es compl\u00e8tent les prestations de ce manteau d&rsquo;hiver femme polyvalent et urbain. Ce manteau est appr\u00eat\u00e9 avec la finition \u00e9cologique Eco Finish, d\u00e9perlante et antisalissures sans fluorocarbures (PFC). Le label Green Shape de VAUDE garantit un produit \u00e9cologique, fonctionnel et fabriqu\u00e9 dans des mat\u00e9riaux durables. En tant que membre Leader de l&rsquo;organisme ind\u00e9pendant Fair Wear, VAUDE s&rsquo;engage en faveur de conditions de travail et de salaires \u00e9quitables.<\/p>\n<p><em>mati\u00e8re double \u00e9paisseur, capuche mont\u00e9e et r\u00e9glable en largeur, zip frontal double-sens avec rabat, zip frontal \u00e9tanche, 2 poches frontales dissimul\u00e9es avec zip, manches pr\u00e9form\u00e9es, , fentes lat\u00e9rales dans la ceinture, 1poche int\u00e9rieure, \u00e9l\u00e9ments r\u00e9fl\u00e9chissants<\/em><\/p>","protected":false},"excerpt":{"rendered":"<p>Manteau d&rsquo;hiver imperm\u00e9able et urbain femme #chaud et \u00e9tanche au vent #respirant #mati\u00e8re principale et matelassage fabriqu\u00e9s en polyester 100&nbsp;% recycl\u00e9<\/p>","protected":false},"featured_media":24917,"comment_status":"closed","ping_status":"open","template":"","meta":[],"product_brand":[375],"product_cat":[213,709,216],"product_tag":[365,368,422,421],"class_list":["post-47477","product","type-product","status-publish","has-post-thumbnail","product_brand-vaude","product_cat-boutique","product_cat-veste","product_cat-vetements","product_tag-boutique","product_tag-vente","product_tag-vente-vetement","product_tag-vetement","pa_couleur-black","pa_couleur-deep-pond","pa_taille-436","pa_taille-437","pa_taille-438","pa_taille-439","pa_taille-440","pa_taille-441","first","instock","purchasable","product-type-variable"],"_links":{"self":[{"href":"https:\/\/www.tracea.ch\/de\/wp-json\/wp\/v2\/product\/47477","targetHints":{"allow":["GET"]}}],"collection":[{"href":"https:\/\/www.tracea.ch\/de\/wp-json\/wp\/v2\/product"}],"about":[{"href":"https:\/\/www.tracea.ch\/de\/wp-json\/wp\/v2\/types\/product"}],"replies":[{"embeddable":true,"href":"https:\/\/www.tracea.ch\/de\/wp-json\/wp\/v2\/comments?post=47477"}],"version-history":[{"count":1,"href":"https:\/\/www.tracea.ch\/de\/wp-json\/wp\/v2\/product\/47477\/revisions"}],"predecessor-version":[{"id":47478,"href":"https:\/\/www.tracea.ch\/de\/wp-json\/wp\/v2\/product\/47477\/revisions\/47478"}],"wp:featuredmedia":[{"embeddable":true,"href":"https:\/\/www.tracea.ch\/de\/wp-json\/wp\/v2\/media\/24917"}],"wp:attachment":[{"href":"https:\/\/www.tracea.ch\/de\/wp-json\/wp\/v2\/media?parent=47477"}],"wp:term":[{"taxonomy":"product_brand","embeddable":true,"href":"https:\/\/www.tracea.ch\/de\/wp-json\/wp\/v2\/product_brand?post=47477"},{"taxonomy":"product_cat","embeddable":true,"href":"https:\/\/www.tracea.ch\/de\/wp-json\/wp\/v2\/product_cat?post=47477"},{"taxonomy":"product_tag","embeddable":true,"href":"https:\/\/www.tracea.ch\/de\/wp-json\/wp\/v2\/product_tag?post=47477"}],"curies":[{"name":"wp","href":"https:\/\/api.w.org\/{rel}","templated":true}]}}