{"id":47495,"date":"2026-07-08T13:17:09","date_gmt":"2026-07-08T13:17:09","guid":{"rendered":"https:\/\/www.tracea.ch\/boutique\/non%20class\u00e9\/womens-coreway-parka\/"},"modified":"2026-07-08T13:17:54","modified_gmt":"2026-07-08T13:17:54","slug":"womens-coreway-parka","status":"publish","type":"product","link":"https:\/\/www.tracea.ch\/de\/boutique\/womens-coreway-parka\/","title":{"rendered":"Women&rsquo;s Coreway Parka"},"content":{"rendered":"<p>Parka hiver femme pour la fac, le bureau, le quotidien et les loisirs\u00a0: la parka Coreway imperm\u00e9able et respirante assure constamment une bonne r\u00e9gulation thermique \u00e0 la saison froide de l&rsquo;ann\u00e9e. Les ourlets r\u00e9glables \u00e0 la capuche et aux manches prot\u00e8gent du vent froid et tiennent le corps bien au chaud. Portable et mouchoirs sont en s\u00e9curit\u00e9 dans les poches en biais zipp\u00e9es, qui gardent les doigts au chaud. La poche int\u00e9rieure de la parka hiver femme abrite des cl\u00e9s ou un porte-monnaie. La capuche \u00e0 ouverture r\u00e9glable de la parka d&rsquo;hiver pour femme est munie d&rsquo;une doublure en laine douce et tient les oreilles bien au chaud m\u00eame en l&rsquo;absence d&rsquo;un bonnet. Le label Green Shape de VAUDE garantit un produit \u00e9cologique, fonctionnel et fabriqu\u00e9 dans des mat\u00e9riaux durables. En tant que membre Leader de l&rsquo;organisme ind\u00e9pendant Fair Wear, VAUDE s&rsquo;engage en faveur de conditions de travail et de salaires \u00e9quitables.<\/p>\n<p><em>mati\u00e8re double \u00e9paisseur, capuche mont\u00e9e et r\u00e9glable en largeur, fermeture \u00e9clair avec rabat int\u00e9rieur et ext\u00e9rieur sur le devant, zip \u00e0 double-sens sur le devant, 2 poches frontales avec fermeture \u00e9clair, 1 poche Napol\u00e9on<\/em><\/p>","protected":false},"excerpt":{"rendered":"<p>Parka d&rsquo;hiver urbaine pour femme #imperm\u00e9able, \u00e9tanche au vent et respirante #bordures c\u00f4tel\u00e9es #mati\u00e8re principale en polyester 100&nbsp;% recycl\u00e9<\/p>","protected":false},"featured_media":24921,"comment_status":"closed","ping_status":"open","template":"","meta":[],"product_brand":[375],"product_cat":[213,709,216],"product_tag":[365,368,422,421],"class_list":["post-47495","product","type-product","status-publish","has-post-thumbnail","product_brand-vaude","product_cat-boutique","product_cat-veste","product_cat-vetements","product_tag-boutique","product_tag-vente","product_tag-vente-vetement","product_tag-vetement","pa_couleur-agave","pa_couleur-black","pa_couleur-oat","pa_taille-436","pa_taille-437","pa_taille-438","pa_taille-439","pa_taille-440","pa_taille-441","first","instock","purchasable","product-type-variable"],"_links":{"self":[{"href":"https:\/\/www.tracea.ch\/de\/wp-json\/wp\/v2\/product\/47495","targetHints":{"allow":["GET"]}}],"collection":[{"href":"https:\/\/www.tracea.ch\/de\/wp-json\/wp\/v2\/product"}],"about":[{"href":"https:\/\/www.tracea.ch\/de\/wp-json\/wp\/v2\/types\/product"}],"replies":[{"embeddable":true,"href":"https:\/\/www.tracea.ch\/de\/wp-json\/wp\/v2\/comments?post=47495"}],"version-history":[{"count":1,"href":"https:\/\/www.tracea.ch\/de\/wp-json\/wp\/v2\/product\/47495\/revisions"}],"predecessor-version":[{"id":47496,"href":"https:\/\/www.tracea.ch\/de\/wp-json\/wp\/v2\/product\/47495\/revisions\/47496"}],"wp:featuredmedia":[{"embeddable":true,"href":"https:\/\/www.tracea.ch\/de\/wp-json\/wp\/v2\/media\/24921"}],"wp:attachment":[{"href":"https:\/\/www.tracea.ch\/de\/wp-json\/wp\/v2\/media?parent=47495"}],"wp:term":[{"taxonomy":"product_brand","embeddable":true,"href":"https:\/\/www.tracea.ch\/de\/wp-json\/wp\/v2\/product_brand?post=47495"},{"taxonomy":"product_cat","embeddable":true,"href":"https:\/\/www.tracea.ch\/de\/wp-json\/wp\/v2\/product_cat?post=47495"},{"taxonomy":"product_tag","embeddable":true,"href":"https:\/\/www.tracea.ch\/de\/wp-json\/wp\/v2\/product_tag?post=47495"}],"curies":[{"name":"wp","href":"https:\/\/api.w.org\/{rel}","templated":true}]}}