{"id":47520,"date":"2026-07-08T13:17:54","date_gmt":"2026-07-08T13:17:54","guid":{"rendered":"https:\/\/www.tracea.ch\/boutique\/non%20class\u00e9\/womens-coreway-insulation-jacket\/"},"modified":"2026-07-08T13:18:25","modified_gmt":"2026-07-08T13:18:25","slug":"womens-coreway-insulation-jacket","status":"publish","type":"product","link":"https:\/\/www.tracea.ch\/de\/boutique\/womens-coreway-insulation-jacket\/","title":{"rendered":"Women&rsquo;s Coreway Insulation Jacket"},"content":{"rendered":"<p>Le froid peut bien s&rsquo;imposer\u00a0: cette veste d&rsquo;hiver femme l\u00e9g\u00e8re et isolante thermique permet d&rsquo;affronter les temp\u00e9ratures glaciales en ville. L&rsquo;isolation PrimaLoft\u00ae Rise haut de gamme retient la chaleur corporelle. Les bordures c\u00f4tel\u00e9es longues et douces aux manches munies de passe-pouces, la taille dot\u00e9e d&rsquo;un cordon de serrage et la capuche r\u00e9glable de la veste d&rsquo;hiver femme avec sa belle doublure en laine repoussent efficacement le vent et le froid. Autre d\u00e9tail pratique\u00a0: la poche int\u00e9rieure est \u00e9galement accessible \u00e0 travers la veste ferm\u00e9e. Deux poches en biais zipp\u00e9es r\u00e9chauffent les doigts et permettent de conserver des cl\u00e9s et des mouchoirs en toute s\u00e9curit\u00e9. Si le zip frontal ne fonctionne plus correctement, il est tr\u00e8s ais\u00e9 de le remplacer de fa\u00e7on \u00e0 pouvoir profiter de nombreuses ann\u00e9es de la veste d&rsquo;hiver pour femme Coreway. Elle est de plus appr\u00eat\u00e9e avec la finition \u00e9cologique, d\u00e9perlante et antisalissures Eco Finish sans fluorocarbures (PFC) pour affronter sans probl\u00e8me une pluie fine. Le label Green Shape de VAUDE garantit un produit \u00e9cologique, fonctionnel et fabriqu\u00e9 dans des mat\u00e9riaux durables. En tant que membre Leader de l&rsquo;organisme ind\u00e9pendant Fair Wear, VAUDE s&rsquo;engage en faveur de conditions de travail et de salaires \u00e9quitables.<\/p>\n<p><em>ouat\u00e9, capuche mont\u00e9e et r\u00e9glable en largeur, fermeture \u00e9clair avec rabat int\u00e9rieur et ext\u00e9rieur sur le devant, avec zip facilement r\u00e9parable, 2 poches frontales avec fermeture \u00e9clair, bords c\u00f4tes \u00e0 l\u2019ourlet de manche, avec ouverture pour le pouce, cordon \u00e0 la ceinture r\u00e9glable par les poches<\/em><\/p>","protected":false},"excerpt":{"rendered":"<p>Veste d&rsquo;hiver tr\u00e8s chaude et urbaine pour femme #doublure en laine douce dans la capuche #poignets longs avec passe-pouces #mati\u00e8re principale et matelassage fabriqu\u00e9s en polyester recycl\u00e9<\/p>","protected":false},"featured_media":24927,"comment_status":"closed","ping_status":"open","template":"","meta":[],"product_brand":[375],"product_cat":[213,709,216],"product_tag":[365,368,422,421],"class_list":["post-47520","product","type-product","status-publish","has-post-thumbnail","product_brand-vaude","product_cat-boutique","product_cat-veste","product_cat-vetements","product_tag-boutique","product_tag-vente","product_tag-vente-vetement","product_tag-vetement","pa_couleur-black","pa_couleur-linen","pa_taille-436","pa_taille-437","pa_taille-438","pa_taille-439","pa_taille-440","pa_taille-441","first","instock","purchasable","product-type-variable"],"_links":{"self":[{"href":"https:\/\/www.tracea.ch\/de\/wp-json\/wp\/v2\/product\/47520","targetHints":{"allow":["GET"]}}],"collection":[{"href":"https:\/\/www.tracea.ch\/de\/wp-json\/wp\/v2\/product"}],"about":[{"href":"https:\/\/www.tracea.ch\/de\/wp-json\/wp\/v2\/types\/product"}],"replies":[{"embeddable":true,"href":"https:\/\/www.tracea.ch\/de\/wp-json\/wp\/v2\/comments?post=47520"}],"version-history":[{"count":1,"href":"https:\/\/www.tracea.ch\/de\/wp-json\/wp\/v2\/product\/47520\/revisions"}],"predecessor-version":[{"id":47521,"href":"https:\/\/www.tracea.ch\/de\/wp-json\/wp\/v2\/product\/47520\/revisions\/47521"}],"wp:featuredmedia":[{"embeddable":true,"href":"https:\/\/www.tracea.ch\/de\/wp-json\/wp\/v2\/media\/24927"}],"wp:attachment":[{"href":"https:\/\/www.tracea.ch\/de\/wp-json\/wp\/v2\/media?parent=47520"}],"wp:term":[{"taxonomy":"product_brand","embeddable":true,"href":"https:\/\/www.tracea.ch\/de\/wp-json\/wp\/v2\/product_brand?post=47520"},{"taxonomy":"product_cat","embeddable":true,"href":"https:\/\/www.tracea.ch\/de\/wp-json\/wp\/v2\/product_cat?post=47520"},{"taxonomy":"product_tag","embeddable":true,"href":"https:\/\/www.tracea.ch\/de\/wp-json\/wp\/v2\/product_tag?post=47520"}],"curies":[{"name":"wp","href":"https:\/\/api.w.org\/{rel}","templated":true}]}}