{"id":47579,"date":"2026-07-08T13:19:42","date_gmt":"2026-07-08T13:19:42","guid":{"rendered":"https:\/\/www.tracea.ch\/boutique\/non%20class\u00e9\/mens-manukau-fleece-jacket-iii\/"},"modified":"2026-07-08T13:20:22","modified_gmt":"2026-07-08T13:20:22","slug":"mens-manukau-fleece-jacket-iii","status":"publish","type":"product","link":"https:\/\/www.tracea.ch\/de\/boutique\/mens-manukau-fleece-jacket-iii\/","title":{"rendered":"Men&rsquo;s Manukau Fleece Jacket III"},"content":{"rendered":"<p>Parfaite pour la mi-saison\u00a0: la veste polaire homme chaude et douce d&rsquo;aspect Sherpa assure un compl\u00e9ment de chaleur lors des jours froids en automne. Les bordures c\u00f4tel\u00e9es douces aux manches et le cordon de serrage r\u00e9glable \u00e0 la ceinture emp\u00eachent la cr\u00e9ation de ponts thermiques d\u00e9sagr\u00e9ables. Deux poches poitrine et poches en biais conservent de la monnaie et des cl\u00e9s. La mati\u00e8re polaire douce de la veste polaire homme est facile d&rsquo;entretien et s\u00e8che rapidement. Le label Green Shape de VAUDE garantit un produit \u00e9cologique, fonctionnel et fabriqu\u00e9 dans des mat\u00e9riaux durables. En tant que membre Leader de l&rsquo;organisme ind\u00e9pendant Fair Wear, VAUDE s&rsquo;engage en faveur de conditions de travail et de salaires \u00e9quitables.<\/p>\n<p><em>capuche mont\u00e9e et r\u00e9glable en largeur, zip frontal avec rabat int\u00e9rieur, 2 poches avec rabats et bouton sur la poitrine, 2 poches frontales avec zip invers\u00e9, bords c\u00f4tes \u00e0 l\u2019ourlet de manche, coutures flatlock, cordon \u00e0 la ceinture r\u00e9glable par les poches<\/em><\/p>","protected":false},"excerpt":{"rendered":"<p>Veste polaire chaude et urbaine homme pour la mi-saison #avec bordures c\u00f4tel\u00e9es #douce et facile d&rsquo;entretien #mati\u00e8re principale fabriqu\u00e9e en polyester 100&nbsp;% recycl\u00e9<\/p>","protected":false},"featured_media":24958,"comment_status":"closed","ping_status":"open","template":"","meta":[],"product_brand":[375],"product_cat":[213,709,216],"product_tag":[365,368,422,421],"class_list":["post-47579","product","type-product","status-publish","has-post-thumbnail","product_brand-vaude","product_cat-boutique","product_cat-veste","product_cat-vetements","product_tag-boutique","product_tag-vente","product_tag-vente-vetement","product_tag-vetement","pa_couleur-linen","pa_couleur-phantom-black","pa_couleur-turf","pa_taille-l","pa_taille-m","pa_taille-s","pa_taille-xl","pa_taille-xxl","first","instock","purchasable","product-type-variable"],"_links":{"self":[{"href":"https:\/\/www.tracea.ch\/de\/wp-json\/wp\/v2\/product\/47579","targetHints":{"allow":["GET"]}}],"collection":[{"href":"https:\/\/www.tracea.ch\/de\/wp-json\/wp\/v2\/product"}],"about":[{"href":"https:\/\/www.tracea.ch\/de\/wp-json\/wp\/v2\/types\/product"}],"replies":[{"embeddable":true,"href":"https:\/\/www.tracea.ch\/de\/wp-json\/wp\/v2\/comments?post=47579"}],"version-history":[{"count":1,"href":"https:\/\/www.tracea.ch\/de\/wp-json\/wp\/v2\/product\/47579\/revisions"}],"predecessor-version":[{"id":47580,"href":"https:\/\/www.tracea.ch\/de\/wp-json\/wp\/v2\/product\/47579\/revisions\/47580"}],"wp:featuredmedia":[{"embeddable":true,"href":"https:\/\/www.tracea.ch\/de\/wp-json\/wp\/v2\/media\/24958"}],"wp:attachment":[{"href":"https:\/\/www.tracea.ch\/de\/wp-json\/wp\/v2\/media?parent=47579"}],"wp:term":[{"taxonomy":"product_brand","embeddable":true,"href":"https:\/\/www.tracea.ch\/de\/wp-json\/wp\/v2\/product_brand?post=47579"},{"taxonomy":"product_cat","embeddable":true,"href":"https:\/\/www.tracea.ch\/de\/wp-json\/wp\/v2\/product_cat?post=47579"},{"taxonomy":"product_tag","embeddable":true,"href":"https:\/\/www.tracea.ch\/de\/wp-json\/wp\/v2\/product_tag?post=47579"}],"curies":[{"name":"wp","href":"https:\/\/api.w.org\/{rel}","templated":true}]}}