{"id":47863,"date":"2026-07-08T13:27:54","date_gmt":"2026-07-08T13:27:54","guid":{"rendered":"https:\/\/www.tracea.ch\/boutique\/non%20class\u00e9\/womens-adlux-air-jacket\/"},"modified":"2026-07-08T13:29:11","modified_gmt":"2026-07-08T13:29:11","slug":"womens-adlux-air-jacket","status":"publish","type":"product","link":"https:\/\/www.tracea.ch\/de\/boutique\/womens-adlux-air-jacket\/","title":{"rendered":"Women&rsquo;s Adlux Air Jacket"},"content":{"rendered":"<p>Veste coupe-vent l\u00e9g\u00e8re et \u00e9l\u00e9gante femme pour les sorties agr\u00e9ables par temp\u00e9ratures chaudes. La veste coupe-vent cycliste Adlux pour femme est id\u00e9ale pour d\u00e9marrer \u00e0 l&rsquo;aube, quand la sortie se prolonge en soir\u00e9e, ou d\u00e8s que le vent se l\u00e8ve. Gr\u00e2ce \u00e0 son design sobre avec imprim\u00e9 all-over et sa coupe ample, on s&rsquo;y sent parfaitement \u00e0 l&rsquo;aise \u00e0 la terrasse d&rsquo;un caf\u00e9, en balade ou en ville. Dans le m\u00eame temps, la veste s\u00e9duit par son choix de mati\u00e8res haut de gamme et les fonctions int\u00e9gr\u00e9es comme la ventilation intelligemment dispos\u00e9e dans le dos. La ceinture et les poignets s&rsquo;ajustent rapidement et ais\u00e9ment. Les deux poches avant zipp\u00e9es permettent de transporter des petites affaires comme des cl\u00e9s et un porte-monnaie. Quand la veste devient superflue, elle se comprime pour se faire toute petite dans un sac. Le tissu ext\u00e9rieur de la veste coupe-vent cycliste Adlux est appr\u00eat\u00e9 avec la finition d\u00e9perlante et antisalissures Eco Finish sans PFC. Le label Green Shape de VAUDE garantit un produit \u00e9cologique, fonctionnel et fabriqu\u00e9 dans des mat\u00e9riaux durables.<\/p>\n<p><em>Rabat int\u00e9rieur avec prot\u00e8ge-menton dans le col, zip continu sur le devant, 2 poches zipp\u00e9es sur le c\u00f4t\u00e9, ourlet r\u00e9glable en largeur, poignets r\u00e9glables, ventilation dorsale<\/em><\/p>","protected":false},"excerpt":{"rendered":"<p>Veste coupe-vent cycliste femme pour le cyclotourisme et la ville, prenant part au concept d&rsquo;\u00e9conomie circulaire VAUDE #coupe-vent et tr\u00e8s respirante \u00e0 la fois #l\u00e9g\u00e8re et de faible encombrement #mati\u00e8re principale fabriqu\u00e9e en polyester recycl\u00e9<\/p>","protected":false},"featured_media":0,"comment_status":"closed","ping_status":"open","template":"","meta":[],"product_brand":[375],"product_cat":[213,709,216],"product_tag":[365,368,422,421],"class_list":["post-47863","product","type-product","status-publish","product_brand-vaude","product_cat-boutique","product_cat-veste","product_cat-vetements","product_tag-boutique","product_tag-vente","product_tag-vente-vetement","product_tag-vetement","pa_couleur-dusty-fern","pa_couleur-lavender","pa_couleur-linen","pa_couleur-nordic-blue","pa_couleur-raspberry","pa_taille-436","pa_taille-437","pa_taille-438","pa_taille-439","pa_taille-440","pa_taille-441","first","instock","purchasable","product-type-variable"],"_links":{"self":[{"href":"https:\/\/www.tracea.ch\/de\/wp-json\/wp\/v2\/product\/47863","targetHints":{"allow":["GET"]}}],"collection":[{"href":"https:\/\/www.tracea.ch\/de\/wp-json\/wp\/v2\/product"}],"about":[{"href":"https:\/\/www.tracea.ch\/de\/wp-json\/wp\/v2\/types\/product"}],"replies":[{"embeddable":true,"href":"https:\/\/www.tracea.ch\/de\/wp-json\/wp\/v2\/comments?post=47863"}],"version-history":[{"count":1,"href":"https:\/\/www.tracea.ch\/de\/wp-json\/wp\/v2\/product\/47863\/revisions"}],"predecessor-version":[{"id":47864,"href":"https:\/\/www.tracea.ch\/de\/wp-json\/wp\/v2\/product\/47863\/revisions\/47864"}],"wp:attachment":[{"href":"https:\/\/www.tracea.ch\/de\/wp-json\/wp\/v2\/media?parent=47863"}],"wp:term":[{"taxonomy":"product_brand","embeddable":true,"href":"https:\/\/www.tracea.ch\/de\/wp-json\/wp\/v2\/product_brand?post=47863"},{"taxonomy":"product_cat","embeddable":true,"href":"https:\/\/www.tracea.ch\/de\/wp-json\/wp\/v2\/product_cat?post=47863"},{"taxonomy":"product_tag","embeddable":true,"href":"https:\/\/www.tracea.ch\/de\/wp-json\/wp\/v2\/product_tag?post=47863"}],"curies":[{"name":"wp","href":"https:\/\/api.w.org\/{rel}","templated":true}]}}