{"id":48101,"date":"2026-07-08T13:35:40","date_gmt":"2026-07-08T13:35:40","guid":{"rendered":"https:\/\/www.tracea.ch\/boutique\/non%20class\u00e9\/womens-freney-jacket-vi\/"},"modified":"2026-07-08T13:37:01","modified_gmt":"2026-07-08T13:37:01","slug":"womens-freney-jacket-vi","status":"publish","type":"product","link":"https:\/\/www.tracea.ch\/de\/boutique\/womens-freney-jacket-vi\/","title":{"rendered":"Women&rsquo;s Freney Jacket VI"},"content":{"rendered":"<p>En vir\u00e9e en montagne, sur un parcours d&rsquo;escalade ou une courte randonn\u00e9e\u00a0: tous ceux et toutes celles qui \u00e9voluent en milieu alpin doivent toujours s&rsquo;attendre \u00e0 de brusques changements de condition m\u00e9t\u00e9o. La veste isolante l\u00e9g\u00e8re Freney VI pour femme se comprime pour se faire toute petite dans sa propre poche avant, et constitue ainsi la tenue id\u00e9ale et ins\u00e9parable qui tient bien chaud. \u00c0 la diff\u00e9rence du duvet, le garnissage en fibres synth\u00e9tiques dispense aussi de la chaleur m\u00eame \u00e0 l&rsquo;\u00e9tat humide. Cet aspect convient bien aux activit\u00e9s sportives o\u00f9 l&rsquo;on est amen\u00e9e \u00e0 bien transpirer. La capuche \u00e9troitement ajust\u00e9e et la taille r\u00e9glable d&rsquo;une seule main repoussent efficacement le vent froid \u00e0 l&rsquo;ext\u00e9rieur. Design alpin\u00a0: les deux poches avant zipp\u00e9es sont positionn\u00e9es de mani\u00e8re \u00e0 rester bien accessibles malgr\u00e9 le port d&rsquo;un baudrier. Gr\u00e2ce aux bras pr\u00e9form\u00e9s, la veste ne glisse pas hors du harnais m\u00eame lors des prises hautes au-dessus de la t\u00eate. Le tissu ext\u00e9rieur r\u00e9sistant \u00e0 l&rsquo;abrasion de la veste isolante Freney VI pour femme est appr\u00eat\u00e9 avec la finition d\u00e9perlante et antisalissures Eco Finish sans PFC. La veste peut ainsi non seulement se porter comme couche chauffante sous une veste hardshell, mais aussi en solo comme couche externe. Le label Green Shape de VAUDE garantit un produit \u00e9cologique, fonctionnel et fabriqu\u00e9 dans des mat\u00e9riaux durables. En tant que membre Leader de l&rsquo;organisme ind\u00e9pendant Fair Wear, VAUDE s&rsquo;engage en faveur de conditions de travail et de salaires \u00e9quitables.<\/p>\n<p><em>coupe sport \u00e9troite, ouat\u00e9, capuche mont\u00e9e, zip invers\u00e9 avec rabat int\u00e9rieur sur le devant, manches pr\u00e9form\u00e9es, 2 poches frontales avec fermeture \u00e9clair, 1 poche \u00e0 l\u2019avant pour ranger, cordon \u00e0 la ceinture avec syst\u00e8me de r\u00e9glage \u00e0 une main<\/em><\/p>","protected":false},"excerpt":{"rendered":"<p>Veste isolante femme l\u00e9g\u00e8re pour les sorties sportives en montagne #chaude, respirante et d\u00e9perlante #garnissage en PrimaLoft\u00ae qui isole aussi \u00e0 l&rsquo;\u00e9tat humide #mati\u00e8re principale essentiellement fabriqu\u00e9e en polyamide recycl\u00e9<\/p>","protected":false},"featured_media":26285,"comment_status":"closed","ping_status":"open","template":"","meta":[],"product_brand":[375],"product_cat":[213,709,216],"product_tag":[365,368,422,421],"class_list":["post-48101","product","type-product","status-publish","has-post-thumbnail","product_brand-vaude","product_cat-boutique","product_cat-veste","product_cat-vetements","product_tag-boutique","product_tag-vente","product_tag-vente-vetement","product_tag-vetement","pa_couleur-black","pa_couleur-dark-sea","pa_couleur-dusty-fern","pa_couleur-dusty-fern-uni","pa_couleur-shore-blue","pa_taille-466","pa_taille-436","pa_taille-437","pa_taille-438","pa_taille-439","pa_taille-440","pa_taille-441","first","instock","purchasable","product-type-variable"],"_links":{"self":[{"href":"https:\/\/www.tracea.ch\/de\/wp-json\/wp\/v2\/product\/48101","targetHints":{"allow":["GET"]}}],"collection":[{"href":"https:\/\/www.tracea.ch\/de\/wp-json\/wp\/v2\/product"}],"about":[{"href":"https:\/\/www.tracea.ch\/de\/wp-json\/wp\/v2\/types\/product"}],"replies":[{"embeddable":true,"href":"https:\/\/www.tracea.ch\/de\/wp-json\/wp\/v2\/comments?post=48101"}],"version-history":[{"count":1,"href":"https:\/\/www.tracea.ch\/de\/wp-json\/wp\/v2\/product\/48101\/revisions"}],"predecessor-version":[{"id":48102,"href":"https:\/\/www.tracea.ch\/de\/wp-json\/wp\/v2\/product\/48101\/revisions\/48102"}],"wp:featuredmedia":[{"embeddable":true,"href":"https:\/\/www.tracea.ch\/de\/wp-json\/wp\/v2\/media\/26285"}],"wp:attachment":[{"href":"https:\/\/www.tracea.ch\/de\/wp-json\/wp\/v2\/media?parent=48101"}],"wp:term":[{"taxonomy":"product_brand","embeddable":true,"href":"https:\/\/www.tracea.ch\/de\/wp-json\/wp\/v2\/product_brand?post=48101"},{"taxonomy":"product_cat","embeddable":true,"href":"https:\/\/www.tracea.ch\/de\/wp-json\/wp\/v2\/product_cat?post=48101"},{"taxonomy":"product_tag","embeddable":true,"href":"https:\/\/www.tracea.ch\/de\/wp-json\/wp\/v2\/product_tag?post=48101"}],"curies":[{"name":"wp","href":"https:\/\/api.w.org\/{rel}","templated":true}]}}