{"id":48482,"date":"2026-07-08T13:47:51","date_gmt":"2026-07-08T13:47:51","guid":{"rendered":"https:\/\/www.tracea.ch\/boutique\/non%20class\u00e9\/mens-croz-alpine-3l-jacket\/"},"modified":"2026-07-08T13:48:57","modified_gmt":"2026-07-08T13:48:57","slug":"mens-croz-alpine-3l-jacket","status":"publish","type":"product","link":"https:\/\/www.tracea.ch\/de\/boutique\/mens-croz-alpine-3l-jacket\/","title":{"rendered":"Men&rsquo;s Croz Alpine 3L Jacket"},"content":{"rendered":"<p>Qui veut atteindre des sommets doit pouvoir enti\u00e8rement se reposer sur sa tenue. La veste hardshell Croz 3 couches pour homme est munie d&rsquo;une membrane Ceplex Pro pour profiter d&rsquo;une \u00e9tanch\u00e9it\u00e9 \u00e0 l&rsquo;eau (colonne d&rsquo;eau d&rsquo;au moins 20\u00a0000 mm selon JIS L 1092 B) et d&rsquo;une respirabilit\u00e9 maximales. Des zips d&rsquo;a\u00e9ration compl\u00e9mentaires sous les bras favorisent une thermor\u00e9gulation efficace. La mati\u00e8re ext\u00e9rieure est ultrarobuste et r\u00e9siste \u00e9galement \u00e0 des contacts r\u00e9p\u00e9t\u00e9s sur la paroi lors des activit\u00e9s d&rsquo;escalade et d&rsquo;alpinisme. En plus de la membrane imperm\u00e9able, le tissu ext\u00e9rieur de la veste Croz 3 couches pour homme est appr\u00eat\u00e9 avec la finition Eco Finish d\u00e9perlante et antisalissures sans PFC. Sa coupe est \u00e9galement adapt\u00e9e aux besoins des alpinistes\u00a0: la capuche munie d&rsquo;une double possibilit\u00e9 de r\u00e9glage est compatible avec le port d&rsquo;un casque, et la veste ne glisse pas hors du harnais m\u00eame lors des prises hautes au-dessus de la t\u00eate gr\u00e2ce \u00e0 ses bras pr\u00e9form\u00e9s. Les deux poches avant sont bien accessibles malgr\u00e9 le port d&rsquo;un baudrier et d&rsquo;un sac \u00e0 dos, et peuvent accueillir des gants, une carte et d&rsquo;autres \u00e9quipements. Ses faibles poids et encombrement font de la veste 3 couches pour homme une veste alpine technique qui trouve de la place dans chaque sac \u00e0 dos et une tenue fiable \u00e0 chaque moment. Le label Green Shape de VAUDE garantit un produit \u00e9cologique, fonctionnel et fabriqu\u00e9 dans des mat\u00e9riaux durables. En tant que membre Leader de l&rsquo;organisme ind\u00e9pendant Fair Wear, VAUDE s&rsquo;engage en faveur de conditions de travail et de salaires \u00e9quitables.<\/p>\n<p><em>capuche mont\u00e9e et r\u00e9glable en largeur, Capuche compatible avec un casque, zip frontal hydrophobe avec rabat int\u00e9rieur, 2 poches sur la poitrine avec zip hydrophobe, ourlet r\u00e9glable en largeur, manches pr\u00e9form\u00e9es, ventilation sous les bras avec zip hydrophobe, poignets r\u00e9glables en largeur gr\u00e2ce \u00e0 un velcro<\/em><\/p>","protected":false},"excerpt":{"rendered":"<p>Veste hardshell homme l\u00e9g\u00e8re et r\u00e9sistante pour alpinistes #imperm\u00e9able, \u00e9tanche au vent et ultrarespirante #design compatible avec harnais ou sac \u00e0 dos#<\/p>","protected":false},"featured_media":29904,"comment_status":"closed","ping_status":"open","template":"","meta":[],"product_brand":[375],"product_cat":[213,709,216],"product_tag":[365,368,422,421],"class_list":["post-48482","product","type-product","status-publish","has-post-thumbnail","product_brand-vaude","product_cat-boutique","product_cat-veste","product_cat-vetements","product_tag-boutique","product_tag-vente","product_tag-vente-vetement","product_tag-vetement","pa_couleur-baltic-sea","pa_couleur-black","pa_couleur-dark-leaf","pa_couleur-kumquat","pa_couleur-kurkuma","pa_taille-l","pa_taille-m","pa_taille-s","pa_taille-xl","pa_taille-xxl","first","instock","purchasable","product-type-variable"],"_links":{"self":[{"href":"https:\/\/www.tracea.ch\/de\/wp-json\/wp\/v2\/product\/48482","targetHints":{"allow":["GET"]}}],"collection":[{"href":"https:\/\/www.tracea.ch\/de\/wp-json\/wp\/v2\/product"}],"about":[{"href":"https:\/\/www.tracea.ch\/de\/wp-json\/wp\/v2\/types\/product"}],"replies":[{"embeddable":true,"href":"https:\/\/www.tracea.ch\/de\/wp-json\/wp\/v2\/comments?post=48482"}],"version-history":[{"count":1,"href":"https:\/\/www.tracea.ch\/de\/wp-json\/wp\/v2\/product\/48482\/revisions"}],"predecessor-version":[{"id":48483,"href":"https:\/\/www.tracea.ch\/de\/wp-json\/wp\/v2\/product\/48482\/revisions\/48483"}],"wp:featuredmedia":[{"embeddable":true,"href":"https:\/\/www.tracea.ch\/de\/wp-json\/wp\/v2\/media\/29904"}],"wp:attachment":[{"href":"https:\/\/www.tracea.ch\/de\/wp-json\/wp\/v2\/media?parent=48482"}],"wp:term":[{"taxonomy":"product_brand","embeddable":true,"href":"https:\/\/www.tracea.ch\/de\/wp-json\/wp\/v2\/product_brand?post=48482"},{"taxonomy":"product_cat","embeddable":true,"href":"https:\/\/www.tracea.ch\/de\/wp-json\/wp\/v2\/product_cat?post=48482"},{"taxonomy":"product_tag","embeddable":true,"href":"https:\/\/www.tracea.ch\/de\/wp-json\/wp\/v2\/product_tag?post=48482"}],"curies":[{"name":"wp","href":"https:\/\/api.w.org\/{rel}","templated":true}]}}