{"id":48897,"date":"2026-07-08T14:00:57","date_gmt":"2026-07-08T14:00:57","guid":{"rendered":"https:\/\/www.tracea.ch\/boutique\/non%20class\u00e9\/kids-lulea-2l-padded-jacket\/"},"modified":"2026-07-08T14:01:40","modified_gmt":"2026-07-08T14:01:40","slug":"kids-lulea-2l-padded-jacket","status":"publish","type":"product","link":"https:\/\/www.tracea.ch\/de\/boutique\/kids-lulea-2l-padded-jacket\/","title":{"rendered":"Kids Lulea 2L Padded Jacket"},"content":{"rendered":"<p>L\u00e9g\u00e8re &#8211; chaude &#8211; simple : c\u2019est tout Lulea. Cette veste d\u2019hiver 2 couches pour enfant est imperm\u00e9able, \u00e9tanche au vent et chaudement rembourr\u00e9e : elle r\u00e9siste ainsi \u00e0 toutes les intemp\u00e9ries de l\u2019automne au printemps. Elle est \u00e9quip\u00e9e de poches int\u00e9rieures zipp\u00e9es, d\u2019une ceinture r\u00e9glable, d\u2019un r\u00e9glage par velcro sur les manches et d\u2019\u00e9l\u00e9ments r\u00e9fl\u00e9chissants. Le zip frontal est \u00e9galement plus facile \u00e0 r\u00e9parer que la version traditionnelle en cas de probl\u00e8me. Cette veste d\u2019hiver l\u00e9g\u00e8re est une tenue fiable pour les enfants sur le chemin de l\u2019\u00e9cole, en voyage et lors de longues randonn\u00e9es hivernales. Ce produit est appr\u00eat\u00e9 avec la finition Eco Finish, d\u00e9perlante, \u00e9cologique et sans fluorocarbures (PFC). Le label Green Shape de VAUDE garantit un produit \u00e9cologique, fonctionnel et fabriqu\u00e9 dans des mat\u00e9riaux durables.<\/p>\n<p><em>mati\u00e8re double \u00e9paisseur, 2 poches frontales dissimul\u00e9es avec zip, avec zip facilement r\u00e9parable, zip hydrophobe sur le devant avec rabat int\u00e9rieur , cordon plus s\u00fbr enti\u00e8rement cach\u00e9 dans la ceinture, r\u00e9glables par les poches, poignets r\u00e9glables en largeur gr\u00e2ce \u00e0 un velcro, capuche mont\u00e9e, \u00e9l\u00e9ments r\u00e9fl\u00e9chissants, avec petite plaque pour y inscrire le nom<\/em><\/p>","protected":false},"excerpt":{"rendered":"<p>Veste d&rsquo;hiver l\u00e9g\u00e8re 2\u00a0couches enfant pour le quotidien et les voyages #chaude et douce pour les jours d&rsquo;hiver froids #entretien facile #mati\u00e8re principale essentiellement fabriqu\u00e9e en polyester recycl\u00e9<\/p>","protected":false},"featured_media":42206,"comment_status":"closed","ping_status":"open","template":"","meta":[],"product_brand":[375],"product_cat":[213,709,216],"product_tag":[365,368,422,421],"class_list":["post-48897","product","type-product","status-publish","has-post-thumbnail","product_brand-vaude","product_cat-boutique","product_cat-veste","product_cat-vetements","product_tag-boutique","product_tag-vente","product_tag-vente-vetement","product_tag-vetement","pa_couleur-dark-sea","pa_couleur-oat","pa_couleur-redeva","pa_couleur-woodland","pa_taille-424","pa_taille-110-116","pa_taille-122-128","pa_taille-134-140","pa_taille-146-152","pa_taille-158-164","first","instock","purchasable","product-type-variable"],"_links":{"self":[{"href":"https:\/\/www.tracea.ch\/de\/wp-json\/wp\/v2\/product\/48897","targetHints":{"allow":["GET"]}}],"collection":[{"href":"https:\/\/www.tracea.ch\/de\/wp-json\/wp\/v2\/product"}],"about":[{"href":"https:\/\/www.tracea.ch\/de\/wp-json\/wp\/v2\/types\/product"}],"replies":[{"embeddable":true,"href":"https:\/\/www.tracea.ch\/de\/wp-json\/wp\/v2\/comments?post=48897"}],"version-history":[{"count":1,"href":"https:\/\/www.tracea.ch\/de\/wp-json\/wp\/v2\/product\/48897\/revisions"}],"predecessor-version":[{"id":48898,"href":"https:\/\/www.tracea.ch\/de\/wp-json\/wp\/v2\/product\/48897\/revisions\/48898"}],"wp:featuredmedia":[{"embeddable":true,"href":"https:\/\/www.tracea.ch\/de\/wp-json\/wp\/v2\/media\/42206"}],"wp:attachment":[{"href":"https:\/\/www.tracea.ch\/de\/wp-json\/wp\/v2\/media?parent=48897"}],"wp:term":[{"taxonomy":"product_brand","embeddable":true,"href":"https:\/\/www.tracea.ch\/de\/wp-json\/wp\/v2\/product_brand?post=48897"},{"taxonomy":"product_cat","embeddable":true,"href":"https:\/\/www.tracea.ch\/de\/wp-json\/wp\/v2\/product_cat?post=48897"},{"taxonomy":"product_tag","embeddable":true,"href":"https:\/\/www.tracea.ch\/de\/wp-json\/wp\/v2\/product_tag?post=48897"}],"curies":[{"name":"wp","href":"https:\/\/api.w.org\/{rel}","templated":true}]}}