{"id":48928,"date":"2026-07-08T14:01:40","date_gmt":"2026-07-08T14:01:40","guid":{"rendered":"https:\/\/www.tracea.ch\/boutique\/non%20class\u00e9\/kids-lulea-insulation-jacket\/"},"modified":"2026-07-08T14:02:21","modified_gmt":"2026-07-08T14:02:21","slug":"kids-lulea-insulation-jacket","status":"publish","type":"product","link":"https:\/\/www.tracea.ch\/de\/boutique\/kids-lulea-insulation-jacket\/","title":{"rendered":"Kids Lulea Insulation Jacket"},"content":{"rendered":"<p>Chaude et chic : la veste isolante l\u00e9g\u00e8re Lulea pour enfants est une parfaite tenue d\u2019hiver pour l\u2019\u00e9cole et la vie quotidienne, car elle r\u00e9siste au vent et aux temp\u00e9ratures n\u00e9gatives gr\u00e2ce \u00e0 son isolation gonflante et douce. Des \u00e9lastiques souples aux manches et \u00e0 l\u2019ourlet maintiennent la chaleur contre le corps et la doublure douce des poches en biais prot\u00e8ge les doigts du froid. En cas de besoin, le zip frontal peut \u00eatre r\u00e9par\u00e9 plus facilement que la variante traditionnelle.  De plus, elle est dot\u00e9e d\u2019\u00e9l\u00e9ments r\u00e9fl\u00e9chissants et d\u2019une fonction pratique de croissance. Le label Green Shape de VAUDE garantit un produit \u00e9cologique, fonctionnel et fabriqu\u00e9 dans des mat\u00e9riaux durables.<\/p>\n<p><em>fonction \u00e9volutive: ce mod\u00e8le peut \u00eatre ajust\u00e9 \u00e0 la croissance de votre enfant, 2 poches frontales avec fermeture \u00e9clair, avec zip facilement r\u00e9parable, prot\u00e8ge-menton avec Foldover, col montant, coutures piqu\u00e9es, imprim\u00e9 r\u00e9fl\u00e9chissant, avec petite plaque pour y inscrire le nom<\/em><\/p>","protected":false},"excerpt":{"rendered":"<p>Veste isolante enfant pour l&rsquo;\u00e9cole et le quotidien, prenant part au concept d&rsquo;\u00e9conomie circulaire VAUDE #confortable et facile d&rsquo;entretien #avec \u00e9l\u00e9ments r\u00e9fl\u00e9chissants #mati\u00e8re principale et doublure fabriqu\u00e9es \u00e0 100\u00a0% en polyester recycl\u00e9<\/p>","protected":false},"featured_media":42215,"comment_status":"closed","ping_status":"open","template":"","meta":[],"product_brand":[375],"product_cat":[213,709,216],"product_tag":[365,368,422,421],"class_list":["post-48928","product","type-product","status-publish","has-post-thumbnail","product_brand-vaude","product_cat-boutique","product_cat-veste","product_cat-vetements","product_tag-boutique","product_tag-vente","product_tag-vente-vetement","product_tag-vetement","pa_couleur-dark-sea","pa_couleur-deep-pond","pa_couleur-redeva","pa_taille-424","pa_taille-110-116","pa_taille-122-128","pa_taille-134-140","pa_taille-146-152","pa_taille-158-164","pa_taille-418","pa_taille-423","first","instock","purchasable","product-type-variable"],"_links":{"self":[{"href":"https:\/\/www.tracea.ch\/de\/wp-json\/wp\/v2\/product\/48928","targetHints":{"allow":["GET"]}}],"collection":[{"href":"https:\/\/www.tracea.ch\/de\/wp-json\/wp\/v2\/product"}],"about":[{"href":"https:\/\/www.tracea.ch\/de\/wp-json\/wp\/v2\/types\/product"}],"replies":[{"embeddable":true,"href":"https:\/\/www.tracea.ch\/de\/wp-json\/wp\/v2\/comments?post=48928"}],"version-history":[{"count":1,"href":"https:\/\/www.tracea.ch\/de\/wp-json\/wp\/v2\/product\/48928\/revisions"}],"predecessor-version":[{"id":48929,"href":"https:\/\/www.tracea.ch\/de\/wp-json\/wp\/v2\/product\/48928\/revisions\/48929"}],"wp:featuredmedia":[{"embeddable":true,"href":"https:\/\/www.tracea.ch\/de\/wp-json\/wp\/v2\/media\/42215"}],"wp:attachment":[{"href":"https:\/\/www.tracea.ch\/de\/wp-json\/wp\/v2\/media?parent=48928"}],"wp:term":[{"taxonomy":"product_brand","embeddable":true,"href":"https:\/\/www.tracea.ch\/de\/wp-json\/wp\/v2\/product_brand?post=48928"},{"taxonomy":"product_cat","embeddable":true,"href":"https:\/\/www.tracea.ch\/de\/wp-json\/wp\/v2\/product_cat?post=48928"},{"taxonomy":"product_tag","embeddable":true,"href":"https:\/\/www.tracea.ch\/de\/wp-json\/wp\/v2\/product_tag?post=48928"}],"curies":[{"name":"wp","href":"https:\/\/api.w.org\/{rel}","templated":true}]}}