{"id":49084,"date":"2026-07-08T14:06:03","date_gmt":"2026-07-08T14:06:03","guid":{"rendered":"https:\/\/www.tracea.ch\/boutique\/non%20class\u00e9\/mens-neyland-fleece-jacket-ii\/"},"modified":"2026-07-08T14:07:10","modified_gmt":"2026-07-08T14:07:10","slug":"mens-neyland-fleece-jacket-ii","status":"publish","type":"product","link":"https:\/\/www.tracea.ch\/de\/boutique\/mens-neyland-fleece-jacket-ii\/","title":{"rendered":"Men&rsquo;s Neyland Fleece Jacket II"},"content":{"rendered":"<p>La veste polaire Neyland II pour homme est d\u00e9sormais encore plus chaude, confortable et polyvalente, de l\u2019automne au printemps. En cas de temp\u00e9ratures vraiment froides, c\u2019est la couche interm\u00e9diaire id\u00e9ale sous une veste d\u2019hiver, mais elle peut aussi \u00eatre port\u00e9e seule \u00e0 la mi-saison. \u00c0 l\u2019ext\u00e9rieur, la structure gaufr\u00e9e gratt\u00e9e donne un look moderne et \u00e0 l\u2019int\u00e9rieur, elle procure une sensation de douceur agr\u00e9able. Le col montant, les manches ajust\u00e9es et l\u2019ourlet r\u00e9glable apportent un confort suppl\u00e9mentaire. Les petites affaires indispensables trouvent place dans les deux poches lat\u00e9rales zipp\u00e9es et dans la poche poitrine de couleur contrast\u00e9e. Le label Green Shape de VAUDE garantit un produit \u00e9cologique, fonctionnel et fabriqu\u00e9 dans des mat\u00e9riaux durables. En tant que membre Leader de l\u2019organisme ind\u00e9pendant Fair Wear, VAUDE s\u2019engage en faveur de conditions de travail et de salaires \u00e9quitables.<\/p>\n<p><em>col montant mont\u00e9, zip frontal avec rabat int\u00e9rieur, 1 poche avec zip invers\u00e9 sur la poitrine, 2 poches frontales avec fermeture \u00e9clair, ourlet r\u00e9glable en largeur, bordure poignets en lycra<\/em><\/p>","protected":false},"excerpt":{"rendered":"<p>Veste polaire homme thermique, prenant part au concept d&rsquo;\u00e9conomie circulaire VAUDE #se porte en solo ou comme couche interm\u00e9diaire #robuste, facile d&rsquo;entretien et s\u00e8che rapidement #mati\u00e8re principale fabriqu\u00e9e \u00e0 100\u00a0% en polyester recycl\u00e9<\/p>","protected":false},"featured_media":42340,"comment_status":"closed","ping_status":"open","template":"","meta":[],"product_brand":[375],"product_cat":[213,709,216],"product_tag":[365,368,422,421],"class_list":["post-49084","product","type-product","status-publish","has-post-thumbnail","product_brand-vaude","product_cat-boutique","product_cat-veste","product_cat-vetements","product_tag-boutique","product_tag-vente","product_tag-vente-vetement","product_tag-vetement","pa_couleur-coconut","pa_couleur-phantom-black","pa_couleur-savanna","pa_couleur-tobacco","pa_taille-l","pa_taille-m","pa_taille-s","pa_taille-xl","pa_taille-xxl","pa_taille-xxxl","first","instock","purchasable","product-type-variable"],"_links":{"self":[{"href":"https:\/\/www.tracea.ch\/de\/wp-json\/wp\/v2\/product\/49084","targetHints":{"allow":["GET"]}}],"collection":[{"href":"https:\/\/www.tracea.ch\/de\/wp-json\/wp\/v2\/product"}],"about":[{"href":"https:\/\/www.tracea.ch\/de\/wp-json\/wp\/v2\/types\/product"}],"replies":[{"embeddable":true,"href":"https:\/\/www.tracea.ch\/de\/wp-json\/wp\/v2\/comments?post=49084"}],"version-history":[{"count":1,"href":"https:\/\/www.tracea.ch\/de\/wp-json\/wp\/v2\/product\/49084\/revisions"}],"predecessor-version":[{"id":49085,"href":"https:\/\/www.tracea.ch\/de\/wp-json\/wp\/v2\/product\/49084\/revisions\/49085"}],"wp:featuredmedia":[{"embeddable":true,"href":"https:\/\/www.tracea.ch\/de\/wp-json\/wp\/v2\/media\/42340"}],"wp:attachment":[{"href":"https:\/\/www.tracea.ch\/de\/wp-json\/wp\/v2\/media?parent=49084"}],"wp:term":[{"taxonomy":"product_brand","embeddable":true,"href":"https:\/\/www.tracea.ch\/de\/wp-json\/wp\/v2\/product_brand?post=49084"},{"taxonomy":"product_cat","embeddable":true,"href":"https:\/\/www.tracea.ch\/de\/wp-json\/wp\/v2\/product_cat?post=49084"},{"taxonomy":"product_tag","embeddable":true,"href":"https:\/\/www.tracea.ch\/de\/wp-json\/wp\/v2\/product_tag?post=49084"}],"curies":[{"name":"wp","href":"https:\/\/api.w.org\/{rel}","templated":true}]}}