{"id":49207,"date":"2026-07-08T14:09:56","date_gmt":"2026-07-08T14:09:56","guid":{"rendered":"https:\/\/www.tracea.ch\/boutique\/non%20class\u00e9\/mens-manukau-parka-iii\/"},"modified":"2026-07-08T14:11:03","modified_gmt":"2026-07-08T14:11:03","slug":"mens-manukau-parka-iii","status":"publish","type":"product","link":"https:\/\/www.tracea.ch\/de\/boutique\/mens-manukau-parka-iii\/","title":{"rendered":"Men&rsquo;s Manukau Parka III"},"content":{"rendered":"<p>Une pour toutes et tous : la parka urbaine pour homme Manukau. Cette parka d\u2019hiver chaudement matelass\u00e9e r\u00e9siste \u00e0 la pluie, au vent et \u00e0 la neige. Le col et l\u2019int\u00e9rieur de la capuche sont doubl\u00e9s d\u2019une polaire sherpa douce et douillette. La capuche peut \u00eatre ferm\u00e9e de mani\u00e8re \u00e9tanche au vent \u00e0 l\u2019aide d\u2019un cordon de serrage et les poignets sont \u00e9galement r\u00e9glables en largeur gr\u00e2ce \u00e0 un syst\u00e8me de velcro. Ce qui est particuli\u00e8rement pratique dans la parka Manukau pour homme, c\u2019est son grand nombre de poches : Il y a deux poches ext\u00e9rieures appliqu\u00e9es \u00e0 double fonction \u2013 elles peuvent \u00eatre remplies ind\u00e9pendamment l\u2019une de l\u2019autre sur le c\u00f4t\u00e9 via l\u2019ouverture zipp\u00e9e et par le haut via les languettes. Deux autres poches de poitrine spacieuses zipp\u00e9es et une poche int\u00e9rieure permettent de ranger le smartphone, le porte-monnaie, les lunettes et d\u2019autres affaires. La membrane respirante, \u00e9tanche au vent et imperm\u00e9able et la coupe intemporelle font de cette parka pour homme une tenue d\u2019hiver urbaine chic pour de nombreuses ann\u00e9es. Cette parka a \u00e9t\u00e9 trait\u00e9e avec Eco Finish, un appr\u00eat \u00e9cologique d\u00e9perlant et antisalissures sans fluorocarbone (PFC). Le label Green Shape de VAUDE garantit un produit \u00e9cologique, fonctionnel et fabriqu\u00e9 dans des mat\u00e9riaux durables.<\/p>\n<p><em>mati\u00e8re double \u00e9paisseur, 4 poches zipp\u00e9es avec rabats sur le devant, 1poche int\u00e9rieure, 2 zip double-sens avec double rabat, manches r\u00e9glables avec bordures c\u00f4tel\u00e9es int\u00e9rieures, capuche mont\u00e9e et r\u00e9glable en largeur, en partie doubl\u00e9 en fausse fourure<\/em><\/p>","protected":false},"excerpt":{"rendered":"<p>Parka imperm\u00e9able et chaude homme pour le quotidien et les loisirs #respirante et facile d&rsquo;entretien #nombreuses poches #mati\u00e8re principale en polyester 100\u00a0% recycl\u00e9<\/p>","protected":false},"featured_media":42437,"comment_status":"closed","ping_status":"open","template":"","meta":[],"product_brand":[375],"product_cat":[213,709,216],"product_tag":[365,368,422,421],"class_list":["post-49207","product","type-product","status-publish","has-post-thumbnail","product_brand-vaude","product_cat-boutique","product_cat-veste","product_cat-vetements","product_tag-boutique","product_tag-vente","product_tag-vente-vetement","product_tag-vetement","pa_couleur-dark-sea","pa_couleur-khaki","pa_couleur-oat","pa_couleur-turf","pa_taille-l","pa_taille-m","pa_taille-s","pa_taille-xl","pa_taille-xxl","pa_taille-xxxl","first","instock","purchasable","product-type-variable"],"_links":{"self":[{"href":"https:\/\/www.tracea.ch\/de\/wp-json\/wp\/v2\/product\/49207","targetHints":{"allow":["GET"]}}],"collection":[{"href":"https:\/\/www.tracea.ch\/de\/wp-json\/wp\/v2\/product"}],"about":[{"href":"https:\/\/www.tracea.ch\/de\/wp-json\/wp\/v2\/types\/product"}],"replies":[{"embeddable":true,"href":"https:\/\/www.tracea.ch\/de\/wp-json\/wp\/v2\/comments?post=49207"}],"version-history":[{"count":1,"href":"https:\/\/www.tracea.ch\/de\/wp-json\/wp\/v2\/product\/49207\/revisions"}],"predecessor-version":[{"id":49208,"href":"https:\/\/www.tracea.ch\/de\/wp-json\/wp\/v2\/product\/49207\/revisions\/49208"}],"wp:featuredmedia":[{"embeddable":true,"href":"https:\/\/www.tracea.ch\/de\/wp-json\/wp\/v2\/media\/42437"}],"wp:attachment":[{"href":"https:\/\/www.tracea.ch\/de\/wp-json\/wp\/v2\/media?parent=49207"}],"wp:term":[{"taxonomy":"product_brand","embeddable":true,"href":"https:\/\/www.tracea.ch\/de\/wp-json\/wp\/v2\/product_brand?post=49207"},{"taxonomy":"product_cat","embeddable":true,"href":"https:\/\/www.tracea.ch\/de\/wp-json\/wp\/v2\/product_cat?post=49207"},{"taxonomy":"product_tag","embeddable":true,"href":"https:\/\/www.tracea.ch\/de\/wp-json\/wp\/v2\/product_tag?post=49207"}],"curies":[{"name":"wp","href":"https:\/\/api.w.org\/{rel}","templated":true}]}}