{"id":49609,"date":"2026-07-08T14:22:44","date_gmt":"2026-07-08T14:22:44","guid":{"rendered":"https:\/\/www.tracea.ch\/boutique\/non%20class\u00e9\/mens-monviso-warm-jacket\/"},"modified":"2026-07-08T14:23:22","modified_gmt":"2026-07-08T14:23:22","slug":"mens-monviso-warm-jacket","status":"publish","type":"product","link":"https:\/\/www.tracea.ch\/de\/boutique\/mens-monviso-warm-jacket\/","title":{"rendered":"Men&rsquo;s Monviso Warm Jacket"},"content":{"rendered":"<p>La veste isolante Monviso pour homme est la tenue id\u00e9ale pour les randonn\u00e9es ambitieuses vers les sommets, lorsque les temp\u00e9ratures plongent. Doubl\u00e9e de PrimaLoft\u00ae, cette veste d\u2019isolation pour homme offre une chaleur exceptionnelle, m\u00eame lorsqu\u2019elle est humide. Cette veste enti\u00e8rement isol\u00e9e procure une chaleur confortable au sommet ou en descente, tout en garantissant une grande libert\u00e9 de mouvement et une bonne respirabilit\u00e9. La veste isolante dispose de deux poches en biais et d\u2019une poche pratique sur la poitrine, qui offrent de la place pour les petites affaires importantes. Il est possible d\u2019enfiler un casque sur la capuche ajust\u00e9e et la taille peut \u00eatre r\u00e9gl\u00e9e rapidement et facilement. Des inserts \u00e9lastiques aux poignets offrent un confort suppl\u00e9mentaire. Gr\u00e2ce au traitement \u00e9cologique Eco Finish sans PFC, la veste d\u2019isolation Monviso pour homme est d\u00e9perlante et anti-salissures. En tant que membre Leader de l\u2019organisme ind\u00e9pendant Fair Wear, VAUDE s\u2019engage en faveur de conditions de travail et de salaires \u00e9quitables.<\/p>\n<p><em>ouat\u00e9, capuche mont\u00e9e, zip frontal double-sens avec rabat, 1 poche poitrine avec zipp\u00e9e, 2 poches frontales avec fermeture \u00e9clair, 1 poche \u00e0 l\u2019avant pour ranger, ceinture avec cordon, manches pr\u00e9form\u00e9es, poignets \u00e9lastiques<\/em><\/p>","protected":false},"excerpt":{"rendered":"<p>Veste isolante sportive homme, prenant part au concept d&rsquo;\u00e9conomie circulaire VAUDE #tr\u00e8s bonne performance thermique par rapport au poids #r\u00e9chauffe aussi \u00e0 l&rsquo;\u00e9tat humide #fabrication \u00e9coresponsable \u00e0 100\u00a0% en mat\u00e9riaux recycl\u00e9s<\/p>","protected":false},"featured_media":42667,"comment_status":"closed","ping_status":"open","template":"","meta":[],"product_brand":[375],"product_cat":[213,709,216],"product_tag":[365,368,422,421],"class_list":["post-49609","product","type-product","status-publish","has-post-thumbnail","product_brand-vaude","product_cat-boutique","product_cat-veste","product_cat-vetements","product_tag-boutique","product_tag-vente","product_tag-vente-vetement","product_tag-vetement","pa_couleur-black","pa_couleur-deep-pond","pa_couleur-radiate-blue","pa_taille-l","pa_taille-m","pa_taille-s","pa_taille-xl","pa_taille-xxl","first","instock","purchasable","product-type-variable"],"_links":{"self":[{"href":"https:\/\/www.tracea.ch\/de\/wp-json\/wp\/v2\/product\/49609","targetHints":{"allow":["GET"]}}],"collection":[{"href":"https:\/\/www.tracea.ch\/de\/wp-json\/wp\/v2\/product"}],"about":[{"href":"https:\/\/www.tracea.ch\/de\/wp-json\/wp\/v2\/types\/product"}],"replies":[{"embeddable":true,"href":"https:\/\/www.tracea.ch\/de\/wp-json\/wp\/v2\/comments?post=49609"}],"version-history":[{"count":1,"href":"https:\/\/www.tracea.ch\/de\/wp-json\/wp\/v2\/product\/49609\/revisions"}],"predecessor-version":[{"id":49610,"href":"https:\/\/www.tracea.ch\/de\/wp-json\/wp\/v2\/product\/49609\/revisions\/49610"}],"wp:featuredmedia":[{"embeddable":true,"href":"https:\/\/www.tracea.ch\/de\/wp-json\/wp\/v2\/media\/42667"}],"wp:attachment":[{"href":"https:\/\/www.tracea.ch\/de\/wp-json\/wp\/v2\/media?parent=49609"}],"wp:term":[{"taxonomy":"product_brand","embeddable":true,"href":"https:\/\/www.tracea.ch\/de\/wp-json\/wp\/v2\/product_brand?post=49609"},{"taxonomy":"product_cat","embeddable":true,"href":"https:\/\/www.tracea.ch\/de\/wp-json\/wp\/v2\/product_cat?post=49609"},{"taxonomy":"product_tag","embeddable":true,"href":"https:\/\/www.tracea.ch\/de\/wp-json\/wp\/v2\/product_tag?post=49609"}],"curies":[{"name":"wp","href":"https:\/\/api.w.org\/{rel}","templated":true}]}}