{"id":49703,"date":"2026-07-08T14:25:31","date_gmt":"2026-07-08T14:25:31","guid":{"rendered":"https:\/\/www.tracea.ch\/boutique\/non%20class\u00e9\/kids-capacida-fleece-jacket-ii\/"},"modified":"2026-07-08T14:26:08","modified_gmt":"2026-07-08T14:26:08","slug":"kids-capacida-fleece-jacket-ii","status":"publish","type":"product","link":"https:\/\/www.tracea.ch\/de\/boutique\/kids-capacida-fleece-jacket-ii\/","title":{"rendered":"Kids Capacida Fleece Jacket II"},"content":{"rendered":"<p>Parfait pour tous les sports d\u2019hiver : la veste polaire \u00e9lastique Capacida II pour enfants est dot\u00e9e d\u2019une face int\u00e9rieure douce et chaude. Utilis\u00e9e comme couche interm\u00e9diaire sous une veste outdoor ou de ski de randonn\u00e9e, elle apporte un suppl\u00e9ment de chaleur. Le mat\u00e9riau est respirant et s\u00e8che rapidement. Deux poches en biais int\u00e9rieures zipp\u00e9es permettent de ranger les petites affaires importantes ; les poignets en lycra doux et la capuche repoussent le vent. Le label Green Shape de VAUDE garantit un produit \u00e9cologique, fonctionnel et fabriqu\u00e9 dans des mat\u00e9riaux durables.<\/p>\n<p><em>2 poches frontales avec fermeture \u00e9clair, manches avec poignets en lycra, capuche mont\u00e9e, avec petite plaque pour y inscrire le nom<\/em><\/p>","protected":false},"excerpt":{"rendered":"<p>Veste polaire \u00e9lastique pour enfant, prenant part au concept d&rsquo;\u00e9conomie circulaire VAUDE #compl\u00e9ment thermique sous une veste #mati\u00e8re douce \u00e0 s\u00e9chage rapide #mati\u00e8re principale en polyester 100\u00a0% recycl\u00e9<\/p>","protected":false},"featured_media":42921,"comment_status":"closed","ping_status":"open","template":"","meta":[],"product_brand":[375],"product_cat":[213,709,216],"product_tag":[365,368,422,421],"class_list":["post-49703","product","type-product","status-publish","has-post-thumbnail","product_brand-vaude","product_cat-boutique","product_cat-veste","product_cat-vetements","product_tag-boutique","product_tag-vente","product_tag-vente-vetement","product_tag-vetement","pa_couleur-dark-sea","pa_couleur-redeva","pa_couleur-woodland","pa_taille-424","pa_taille-110-116","pa_taille-122-128","pa_taille-134-140","pa_taille-146-152","pa_taille-158-164","pa_taille-418","pa_taille-423","first","instock","purchasable","product-type-variable"],"_links":{"self":[{"href":"https:\/\/www.tracea.ch\/de\/wp-json\/wp\/v2\/product\/49703","targetHints":{"allow":["GET"]}}],"collection":[{"href":"https:\/\/www.tracea.ch\/de\/wp-json\/wp\/v2\/product"}],"about":[{"href":"https:\/\/www.tracea.ch\/de\/wp-json\/wp\/v2\/types\/product"}],"replies":[{"embeddable":true,"href":"https:\/\/www.tracea.ch\/de\/wp-json\/wp\/v2\/comments?post=49703"}],"version-history":[{"count":1,"href":"https:\/\/www.tracea.ch\/de\/wp-json\/wp\/v2\/product\/49703\/revisions"}],"predecessor-version":[{"id":49704,"href":"https:\/\/www.tracea.ch\/de\/wp-json\/wp\/v2\/product\/49703\/revisions\/49704"}],"wp:featuredmedia":[{"embeddable":true,"href":"https:\/\/www.tracea.ch\/de\/wp-json\/wp\/v2\/media\/42921"}],"wp:attachment":[{"href":"https:\/\/www.tracea.ch\/de\/wp-json\/wp\/v2\/media?parent=49703"}],"wp:term":[{"taxonomy":"product_brand","embeddable":true,"href":"https:\/\/www.tracea.ch\/de\/wp-json\/wp\/v2\/product_brand?post=49703"},{"taxonomy":"product_cat","embeddable":true,"href":"https:\/\/www.tracea.ch\/de\/wp-json\/wp\/v2\/product_cat?post=49703"},{"taxonomy":"product_tag","embeddable":true,"href":"https:\/\/www.tracea.ch\/de\/wp-json\/wp\/v2\/product_tag?post=49703"}],"curies":[{"name":"wp","href":"https:\/\/api.w.org\/{rel}","templated":true}]}}