{"id":49992,"date":"2026-07-08T14:33:53","date_gmt":"2026-07-08T14:33:53","guid":{"rendered":"https:\/\/www.tracea.ch\/boutique\/non%20class\u00e9\/mens-strathcona-jacket\/"},"modified":"2026-07-08T14:34:57","modified_gmt":"2026-07-08T14:34:57","slug":"mens-strathcona-jacket","status":"publish","type":"product","link":"https:\/\/www.tracea.ch\/de\/boutique\/mens-strathcona-jacket\/","title":{"rendered":"Men&rsquo;s Strathcona Jacket"},"content":{"rendered":"<p>La veste Strathcona pour hommes est le choix id\u00e9al des alpinistes ambitieux et des passionn\u00e9s d&rsquo;activit\u00e9s en plein air. Sa mati\u00e8re r\u00e9sistante offre une protection fiable contre le vent et la pluie. La membrane respirante \u00e9vacue efficacement l&rsquo;humidit\u00e9 vers l&rsquo;ext\u00e9rieur et assure un climat corporel agr\u00e9able, m\u00eame lors de randonn\u00e9es exigeantes. Des fermetures \u00e0 glissi\u00e8re sous les bras permettent de r\u00e9gler individuellement la ventilation. La capuche \u00e9pousant la t\u00eate prot\u00e8ge efficacement contre les rafales de vent et peut \u00eatre ajust\u00e9e de mani\u00e8re optimale gr\u00e2ce \u00e0 un cordon de serrage. Les fermetures velcro sur les manches offrent une protection suppl\u00e9mentaire contre le froid et l&rsquo;humidit\u00e9. Des caract\u00e9ristiques bien pens\u00e9es, telles qu&rsquo;une poche int\u00e9rieure facilement accessible et deux poches frontales verrouillables, offrent un espace de rangement pratique pour le smartphone, le porte-monnaie et d&rsquo;autres affaires indispensables. Avec toutes ces fonctions, la veste Strathcona pour hommes est le compagnon id\u00e9al de toutes les aventures, tout au long de l&rsquo;ann\u00e9e. En plus de la membrane imperm\u00e9able, le tissu ext\u00e9rieur de la veste Strathcona pour hommes est trait\u00e9 avec Eco Finish pour r\u00e9sister \u00e0 l&rsquo;eau et aux salissures. VAUDE renonce aux fluorocarbones, des produits chimiques appel\u00e9s PFAS ou PFC, qui sont soup\u00e7onn\u00e9s d&rsquo;\u00eatre nocifs pour la sant\u00e9. Le label Green Shape de VAUDE garantit un produit \u00e9cologique, fonctionnel et fabriqu\u00e9 dans des mat\u00e9riaux durables.<\/p>\n<p><em>mati\u00e8re double \u00e9paisseur, capuche mont\u00e9e et r\u00e9glable en largeur, 2 poches frontales dissimul\u00e9es avec zip, poignets r\u00e9glables en largeur gr\u00e2ce \u00e0 un velcro, ceinture avec cordon, doublure en deux parties, partie sup\u00e9rieure en mesh, partie inf\u00e9rieure en taffetas<\/em><\/p>","protected":false},"excerpt":{"rendered":"<p>Veste homme sportif pour sorties de randonn\u00e9e ambitieuses #imperm\u00e9able et \u00e9tanche au vent #capuche r\u00e9glable et zips sous les aisselles #mati\u00e8re principale fabriqu\u00e9e en polyester recycl\u00e9<\/p>","protected":false},"featured_media":43228,"comment_status":"closed","ping_status":"open","template":"","meta":[],"product_brand":[375],"product_cat":[213,709,216],"product_tag":[365,368,422,421],"class_list":["post-49992","product","type-product","status-publish","has-post-thumbnail","product_brand-vaude","product_cat-boutique","product_cat-veste","product_cat-vetements","product_tag-boutique","product_tag-vente","product_tag-vente-vetement","product_tag-vetement","pa_couleur-baltic-sea","pa_couleur-carmine","pa_couleur-dark-leaf","pa_couleur-phantom-black","pa_taille-l","pa_taille-m","pa_taille-s","pa_taille-xl","pa_taille-xxl","pa_taille-xxxl","first","instock","purchasable","product-type-variable"],"_links":{"self":[{"href":"https:\/\/www.tracea.ch\/de\/wp-json\/wp\/v2\/product\/49992","targetHints":{"allow":["GET"]}}],"collection":[{"href":"https:\/\/www.tracea.ch\/de\/wp-json\/wp\/v2\/product"}],"about":[{"href":"https:\/\/www.tracea.ch\/de\/wp-json\/wp\/v2\/types\/product"}],"replies":[{"embeddable":true,"href":"https:\/\/www.tracea.ch\/de\/wp-json\/wp\/v2\/comments?post=49992"}],"version-history":[{"count":1,"href":"https:\/\/www.tracea.ch\/de\/wp-json\/wp\/v2\/product\/49992\/revisions"}],"predecessor-version":[{"id":49993,"href":"https:\/\/www.tracea.ch\/de\/wp-json\/wp\/v2\/product\/49992\/revisions\/49993"}],"wp:featuredmedia":[{"embeddable":true,"href":"https:\/\/www.tracea.ch\/de\/wp-json\/wp\/v2\/media\/43228"}],"wp:attachment":[{"href":"https:\/\/www.tracea.ch\/de\/wp-json\/wp\/v2\/media?parent=49992"}],"wp:term":[{"taxonomy":"product_brand","embeddable":true,"href":"https:\/\/www.tracea.ch\/de\/wp-json\/wp\/v2\/product_brand?post=49992"},{"taxonomy":"product_cat","embeddable":true,"href":"https:\/\/www.tracea.ch\/de\/wp-json\/wp\/v2\/product_cat?post=49992"},{"taxonomy":"product_tag","embeddable":true,"href":"https:\/\/www.tracea.ch\/de\/wp-json\/wp\/v2\/product_tag?post=49992"}],"curies":[{"name":"wp","href":"https:\/\/api.w.org\/{rel}","templated":true}]}}