{"id":50094,"date":"2026-07-08T14:36:45","date_gmt":"2026-07-08T14:36:45","guid":{"rendered":"https:\/\/www.tracea.ch\/boutique\/non%20class\u00e9\/mens-tekoa-jacket-ii\/"},"modified":"2026-07-08T14:37:22","modified_gmt":"2026-07-08T14:37:22","slug":"mens-tekoa-jacket-ii","status":"publish","type":"product","link":"https:\/\/www.tracea.ch\/de\/boutique\/mens-tekoa-jacket-ii\/","title":{"rendered":"Men&rsquo;s Tekoa Jacket II"},"content":{"rendered":"<p>La veste softshell Tekoa pour hommes est synonyme de fonctionnalit\u00e9 robuste et de confort \u00e9lev\u00e9 &#8211; id\u00e9ale pour les randonn\u00e9es en montagne exigeantes, les via ferrata ou les aventures alpines. La coupe ergonomique assure une libert\u00e9 de mouvement maximale, ce qui permet de porter la veste confortablement, m\u00eame avec un baudrier ou un sac \u00e0 dos. Le mat\u00e9riau \u00e9lastique et hautement respirant favorise un climat corporel agr\u00e9able et s\u00e8che rapidement &#8211; parfait pour les activit\u00e9s intenses. Les propri\u00e9t\u00e9s coupe-vent et d\u00e9perlantes offrent une protection par temps changeant, que ce soit au petit matin ou pendant une pause en altitude. Des d\u00e9tails fonctionnels tels que deux poches spacieuses et une poche poitrine permettent de ranger les petits objets importants. La capuche ajust\u00e9e prot\u00e8ge du vent et peut \u00e9galement \u00eatre port\u00e9e sous un casque. Une ventilation sous les bras, doubl\u00e9e de mesh, favorise la circulation de l&rsquo;air lors des ascensions \u00e9prouvantes. Gr\u00e2ce \u00e0 sa construction l\u00e9g\u00e8re, la veste se range sans prendre trop de place et est toujours \u00e0 port\u00e9e de main. Le tissu ext\u00e9rieur de la veste softshell Tekoa est dot\u00e9 de la finition \u00e9cologique Eco Finish qui repousse l&rsquo;eau et la salet\u00e9 &#8211; sans utiliser de fluorocarbures (PFAS\/PFC), consid\u00e9r\u00e9s comme potentiellement nocifs pour la sant\u00e9. Le label Green Shape de VAUDE garantit un produit \u00e9cologique, fonctionnel et fabriqu\u00e9 dans des mat\u00e9riaux durables.<\/p>\n<p><em>capuche mont\u00e9e, zip \u00e0 l&rsquo;avant avec simple rabat, 1 poche poitrine avec zipp\u00e9e, 2 poches frontales avec fermeture \u00e9clair, ventilation sous les bras avec rabat stay-open, manches pr\u00e9form\u00e9es, cordon \u00e0 la ceinture avec syst\u00e8me de r\u00e9glage \u00e0 une main, poignets \u00e9lastiques<\/em><\/p>","protected":false},"excerpt":{"rendered":"<p>Veste polyvalente et l\u00e9g\u00e8re homme pour l\u2019aventure en montagne en mati\u00e8re softshell r\u00e9sistante #coupe-vent et d\u00e9perlante #coupe pr\u00e9form\u00e9e pour une aisance de mouvement optimale #mati\u00e8re principale fabriqu\u00e9e par recyclage innovant de pneus usag\u00e9s sous utilisation d\u2019une m\u00e9thode de bilan massique<\/p>","protected":false},"featured_media":43286,"comment_status":"closed","ping_status":"open","template":"","meta":[],"product_brand":[375],"product_cat":[213,709,216],"product_tag":[365,368,422,421],"class_list":["post-50094","product","type-product","status-publish","has-post-thumbnail","product_brand-vaude","product_cat-boutique","product_cat-veste","product_cat-vetements","product_tag-boutique","product_tag-vente","product_tag-vente-vetement","product_tag-vetement","pa_couleur-black","pa_couleur-dark-leaf","pa_couleur-radiate-blue","pa_taille-l","pa_taille-m","pa_taille-s","pa_taille-xl","pa_taille-xxl","first","instock","purchasable","product-type-variable"],"_links":{"self":[{"href":"https:\/\/www.tracea.ch\/de\/wp-json\/wp\/v2\/product\/50094","targetHints":{"allow":["GET"]}}],"collection":[{"href":"https:\/\/www.tracea.ch\/de\/wp-json\/wp\/v2\/product"}],"about":[{"href":"https:\/\/www.tracea.ch\/de\/wp-json\/wp\/v2\/types\/product"}],"replies":[{"embeddable":true,"href":"https:\/\/www.tracea.ch\/de\/wp-json\/wp\/v2\/comments?post=50094"}],"version-history":[{"count":1,"href":"https:\/\/www.tracea.ch\/de\/wp-json\/wp\/v2\/product\/50094\/revisions"}],"predecessor-version":[{"id":50095,"href":"https:\/\/www.tracea.ch\/de\/wp-json\/wp\/v2\/product\/50094\/revisions\/50095"}],"wp:featuredmedia":[{"embeddable":true,"href":"https:\/\/www.tracea.ch\/de\/wp-json\/wp\/v2\/media\/43286"}],"wp:attachment":[{"href":"https:\/\/www.tracea.ch\/de\/wp-json\/wp\/v2\/media?parent=50094"}],"wp:term":[{"taxonomy":"product_brand","embeddable":true,"href":"https:\/\/www.tracea.ch\/de\/wp-json\/wp\/v2\/product_brand?post=50094"},{"taxonomy":"product_cat","embeddable":true,"href":"https:\/\/www.tracea.ch\/de\/wp-json\/wp\/v2\/product_cat?post=50094"},{"taxonomy":"product_tag","embeddable":true,"href":"https:\/\/www.tracea.ch\/de\/wp-json\/wp\/v2\/product_tag?post=50094"}],"curies":[{"name":"wp","href":"https:\/\/api.w.org\/{rel}","templated":true}]}}