{"id":50417,"date":"2026-07-08T14:46:06","date_gmt":"2026-07-08T14:46:06","guid":{"rendered":"https:\/\/www.tracea.ch\/boutique\/non%20class\u00e9\/womens-hurricane-vest-iii\/"},"modified":"2026-07-08T14:47:07","modified_gmt":"2026-07-08T14:47:07","slug":"womens-hurricane-vest-iii","status":"publish","type":"product","link":"https:\/\/www.tracea.ch\/de\/boutique\/womens-hurricane-vest-iii\/","title":{"rendered":"Women&rsquo;s Hurricane Vest III"},"content":{"rendered":"<p>Un petit vent frais en montagne \u2013 Aucun probl\u00e8me ! Le Hurricane Vest est un classique \u00e9prouv\u00e9 parmi les gilets d&rsquo;\u00e9t\u00e9 softshell coupe-vent. La mati\u00e8re extensible et respirante, certifi\u00e9e selon la tr\u00e8s stricte norme environnementale bluesign\u00ae, assure un confort agr\u00e9able o\u00f9 que vous soyez. Gr\u00e2ce \u00e0 la coupe pr\u00e8s du corps, ce mod\u00e8le est \u00e9galement parfait comme seconde couche l\u00e9g\u00e8re sous une veste imperm\u00e9able ou comme coupe-vent par-dessus une polaire. : eu un mot, un compl\u00e9ment pratique \u00e0 votre garde-robe outdoor. Ce produit est imperm\u00e9abilis\u00e9 avec la finition Eco Finish, \u00e9cologique et sans fluorocarbures (PFC). Le label Green Shape de VAUDE garantit un produit \u00e9cologique, fonctionnel et fabriqu\u00e9 dans des mat\u00e9riaux durables.<\/p>\n<p><em>softshell herm\u00e9tique au vent, zip frontal avec rabat int\u00e9rieur, 2 poches frontales dissimul\u00e9es avec zip, cordon \u00e0 la ceinture r\u00e9glable par les poches<\/em><\/p>","protected":false},"excerpt":{"rendered":"<p>Gilet softshell classique pour la randonn\u00e9e # 100 % coupe-vent, respirant et d\u00e9perlant # l\u00e9ger #fabrication \u00e9cologique<\/p>","protected":false},"featured_media":19943,"comment_status":"closed","ping_status":"open","template":"","meta":[],"product_brand":[375],"product_cat":[213,728,216],"product_tag":[365,368,422,421],"class_list":["post-50417","product","type-product","status-publish","has-post-thumbnail","product_brand-vaude","product_cat-boutique","product_cat-gilet","product_cat-vetements","product_tag-boutique","product_tag-vente","product_tag-vente-vetement","product_tag-vetement","pa_couleur-black-black","pa_couleur-brick","pa_couleur-dark-sea","pa_taille-466","pa_taille-436","pa_taille-437","pa_taille-438","pa_taille-439","pa_taille-440","pa_taille-441","pa_taille-459","first","instock","purchasable","product-type-variable"],"_links":{"self":[{"href":"https:\/\/www.tracea.ch\/de\/wp-json\/wp\/v2\/product\/50417","targetHints":{"allow":["GET"]}}],"collection":[{"href":"https:\/\/www.tracea.ch\/de\/wp-json\/wp\/v2\/product"}],"about":[{"href":"https:\/\/www.tracea.ch\/de\/wp-json\/wp\/v2\/types\/product"}],"replies":[{"embeddable":true,"href":"https:\/\/www.tracea.ch\/de\/wp-json\/wp\/v2\/comments?post=50417"}],"version-history":[{"count":1,"href":"https:\/\/www.tracea.ch\/de\/wp-json\/wp\/v2\/product\/50417\/revisions"}],"predecessor-version":[{"id":50418,"href":"https:\/\/www.tracea.ch\/de\/wp-json\/wp\/v2\/product\/50417\/revisions\/50418"}],"wp:featuredmedia":[{"embeddable":true,"href":"https:\/\/www.tracea.ch\/de\/wp-json\/wp\/v2\/media\/19943"}],"wp:attachment":[{"href":"https:\/\/www.tracea.ch\/de\/wp-json\/wp\/v2\/media?parent=50417"}],"wp:term":[{"taxonomy":"product_brand","embeddable":true,"href":"https:\/\/www.tracea.ch\/de\/wp-json\/wp\/v2\/product_brand?post=50417"},{"taxonomy":"product_cat","embeddable":true,"href":"https:\/\/www.tracea.ch\/de\/wp-json\/wp\/v2\/product_cat?post=50417"},{"taxonomy":"product_tag","embeddable":true,"href":"https:\/\/www.tracea.ch\/de\/wp-json\/wp\/v2\/product_tag?post=50417"}],"curies":[{"name":"wp","href":"https:\/\/api.w.org\/{rel}","templated":true}]}}