{"id":50468,"date":"2026-07-08T14:47:38","date_gmt":"2026-07-08T14:47:38","guid":{"rendered":"https:\/\/www.tracea.ch\/boutique\/non%20class\u00e9\/womens-moena-insulation-vest\/"},"modified":"2026-07-08T14:48:00","modified_gmt":"2026-07-08T14:48:00","slug":"womens-moena-insulation-vest","status":"publish","type":"product","link":"https:\/\/www.tracea.ch\/de\/boutique\/womens-moena-insulation-vest\/","title":{"rendered":"Women&rsquo;s Moena Insulation Vest"},"content":{"rendered":"<p>Bonne humeur garantie chez les amateurs de randonn\u00e9e en hiver: avec son rembourrage \u00e9cologique PrimaLoft\u00ae Black Insolation Eco, ce gilet moderne et f\u00e9minin apporte une protection thermique aux endroits strat\u00e9giques. Ce gilet femme est compos\u00e9 de mat\u00e9riau recycl\u00e9 de bout en bout, l\u00e9ger et facile d&rsquo;entretien. Ce gilet se porte ais\u00e9ment sous une veste mais produit aussi le plus bel effet sur un maillot \u00e0 manches longues. Deux poches zipp\u00e9es permettent de ranger l&rsquo;essentiel pour la route ou de se r\u00e9chauffer les doigts. Avec son matelassage moderne et son confort au porter \u00e9lev\u00e9, le gilet isolant Moena constitue un compl\u00e9ment appr\u00e9ci\u00e9 en voyages, randonn\u00e9es ou trekkings. Le label Green Shape de VAUDE garantit un produit \u00e9cologique, fonctionnel et fabriqu\u00e9 dans des mat\u00e9riaux durables certifi\u00e9s bluesign\u00ae.<\/p>\n<p><em>zip frontal avec rabat int\u00e9rieur, 2 poches frontale avec zip cousu finement, bord avec \u00e9lastique<\/em><\/p>","protected":false},"excerpt":{"rendered":"<p>Gilet femme chaud et rembourr\u00e9 pour la randonn\u00e9e et le quotidien #respirant et d\u00e9perlant #look moderne #fabrication en mat\u00e9riau recycl\u00e9<\/p>","protected":false},"featured_media":21387,"comment_status":"closed","ping_status":"open","template":"","meta":[],"product_brand":[375],"product_cat":[213,728,216],"product_tag":[365,368,422,421],"class_list":["post-50468","product","type-product","status-publish","has-post-thumbnail","product_brand-vaude","product_cat-boutique","product_cat-gilet","product_cat-vetements","product_tag-boutique","product_tag-vente","product_tag-vente-vetement","product_tag-vetement","pa_couleur-black-uni","pa_taille-466","pa_taille-436","pa_taille-437","pa_taille-438","pa_taille-439","pa_taille-440","pa_taille-441","first","instock","purchasable","product-type-variable"],"_links":{"self":[{"href":"https:\/\/www.tracea.ch\/de\/wp-json\/wp\/v2\/product\/50468","targetHints":{"allow":["GET"]}}],"collection":[{"href":"https:\/\/www.tracea.ch\/de\/wp-json\/wp\/v2\/product"}],"about":[{"href":"https:\/\/www.tracea.ch\/de\/wp-json\/wp\/v2\/types\/product"}],"replies":[{"embeddable":true,"href":"https:\/\/www.tracea.ch\/de\/wp-json\/wp\/v2\/comments?post=50468"}],"version-history":[{"count":1,"href":"https:\/\/www.tracea.ch\/de\/wp-json\/wp\/v2\/product\/50468\/revisions"}],"predecessor-version":[{"id":50469,"href":"https:\/\/www.tracea.ch\/de\/wp-json\/wp\/v2\/product\/50468\/revisions\/50469"}],"wp:featuredmedia":[{"embeddable":true,"href":"https:\/\/www.tracea.ch\/de\/wp-json\/wp\/v2\/media\/21387"}],"wp:attachment":[{"href":"https:\/\/www.tracea.ch\/de\/wp-json\/wp\/v2\/media?parent=50468"}],"wp:term":[{"taxonomy":"product_brand","embeddable":true,"href":"https:\/\/www.tracea.ch\/de\/wp-json\/wp\/v2\/product_brand?post=50468"},{"taxonomy":"product_cat","embeddable":true,"href":"https:\/\/www.tracea.ch\/de\/wp-json\/wp\/v2\/product_cat?post=50468"},{"taxonomy":"product_tag","embeddable":true,"href":"https:\/\/www.tracea.ch\/de\/wp-json\/wp\/v2\/product_tag?post=50468"}],"curies":[{"name":"wp","href":"https:\/\/api.w.org\/{rel}","templated":true}]}}