{"id":50575,"date":"2026-07-08T14:51:07","date_gmt":"2026-07-08T14:51:07","guid":{"rendered":"https:\/\/www.tracea.ch\/boutique\/non%20class\u00e9\/womens-sesvenna-vest-iv\/"},"modified":"2026-07-08T14:53:32","modified_gmt":"2026-07-08T14:53:32","slug":"womens-sesvenna-vest-iv","status":"publish","type":"product","link":"https:\/\/www.tracea.ch\/de\/boutique\/womens-sesvenna-vest-iv\/","title":{"rendered":"Women&rsquo;s Sesvenna Vest IV"},"content":{"rendered":"<p>Le gilet Sesvenna pour femme est une couche chauffante \u00e9cologique pour la rando \u00e0 ski et en montagne sportive. Le gilet l\u00e9ger rembourr\u00e9 avec l&rsquo;isolant PrimaLoft\u00ae Silver Insulation Eco offre une tenue optimale gr\u00e2ce \u00e0 ses empi\u00e8cements \u00e9lastiques sous les altitudes enneig\u00e9es. Les zones lat\u00e9rales en stretch performance sont hautement respirantes et contribuent en outre \u00e0 am\u00e9liorer la libert\u00e9 de mouvement. Le gilet isolant pr\u00e8s du corps pour femme se glisse partout gr\u00e2ce \u00e0 ses dimensions compactes. Les deux poches doubl\u00e9es douces sont aussi bien accessibles en portant un sac \u00e0 dos. Pour pr\u00e9server les ressources fossiles \u2013 et le climat aussi \u2013 la veste isolante femme est principalement compos\u00e9e de mat\u00e9riaux recycl\u00e9s qui sont certifi\u00e9s selon le syst\u00e8me bluesign\u00ae. Le gilet est appr\u00eat\u00e9 avec la finition Eco Finish, d\u00e9perlante, \u00e9cologique et sans fluorocarbures (PFC). En tant que membre \u00e9lev\u00e9 au rang de Leader de l&rsquo;organisme ind\u00e9pendant Fair Wear, VAUDE s&rsquo;engage en faveur de conditions de travail et de salaires \u00e9quitables.<\/p>\n<p><em>ouat\u00e9, parties en stretch, col montant, zip frontal double-sens invers\u00e9 avec rabat int\u00e9rieur, emmanchures avec bord en lycra, 2 poches frontales avec fermeture \u00e9clair, ceinture avec bordure en lycra<\/em><\/p>","protected":false},"excerpt":{"rendered":"<p>Gilet isolant sportif femme pour la randonn\u00e9e \u00e0 ski #chaud et d\u00e9perlant avec l&rsquo;isolation PrimaLoft\u00ae #empi\u00e8cements \u00e9lastiques, ultra respirants#fabrication \u00e9cologique avec des mat\u00e9riaux partiellement recycl\u00e9s<\/p>","protected":false},"featured_media":22490,"comment_status":"closed","ping_status":"open","template":"","meta":[],"product_brand":[375],"product_cat":[213,728,216],"product_tag":[365,368,422,421],"class_list":["post-50575","product","type-product","status-publish","has-post-thumbnail","product_brand-vaude","product_cat-boutique","product_cat-gilet","product_cat-vetements","product_tag-boutique","product_tag-vente","product_tag-vente-vetement","product_tag-vetement","pa_couleur-black-black","pa_couleur-buckeye","pa_couleur-dark-sea-uni","pa_couleur-dusty-fern","pa_couleur-iris","pa_couleur-savanna","pa_couleur-shore-blue","pa_taille-466","pa_taille-436","pa_taille-437","pa_taille-438","pa_taille-439","pa_taille-440","pa_taille-441","pa_taille-459","first","instock","purchasable","product-type-variable"],"_links":{"self":[{"href":"https:\/\/www.tracea.ch\/de\/wp-json\/wp\/v2\/product\/50575","targetHints":{"allow":["GET"]}}],"collection":[{"href":"https:\/\/www.tracea.ch\/de\/wp-json\/wp\/v2\/product"}],"about":[{"href":"https:\/\/www.tracea.ch\/de\/wp-json\/wp\/v2\/types\/product"}],"replies":[{"embeddable":true,"href":"https:\/\/www.tracea.ch\/de\/wp-json\/wp\/v2\/comments?post=50575"}],"version-history":[{"count":1,"href":"https:\/\/www.tracea.ch\/de\/wp-json\/wp\/v2\/product\/50575\/revisions"}],"predecessor-version":[{"id":50576,"href":"https:\/\/www.tracea.ch\/de\/wp-json\/wp\/v2\/product\/50575\/revisions\/50576"}],"wp:featuredmedia":[{"embeddable":true,"href":"https:\/\/www.tracea.ch\/de\/wp-json\/wp\/v2\/media\/22490"}],"wp:attachment":[{"href":"https:\/\/www.tracea.ch\/de\/wp-json\/wp\/v2\/media?parent=50575"}],"wp:term":[{"taxonomy":"product_brand","embeddable":true,"href":"https:\/\/www.tracea.ch\/de\/wp-json\/wp\/v2\/product_brand?post=50575"},{"taxonomy":"product_cat","embeddable":true,"href":"https:\/\/www.tracea.ch\/de\/wp-json\/wp\/v2\/product_cat?post=50575"},{"taxonomy":"product_tag","embeddable":true,"href":"https:\/\/www.tracea.ch\/de\/wp-json\/wp\/v2\/product_tag?post=50575"}],"curies":[{"name":"wp","href":"https:\/\/api.w.org\/{rel}","templated":true}]}}