{"id":50641,"date":"2026-07-08T14:53:32","date_gmt":"2026-07-08T14:53:32","guid":{"rendered":"https:\/\/www.tracea.ch\/boutique\/non%20class\u00e9\/mens-sesvenna-vest-iv\/"},"modified":"2026-07-08T14:55:01","modified_gmt":"2026-07-08T14:55:01","slug":"mens-sesvenna-vest-iv","status":"publish","type":"product","link":"https:\/\/www.tracea.ch\/de\/boutique\/mens-sesvenna-vest-iv\/","title":{"rendered":"Men&rsquo;s Sesvenna Vest IV"},"content":{"rendered":"<p>Le gilet Sesvenna pour homme se porte en couche thermique sur les parcours sportifs \u00e0 ski et en montagne et b\u00e9n\u00e9ficie en sus d&rsquo;une \u00e9coconception. Le garnissage en PrimaLoft\u00ae Silver Insulation Eco fait de ce gilet isolant homme un compagnon l\u00e9ger et compact. Les empi\u00e8cements \u00e9lastiques assurent une belle amplitude de mouvement quand il s&rsquo;agit de se d\u00e9mener sur les pistes de ski. Les zones lat\u00e9rales en stretch performance sont en outre hautement respirantes. Le gilet isolant homme pr\u00e9sente une coupe pr\u00e8s du corps. Ses deux poches rembourr\u00e9es douces sont bien accessibles m\u00eame en portant un sac \u00e0 dos. Pour pr\u00e9server les ressources fossiles \u2013 et le climat aussi \u2013 la veste isolante homme est principalement compos\u00e9e de mat\u00e9riaux recycl\u00e9s qui sont certifi\u00e9s selon le syst\u00e8me bluesign\u00ae. Le gilet est appr\u00eat\u00e9 avec la finition Eco Finish, d\u00e9perlante, \u00e9cologique et sans fluorocarbures (PFC). En tant que membre \u00e9lev\u00e9 au rang de Leader de l&rsquo;organisme ind\u00e9pendant Fair Wear, VAUDE s&rsquo;engage en faveur de conditions de travail et de salaires \u00e9quitables.<\/p>\n<p><em>ouat\u00e9, parties en stretch, col montant, zip frontal double-sens invers\u00e9 avec rabat int\u00e9rieur, emmanchures avec bord en lycra, 1 poche poitrine avec zipp\u00e9e, 2 poches frontales avec fermeture \u00e9clair, ceinture avec bordure en lycra<\/em><\/p>","protected":false},"excerpt":{"rendered":"<p>Gilet isolant sportif homme pour la randonn\u00e9e \u00e0 ski #d\u00e9perlant et chaud avec l&rsquo;isolation PrimaLoft\u00ae #empi\u00e8cements \u00e9lastiques, ultra respirants#fabrication \u00e9cologique avec des mat\u00e9riaux principalement recycl\u00e9s<\/p>","protected":false},"featured_media":22574,"comment_status":"closed","ping_status":"open","template":"","meta":[],"product_brand":[375],"product_cat":[213,728,216],"product_tag":[365,368,422,421],"class_list":["post-50641","product","type-product","status-publish","has-post-thumbnail","product_brand-vaude","product_cat-boutique","product_cat-gilet","product_cat-vetements","product_tag-boutique","product_tag-vente","product_tag-vente-vetement","product_tag-vetement","pa_couleur-black-black","pa_couleur-carmine","pa_couleur-dark-sea-uni","pa_couleur-deep-pond","pa_couleur-radiate-blue","pa_couleur-savanna","pa_taille-l","pa_taille-m","pa_taille-s","pa_taille-xl","pa_taille-xxl","pa_taille-xxxl","first","instock","purchasable","product-type-variable"],"_links":{"self":[{"href":"https:\/\/www.tracea.ch\/de\/wp-json\/wp\/v2\/product\/50641","targetHints":{"allow":["GET"]}}],"collection":[{"href":"https:\/\/www.tracea.ch\/de\/wp-json\/wp\/v2\/product"}],"about":[{"href":"https:\/\/www.tracea.ch\/de\/wp-json\/wp\/v2\/types\/product"}],"replies":[{"embeddable":true,"href":"https:\/\/www.tracea.ch\/de\/wp-json\/wp\/v2\/comments?post=50641"}],"version-history":[{"count":1,"href":"https:\/\/www.tracea.ch\/de\/wp-json\/wp\/v2\/product\/50641\/revisions"}],"predecessor-version":[{"id":50642,"href":"https:\/\/www.tracea.ch\/de\/wp-json\/wp\/v2\/product\/50641\/revisions\/50642"}],"wp:featuredmedia":[{"embeddable":true,"href":"https:\/\/www.tracea.ch\/de\/wp-json\/wp\/v2\/media\/22574"}],"wp:attachment":[{"href":"https:\/\/www.tracea.ch\/de\/wp-json\/wp\/v2\/media?parent=50641"}],"wp:term":[{"taxonomy":"product_brand","embeddable":true,"href":"https:\/\/www.tracea.ch\/de\/wp-json\/wp\/v2\/product_brand?post=50641"},{"taxonomy":"product_cat","embeddable":true,"href":"https:\/\/www.tracea.ch\/de\/wp-json\/wp\/v2\/product_cat?post=50641"},{"taxonomy":"product_tag","embeddable":true,"href":"https:\/\/www.tracea.ch\/de\/wp-json\/wp\/v2\/product_tag?post=50641"}],"curies":[{"name":"wp","href":"https:\/\/api.w.org\/{rel}","templated":true}]}}