{"id":51115,"date":"2026-07-08T15:08:52","date_gmt":"2026-07-08T15:08:52","guid":{"rendered":"https:\/\/www.tracea.ch\/boutique\/non%20class\u00e9\/mens-freney-vest-iv\/"},"modified":"2026-07-08T15:09:57","modified_gmt":"2026-07-08T15:09:57","slug":"mens-freney-vest-iv","status":"publish","type":"product","link":"https:\/\/www.tracea.ch\/de\/boutique\/mens-freney-vest-iv\/","title":{"rendered":"Men&rsquo;s Freney Vest IV"},"content":{"rendered":"<p>L&rsquo;as qui ne tombe pas des manches\u00a0: le gilet isolant homme s\u00e9duit par son poids faible et un encombrement minime, pour ne pas s&rsquo;en s\u00e9parer sur chaque vir\u00e9e en montagne dans son sac \u00e0 dos. La mati\u00e8re ext\u00e9rieure n&rsquo;est pas seulement l\u00e9g\u00e8re et robuste, mais elle est aussi dot\u00e9e de la finition d\u00e9perlante et antisalissures Eco Finish sans PFC. Le gilet isolant Freney IV est rembourr\u00e9 avec les fibres synth\u00e9tiques PrimaLoft\u00ae insensibles \u00e0 l&rsquo;humidit\u00e9, qui r\u00e9chauffe efficacement m\u00eame \u00e0 l&rsquo;\u00e9tat humide. Les bordures \u00e9lastiques aux poignets, la taille r\u00e9glable et le col montant haut assurent la protection du torse contre le vent. Selon les conditions m\u00e9t\u00e9o, le gilet \u00e9pousant le corps se combine ais\u00e9ment avec une veste de pluie, un coupe-vent ou une hardshell. Port\u00e9 en solo, les deux poches avant restent bien accessibles malgr\u00e9 le port d&rsquo;un baudrier\u00a0; sa poche poitrine garde en permanence un smartphone \u00e0 port\u00e9e de main tout en prot\u00e9geant la batterie du froid. Le label Green Shape de VAUDE garantit un produit \u00e9cologique, fonctionnel et fabriqu\u00e9 dans des mat\u00e9riaux durables. En tant que membre Leader de l&rsquo;organisme ind\u00e9pendant Fair Wear, VAUDE s&rsquo;engage en faveur de conditions de travail et de salaires \u00e9quitables.<\/p>\n<p><em>coupe sport \u00e9troite, ouat\u00e9, col montant, zip frontal avec rabat int\u00e9rieur, 1 poche poitrine avec zipp\u00e9e, 2 poches frontales avec fermeture \u00e9clair, 1 poche \u00e0 l\u2019avant pour ranger, emmanchures avec bord en lycra, cordon \u00e0 la ceinture avec syst\u00e8me de r\u00e9glage \u00e0 une main<\/em><\/p>","protected":false},"excerpt":{"rendered":"<p>Gilet isolant homme l\u00e9ger pour les sports de montagne #chaud et respirant #facile d&rsquo;entretien et compressible #mati\u00e8re principale essentiellement fabriqu\u00e9e en polyamide recycl\u00e9<\/p>","protected":false},"featured_media":28256,"comment_status":"closed","ping_status":"open","template":"","meta":[],"product_brand":[375],"product_cat":[213,728,216],"product_tag":[365,368,422,421],"class_list":["post-51115","product","type-product","status-publish","has-post-thumbnail","product_brand-vaude","product_cat-boutique","product_cat-gilet","product_cat-vetements","product_tag-boutique","product_tag-vente","product_tag-vente-vetement","product_tag-vetement","pa_couleur-agave","pa_couleur-black","pa_couleur-carmine","pa_couleur-dark-leaf","pa_couleur-dark-sea","pa_taille-l","pa_taille-m","pa_taille-s","pa_taille-xl","pa_taille-xxl","first","instock","purchasable","product-type-variable"],"_links":{"self":[{"href":"https:\/\/www.tracea.ch\/de\/wp-json\/wp\/v2\/product\/51115","targetHints":{"allow":["GET"]}}],"collection":[{"href":"https:\/\/www.tracea.ch\/de\/wp-json\/wp\/v2\/product"}],"about":[{"href":"https:\/\/www.tracea.ch\/de\/wp-json\/wp\/v2\/types\/product"}],"replies":[{"embeddable":true,"href":"https:\/\/www.tracea.ch\/de\/wp-json\/wp\/v2\/comments?post=51115"}],"version-history":[{"count":1,"href":"https:\/\/www.tracea.ch\/de\/wp-json\/wp\/v2\/product\/51115\/revisions"}],"predecessor-version":[{"id":51116,"href":"https:\/\/www.tracea.ch\/de\/wp-json\/wp\/v2\/product\/51115\/revisions\/51116"}],"wp:featuredmedia":[{"embeddable":true,"href":"https:\/\/www.tracea.ch\/de\/wp-json\/wp\/v2\/media\/28256"}],"wp:attachment":[{"href":"https:\/\/www.tracea.ch\/de\/wp-json\/wp\/v2\/media?parent=51115"}],"wp:term":[{"taxonomy":"product_brand","embeddable":true,"href":"https:\/\/www.tracea.ch\/de\/wp-json\/wp\/v2\/product_brand?post=51115"},{"taxonomy":"product_cat","embeddable":true,"href":"https:\/\/www.tracea.ch\/de\/wp-json\/wp\/v2\/product_cat?post=51115"},{"taxonomy":"product_tag","embeddable":true,"href":"https:\/\/www.tracea.ch\/de\/wp-json\/wp\/v2\/product_tag?post=51115"}],"curies":[{"name":"wp","href":"https:\/\/api.w.org\/{rel}","templated":true}]}}