{"id":51167,"date":"2026-07-08T15:10:24","date_gmt":"2026-07-08T15:10:24","guid":{"rendered":"https:\/\/www.tracea.ch\/boutique\/non%20class\u00e9\/womens-najun-fleece-vest\/"},"modified":"2026-07-08T15:11:26","modified_gmt":"2026-07-08T15:11:26","slug":"najun-fleeceweste-fur-damen","status":"publish","type":"product","link":"https:\/\/www.tracea.ch\/de\/boutique\/womens-najun-fleece-vest\/","title":{"rendered":"Najun Fleece-Weste f\u00fcr Damen"},"content":{"rendered":"<p>Die perfekte Kombination aus Stil und Weichheit f\u00fcr junge Frauen. Die Najun-Fleecejacke besticht durch ihren l\u00e4ssigen Schnitt und ihre coolen Farben. Die Seitenschlitze sorgen f\u00fcr maximale Bewegungsfreiheit und setzen einen trendigen Akzent. Ein besonders flauschiges Sherpa-Fleece sorgt f\u00fcr kuschelige W\u00e4rme, w\u00e4hrend kontrastierende Elemente im Brust- und oberen R\u00fcckenbereich f\u00fcr einen l\u00e4ssigen Touch sorgen. Der hohe Kragen schmiegt sich angenehm an den Hals an, und die vorne teilweise verdeckte Knopfleiste verleiht der Jacke einen schlichten Look. Zwei Rei\u00dfverschlusstaschen bieten Platz f\u00fcr das N\u00f6tigste oder zum W\u00e4rmen der H\u00e4nde. Die Fleece-Weste \u201eNajun\u201c ist der ideale Begleiter f\u00fcr urbane Abenteuer bei kaltem Wetter und ein Must-have f\u00fcr jede junge Fashionista mit einer Leidenschaft f\u00fcr Outdoor-Aktivit\u00e4ten.<\/p>\n<p><em>, , teilweise verdeckte Knopfleiste, 2 Vordertaschen mit Rei\u00dfverschluss, ,<\/em><\/p>","protected":false},"excerpt":{"rendered":"<p>Elegante und kuschelige Fleece-Weste f\u00fcr Damen #, lockere Passform mit Seitenschlitzen f\u00fcr einen l\u00e4ssigen Look #, ultraweiches Sherpa-Fleece<\/p>","protected":false},"featured_media":42915,"comment_status":"closed","ping_status":"open","template":"","meta":[],"product_brand":[375],"product_cat":[213,728,216],"product_tag":[365,368,422,421],"class_list":["post-51167","product","type-product","status-publish","has-post-thumbnail","product_brand-vaude","product_cat-boutique","product_cat-gilet","product_cat-vetements","product_tag-boutique","product_tag-vente","product_tag-vente-vetement","product_tag-vetement","pa_couleur-dark-iris","pa_couleur-ecru","pa_couleur-phantom-black","pa_taille-466","pa_taille-436","pa_taille-437","pa_taille-438","pa_taille-439","pa_taille-440","pa_taille-441","first","instock","purchasable","product-type-variable"],"_links":{"self":[{"href":"https:\/\/www.tracea.ch\/de\/wp-json\/wp\/v2\/product\/51167","targetHints":{"allow":["GET"]}}],"collection":[{"href":"https:\/\/www.tracea.ch\/de\/wp-json\/wp\/v2\/product"}],"about":[{"href":"https:\/\/www.tracea.ch\/de\/wp-json\/wp\/v2\/types\/product"}],"replies":[{"embeddable":true,"href":"https:\/\/www.tracea.ch\/de\/wp-json\/wp\/v2\/comments?post=51167"}],"version-history":[{"count":1,"href":"https:\/\/www.tracea.ch\/de\/wp-json\/wp\/v2\/product\/51167\/revisions"}],"predecessor-version":[{"id":51168,"href":"https:\/\/www.tracea.ch\/de\/wp-json\/wp\/v2\/product\/51167\/revisions\/51168"}],"wp:featuredmedia":[{"embeddable":true,"href":"https:\/\/www.tracea.ch\/de\/wp-json\/wp\/v2\/media\/42915"}],"wp:attachment":[{"href":"https:\/\/www.tracea.ch\/de\/wp-json\/wp\/v2\/media?parent=51167"}],"wp:term":[{"taxonomy":"product_brand","embeddable":true,"href":"https:\/\/www.tracea.ch\/de\/wp-json\/wp\/v2\/product_brand?post=51167"},{"taxonomy":"product_cat","embeddable":true,"href":"https:\/\/www.tracea.ch\/de\/wp-json\/wp\/v2\/product_cat?post=51167"},{"taxonomy":"product_tag","embeddable":true,"href":"https:\/\/www.tracea.ch\/de\/wp-json\/wp\/v2\/product_tag?post=51167"}],"curies":[{"name":"wp","href":"https:\/\/api.w.org\/{rel}","templated":true}]}}