{"id":6388,"date":"2026-06-29T15:32:36","date_gmt":"2026-06-29T15:32:36","guid":{"rendered":"https:\/\/www.tracea.ch\/boutique\/non%20class\u00e9\/hochgrat-300-dwn\/"},"modified":"2026-06-29T15:32:53","modified_gmt":"2026-06-29T15:32:53","slug":"hochgrat-300-dwn","status":"publish","type":"product","link":"https:\/\/www.tracea.ch\/de\/boutique\/hochgrat-300-dwn\/","title":{"rendered":"Hochgrat 300 DWN"},"content":{"rendered":"<p>Notre multitalent \u00e9cologique pour les circuits de refuge en refuge, en v\u00e9lo ou de trekking : le sac de couchage en duvet Hochgrat 300 offre un usage polyvalent et assure un sommeil r\u00e9parateur gr\u00e2ce \u00e0 son \u00e9quipement tout confort. Son garnissage en duvet haut de gamme 600+ cuin certifi\u00e9 RDS avec finition DWR de Nikwax est insensible \u00e0 l&rsquo;humidit\u00e9 et assure un climat agr\u00e9able pour la qualit\u00e9 de sommeil lors des mois d&rsquo;\u00e9t\u00e9. Les coutures traversantes maintiennent le duvet en lieu et place et r\u00e9duisent l&rsquo;encombrement et le poids au minimum. Le mat\u00e9riau int\u00e9rieur du sac de couchage en duvet est une v\u00e9ritable caresse sur la peau gr\u00e2ce au taffetas en polyester recycl\u00e9 doux. Sa fermeture \u00e9clair positionn\u00e9e de mani\u00e8re ergonomique, une collerette antifroid et la capuche chaude et confortable parfaitement ajust\u00e9e et adapt\u00e9e aux besoins des sportifs outdoor \u00e9reint\u00e9s apportent un plus en termes de confort et d&rsquo;adaptabilit\u00e9. Hautement polyvalent, Hochgrat 300 sac de couchage en duvet est par cons\u00e9quent le sac de couchage de trekking compressible id\u00e9al en \u00e9t\u00e9. Le label Green Shape de VAUDE garantit un produit \u00e9cologique, fonctionnel et fabriqu\u00e9 dans des mat\u00e9riaux durables.<\/p>\n<p><em>Sac de couchage en duvet l\u00e9ger et polyvalent pour le trekking, le cyclotourisme et les circuits de refuge en refuge # r\u00e9partition de la chaleur optimale gr\u00e2ce \u00e0 la coupe momie # compartiment des pieds 3D pour plus de confort #fabrication en mat\u00e9riau recycl\u00e9 et duvet certifi\u00e9 # Nikwax Hydrophobic Down Plus<\/em><\/p>","protected":false},"excerpt":{"rendered":"<p>Sac de couchage en duvet l\u00e9ger et polyvalent pour le trekking, le cyclotourisme et les circuits de refuge en refuge # r\u00e9partition de la chaleur optimale gr\u00e2ce \u00e0 la coupe momie # compartiment des pieds 3D pour plus de confort #fabrication en mat\u00e9riau recycl\u00e9 et duvet certifi\u00e9 # Nikwax Hydrophobic Down Plus<\/p>","protected":false},"featured_media":6389,"comment_status":"closed","ping_status":"open","template":"","meta":[],"product_brand":[375],"product_cat":[213,394,362],"product_tag":[365,389,368,390],"class_list":["post-6388","product","type-product","status-publish","has-post-thumbnail","product_brand-vaude","product_cat-boutique","product_cat-duvet","product_cat-sacs-de-couchage","product_tag-boutique","product_tag-sac-de-couchage","product_tag-vente","product_tag-vente-sac-de-couchage","pa_saison-ete","first","instock","purchasable","product-type-simple"],"_links":{"self":[{"href":"https:\/\/www.tracea.ch\/de\/wp-json\/wp\/v2\/product\/6388","targetHints":{"allow":["GET"]}}],"collection":[{"href":"https:\/\/www.tracea.ch\/de\/wp-json\/wp\/v2\/product"}],"about":[{"href":"https:\/\/www.tracea.ch\/de\/wp-json\/wp\/v2\/types\/product"}],"replies":[{"embeddable":true,"href":"https:\/\/www.tracea.ch\/de\/wp-json\/wp\/v2\/comments?post=6388"}],"version-history":[{"count":0,"href":"https:\/\/www.tracea.ch\/de\/wp-json\/wp\/v2\/product\/6388\/revisions"}],"wp:featuredmedia":[{"embeddable":true,"href":"https:\/\/www.tracea.ch\/de\/wp-json\/wp\/v2\/media\/6389"}],"wp:attachment":[{"href":"https:\/\/www.tracea.ch\/de\/wp-json\/wp\/v2\/media?parent=6388"}],"wp:term":[{"taxonomy":"product_brand","embeddable":true,"href":"https:\/\/www.tracea.ch\/de\/wp-json\/wp\/v2\/product_brand?post=6388"},{"taxonomy":"product_cat","embeddable":true,"href":"https:\/\/www.tracea.ch\/de\/wp-json\/wp\/v2\/product_cat?post=6388"},{"taxonomy":"product_tag","embeddable":true,"href":"https:\/\/www.tracea.ch\/de\/wp-json\/wp\/v2\/product_tag?post=6388"}],"curies":[{"name":"wp","href":"https:\/\/api.w.org\/{rel}","templated":true}]}}