{"id":6421,"date":"2026-06-29T15:34:26","date_gmt":"2026-06-29T15:34:26","guid":{"rendered":"https:\/\/www.tracea.ch\/boutique\/non%20class\u00e9\/rotstein-450-dwn\/"},"modified":"2026-06-29T15:34:34","modified_gmt":"2026-06-29T15:34:34","slug":"rotstein-450-dwn","status":"publish","type":"product","link":"https:\/\/www.tracea.ch\/de\/boutique\/rotstein-450-dwn\/","title":{"rendered":"Rotstein 450 DWN"},"content":{"rendered":"<p>En qu\u00eate d&rsquo;un poids plume pour les 3 saisons \u2013 Voici le Rotstein 450 DWN ! Ce sac de couchage momie pr\u00e9sente une construction l\u00e9g\u00e8re de compartiments en H en biais et un garnissage en duvet de canard haut de gamme 450 g, d\u00e9perlant et d&rsquo;un pouvoir gonflant de 800 cuin, tir\u00e9 d&rsquo;une production certifi\u00e9e Responsible Down Standard (RDS). Le mat\u00e9riau ext\u00e9rieur de ce sac de couchage en duvet tr\u00e8s compact est compos\u00e9 de 100 % polyester recycl\u00e9 haut de gamme, qui s\u00e9duit par son poids ultral\u00e9ger et sa r\u00e9sistance \u00e0 l&rsquo;usure tr\u00e8s \u00e9lev\u00e9e. Pratique : Il suffit de quelques manipulations pour ajuster le sac de couchage en longueur de 25 \u00e0 30 cm. Le col chaud et la capuche sont ajustables en toute facilit\u00e9 \u00e0 l&rsquo;aide d&rsquo;un syst\u00e8me de cordons astucieux ; les pieds sont cal\u00e9s dans un compartiment bien chaud 3D ergonomique. Optimis\u00e9e sur le plan de la chaleur et du volume, sa coupe garantit toutefois une enti\u00e8re libert\u00e9 de mouvement. Les mati\u00e8res utilis\u00e9es sont bluesign\u00aecertifi\u00e9es. Ce produit est imperm\u00e9abilis\u00e9 avec la finition Eco Finish, \u00e9cologique et sans fluorocarbures (PFC). Le label Green Shape de VAUDE garantit un produit \u00e9cologique, fonctionnel et fabriqu\u00e9 dans des mat\u00e9riaux durables.<\/p>\n<p><em>Sac de couchage en duvet extr\u00eamement l\u00e9ger et chaud pour les alpinistes et les trekkers # 3saisons (du printemps \u00e0 l&rsquo;automne) # mat\u00e9riau 100% polyester recycl\u00e9 #fabrication \u00e9cologique<\/em><\/p>","protected":false},"excerpt":{"rendered":"<p>Sac de couchage en duvet extr\u00eamement l\u00e9ger et chaud pour les alpinistes et les trekkers # 3saisons (du printemps \u00e0 l&rsquo;automne) # mat\u00e9riau 100% polyester recycl\u00e9 #fabrication \u00e9cologique<\/p>","protected":false},"featured_media":6422,"comment_status":"closed","ping_status":"open","template":"","meta":[],"product_brand":[375],"product_cat":[213,394,362],"product_tag":[365,389,368,390],"class_list":["post-6421","product","type-product","status-publish","has-post-thumbnail","product_brand-vaude","product_cat-boutique","product_cat-duvet","product_cat-sacs-de-couchage","product_tag-boutique","product_tag-sac-de-couchage","product_tag-vente","product_tag-vente-sac-de-couchage","pa_saison-toutes-saisons-ete-printemps-automne","first","instock","purchasable","product-type-simple"],"_links":{"self":[{"href":"https:\/\/www.tracea.ch\/de\/wp-json\/wp\/v2\/product\/6421","targetHints":{"allow":["GET"]}}],"collection":[{"href":"https:\/\/www.tracea.ch\/de\/wp-json\/wp\/v2\/product"}],"about":[{"href":"https:\/\/www.tracea.ch\/de\/wp-json\/wp\/v2\/types\/product"}],"replies":[{"embeddable":true,"href":"https:\/\/www.tracea.ch\/de\/wp-json\/wp\/v2\/comments?post=6421"}],"version-history":[{"count":0,"href":"https:\/\/www.tracea.ch\/de\/wp-json\/wp\/v2\/product\/6421\/revisions"}],"wp:featuredmedia":[{"embeddable":true,"href":"https:\/\/www.tracea.ch\/de\/wp-json\/wp\/v2\/media\/6422"}],"wp:attachment":[{"href":"https:\/\/www.tracea.ch\/de\/wp-json\/wp\/v2\/media?parent=6421"}],"wp:term":[{"taxonomy":"product_brand","embeddable":true,"href":"https:\/\/www.tracea.ch\/de\/wp-json\/wp\/v2\/product_brand?post=6421"},{"taxonomy":"product_cat","embeddable":true,"href":"https:\/\/www.tracea.ch\/de\/wp-json\/wp\/v2\/product_cat?post=6421"},{"taxonomy":"product_tag","embeddable":true,"href":"https:\/\/www.tracea.ch\/de\/wp-json\/wp\/v2\/product_tag?post=6421"}],"curies":[{"name":"wp","href":"https:\/\/api.w.org\/{rel}","templated":true}]}}