{"id":6455,"date":"2026-06-29T15:35:46","date_gmt":"2026-06-29T15:35:46","guid":{"rendered":"https:\/\/www.tracea.ch\/boutique\/non%20class\u00e9\/allround-9-m\/"},"modified":"2026-06-29T15:36:18","modified_gmt":"2026-06-29T15:36:18","slug":"allround-9-m","status":"publish","type":"product","link":"https:\/\/www.tracea.ch\/de\/boutique\/allround-9-m\/","title":{"rendered":"Allround 9 M"},"content":{"rendered":"<p>Comme son nom l\u2019indique; Le matelas isolant Allround 9 M est confortable, durable et couvre un large \u00e9ventail d&rsquo;utilisations. Avec son poids et son encombrement r\u00e9duits, il est parfaitement adapt\u00e9 au trekking, tout en \u00e9tant si confortable qu&rsquo;il garantit un sommeil r\u00e9parateur m\u00eame lors de vacances en camping prolong\u00e9es. La nouvelle conception des compartiments cr\u00e9e une surface de couchage plus plane, ce qui r\u00e9duit le risque de glisser d&rsquo;avant en arri\u00e8re sur le matelas. Gr\u00e2ce \u00e0 son garnissage en fibres synth\u00e9tiques insensibles \u00e0 l&rsquo;humidit\u00e9, le matelas Allround 9 M est adapt\u00e9 \u00e0 une utilisation du printemps \u00e0 l&rsquo;automne. Le mat\u00e9riau stretch doux et agr\u00e9able pour la peau sur le dessus garantit un grand confort &#8211; m\u00eame si l&rsquo;on ne dort qu&rsquo;en sous-v\u00eatements pendant les chaudes nuits d&rsquo;\u00e9t\u00e9. Le contour lat\u00e9ral droit cr\u00e9e une plus grande surface de couchage que les mod\u00e8les en forme de momie, et permet en outre de cr\u00e9er un \u00ab\u00a0lit double\u00a0\u00bb sans faille dans la tente en ajoutant un autre matelas. Nous recommandons de gonfler tous les matelas isolant \u00e0 l&rsquo;aide du sac ou du coussin de gonflage disponible en option. Ainsi, l&rsquo;humidit\u00e9 ne p\u00e9n\u00e8tre pas \u00e0 l&rsquo;int\u00e9rieur et la dur\u00e9e de vie du matelas peut \u00eatre consid\u00e9rablement augment\u00e9e &#8211; ce qui est bon pour le climat et pour nous, les humains. Un kit de r\u00e9paration est \u00e9galement fourni.<\/p>\n<p><em>Matelas isolant l\u00e9ger et confortable avec mati\u00e8re sup\u00e9rieure \u00e9lastique pour un usage 3 saisons #nouvelle conception des compartiments pour am\u00e9liorer la stabilit\u00e9 et le confort de sommeil #bon rapport chaleur\/poids #mati\u00e8re principale essentiellement fabriqu\u00e9e en polyester recycl\u00e9<\/em><\/p>","protected":false},"excerpt":{"rendered":"<p>Matelas isolant l\u00e9ger et confortable avec mati\u00e8re sup\u00e9rieure \u00e9lastique pour un usage 3 saisons #nouvelle conception des compartiments pour am\u00e9liorer la stabilit\u00e9 et le confort de sommeil #bon rapport chaleur\/poids #mati\u00e8re principale essentiellement fabriqu\u00e9e en polyester recycl\u00e9<\/p>","protected":false},"featured_media":6456,"comment_status":"closed","ping_status":"open","template":"","meta":[],"product_brand":[375],"product_cat":[213,399,362],"product_tag":[365,389,368,390],"class_list":["post-6455","product","type-product","status-publish","has-post-thumbnail","product_brand-vaude","product_cat-boutique","product_cat-matelas","product_cat-sacs-de-couchage","product_tag-boutique","product_tag-sac-de-couchage","product_tag-vente","product_tag-vente-sac-de-couchage","pa_saison-toutes-saisons-ete-printemps-automne","first","instock","purchasable","product-type-simple"],"_links":{"self":[{"href":"https:\/\/www.tracea.ch\/de\/wp-json\/wp\/v2\/product\/6455","targetHints":{"allow":["GET"]}}],"collection":[{"href":"https:\/\/www.tracea.ch\/de\/wp-json\/wp\/v2\/product"}],"about":[{"href":"https:\/\/www.tracea.ch\/de\/wp-json\/wp\/v2\/types\/product"}],"replies":[{"embeddable":true,"href":"https:\/\/www.tracea.ch\/de\/wp-json\/wp\/v2\/comments?post=6455"}],"version-history":[{"count":0,"href":"https:\/\/www.tracea.ch\/de\/wp-json\/wp\/v2\/product\/6455\/revisions"}],"wp:featuredmedia":[{"embeddable":true,"href":"https:\/\/www.tracea.ch\/de\/wp-json\/wp\/v2\/media\/6456"}],"wp:attachment":[{"href":"https:\/\/www.tracea.ch\/de\/wp-json\/wp\/v2\/media?parent=6455"}],"wp:term":[{"taxonomy":"product_brand","embeddable":true,"href":"https:\/\/www.tracea.ch\/de\/wp-json\/wp\/v2\/product_brand?post=6455"},{"taxonomy":"product_cat","embeddable":true,"href":"https:\/\/www.tracea.ch\/de\/wp-json\/wp\/v2\/product_cat?post=6455"},{"taxonomy":"product_tag","embeddable":true,"href":"https:\/\/www.tracea.ch\/de\/wp-json\/wp\/v2\/product_tag?post=6455"}],"curies":[{"name":"wp","href":"https:\/\/api.w.org\/{rel}","templated":true}]}}