{"id":6478,"date":"2026-06-29T15:37:04","date_gmt":"2026-06-29T15:37:04","guid":{"rendered":"https:\/\/www.tracea.ch\/boutique\/non%20class\u00e9\/meglis-300-syn\/"},"modified":"2026-06-29T15:37:09","modified_gmt":"2026-06-29T15:37:09","slug":"meglis-300-syn","status":"publish","type":"product","link":"https:\/\/www.tracea.ch\/de\/boutique\/meglis-300-syn\/","title":{"rendered":"Meglis 300 SYN"},"content":{"rendered":"<p>En qu\u00eate d&rsquo;un sac de couchage durable, chaud et innovant? Le Meglis 300 SYN en mat\u00e9riaux recycl\u00e9s de bout en bout est un candidat de choix! Sa coupe raffin\u00e9e en spirale est un coup de g\u00e9nie concoct\u00e9 par notre laboratoire d&rsquo;id\u00e9es VAUDE: sa fabrication r\u00e9unit seulement quelques pi\u00e8ces afin d&rsquo;\u00e9viter efficacement les ponts thermiques, sa d\u00e9coupe a \u00e9t\u00e9 r\u00e9duite au strict minimum et pr\u00e9serve ainsi l&rsquo;environnement. Combin\u00e9 \u00e0 un garnissage en fibres synth\u00e9tiques Sensofiber Eco facile d&rsquo;entretien, ultrafonctionnel et recycl\u00e9, le Meglis 300 SYN convient parfaitement bien pour un usage en \u00e9t\u00e9. Sa construction \u00e9lastique offre de 25 \u00e0 30% de libert\u00e9 de mouvement en plus dans toutes les directions et \u00e9pouse en permanence le corps du dormeur pour le r\u00e9chauffer. Deux ouvertures pour les bras pratiques permettent de cuisiner, de lire et de manger assis tout en restant confortablement emmitoufl\u00e9 dans le sac de couchage. La nouvelle fermeture \u00e0 glissi\u00e8re Easy-Exit permet d&rsquo;ouvrir facilement le sac de couchage en un clin d&rsquo;\u0153il en cas d&rsquo;urgence. La capuche est munie de diff\u00e9rents cordons de serrage permettant de l&rsquo;ajuster \u00e0 des besoins sp\u00e9cifiques. Ceci permet de relever la barre tr\u00e8s haut en termes de confort de sommeil et d&rsquo;utilisation. Le label Green Shape de VAUDE garantit un produit \u00e9cologique, fonctionnel et fabriqu\u00e9 dans des mat\u00e9riaux durables.<\/p>\n<p><em>Sac de couchage en fibres synth\u00e9tiques l\u00e9ger pour les parcours d&rsquo;\u00e9t\u00e9 en montagne, le trekking, le camping et la randonn\u00e9e # avec construction en spirale innovante pour une meilleure libert\u00e9 de mouvement # avec ouvertures pratiques pour les bras #fabrication en mat\u00e9riau recycl\u00e9<\/em><\/p>","protected":false},"excerpt":{"rendered":"<p>Sac de couchage en fibres synth\u00e9tiques l\u00e9ger pour les parcours d&rsquo;\u00e9t\u00e9 en montagne, le trekking, le camping et la randonn\u00e9e # avec construction en spirale innovante pour une meilleure libert\u00e9 de mouvement # avec ouvertures pratiques pour les bras #fabrication en mat\u00e9riau recycl\u00e9<\/p>","protected":false},"featured_media":6479,"comment_status":"closed","ping_status":"open","template":"","meta":[],"product_brand":[375],"product_cat":[213,401,362],"product_tag":[365,389,368,390],"class_list":["post-6478","product","type-product","status-publish","has-post-thumbnail","product_brand-vaude","product_cat-boutique","product_cat-fibre-synthetique","product_cat-sacs-de-couchage","product_tag-boutique","product_tag-sac-de-couchage","product_tag-vente","product_tag-vente-sac-de-couchage","pa_saison-ete","first","instock","purchasable","product-type-simple"],"_links":{"self":[{"href":"https:\/\/www.tracea.ch\/de\/wp-json\/wp\/v2\/product\/6478","targetHints":{"allow":["GET"]}}],"collection":[{"href":"https:\/\/www.tracea.ch\/de\/wp-json\/wp\/v2\/product"}],"about":[{"href":"https:\/\/www.tracea.ch\/de\/wp-json\/wp\/v2\/types\/product"}],"replies":[{"embeddable":true,"href":"https:\/\/www.tracea.ch\/de\/wp-json\/wp\/v2\/comments?post=6478"}],"version-history":[{"count":0,"href":"https:\/\/www.tracea.ch\/de\/wp-json\/wp\/v2\/product\/6478\/revisions"}],"wp:featuredmedia":[{"embeddable":true,"href":"https:\/\/www.tracea.ch\/de\/wp-json\/wp\/v2\/media\/6479"}],"wp:attachment":[{"href":"https:\/\/www.tracea.ch\/de\/wp-json\/wp\/v2\/media?parent=6478"}],"wp:term":[{"taxonomy":"product_brand","embeddable":true,"href":"https:\/\/www.tracea.ch\/de\/wp-json\/wp\/v2\/product_brand?post=6478"},{"taxonomy":"product_cat","embeddable":true,"href":"https:\/\/www.tracea.ch\/de\/wp-json\/wp\/v2\/product_cat?post=6478"},{"taxonomy":"product_tag","embeddable":true,"href":"https:\/\/www.tracea.ch\/de\/wp-json\/wp\/v2\/product_tag?post=6478"}],"curies":[{"name":"wp","href":"https:\/\/api.w.org\/{rel}","templated":true}]}}