{"id":6572,"date":"2026-06-29T15:42:27","date_gmt":"2026-06-29T15:42:27","guid":{"rendered":"https:\/\/www.tracea.ch\/boutique\/non%20class\u00e9\/sioux-800-s-ii-syn-2\/"},"modified":"2026-06-29T15:42:27","modified_gmt":"2026-06-29T15:42:27","slug":"sioux-800-s-ii-syn-2","status":"publish","type":"product","link":"https:\/\/www.tracea.ch\/de\/boutique\/sioux-800-s-ii-syn-2\/","title":{"rendered":"Sioux 800 S II SYN"},"content":{"rendered":"<p>Les personnes de plus petite taille (jusqu&rsquo;\u00e0 170&nbsp;cm), en qu\u00eate d&rsquo;un sac de couchage chaud, robuste et r\u00e9sistant en fibres synth\u00e9tiques pour la randonn\u00e9e, le trekking ou le voyage, devraient opter pour Sioux 800&nbsp;S. Le garnissage en microfibres \u00e9vacue l&rsquo;humidit\u00e9 vers l&rsquo;ext\u00e9rieur et r\u00e9chauffe m\u00eame \u00e0 l&rsquo;\u00e9tat humide. La forme de momie et la collerette antifroid r\u00e9glable retiennent efficacement la chaleur. Quand il commence \u00e0 faire trop chaud, il suffit d&rsquo;ouvrir le sac \u00e0 l&rsquo;aide du zip bidirectionnel. Le sac de couchage convient \u00e9galement aux nuits pass\u00e9es \u00e0 la belle \u00e9toile&nbsp;: le mat\u00e9riau ext\u00e9rieur du sac de couchage en fibres synth\u00e9tiques Sioux 800&nbsp;S est dot\u00e9 de la finition d\u00e9perlante et antisalissures Eco Finish sans PFC. Mais ce sac de couchage est surtout le fruit de notre engagement affirm\u00e9 en faveur du d\u00e9veloppement durable, car il prend part au concept d&rsquo;\u00e9conomie circulaire VAUDE. Les mat\u00e9riaux principaux, ainsi que le garnissage, sont compos\u00e9s \u00e0 100&nbsp;% de polyester recycl\u00e9. Il se distingue en plus par une coupe favorisant l&rsquo;efficacit\u00e9 mat\u00e9rielle, sa robustesse et sa r\u00e9parabilit\u00e9 ais\u00e9e. Le label Green Shape de VAUDE garantit un produit \u00e9cologique, fonctionnel et fabriqu\u00e9 dans des mat\u00e9riaux durables.<\/p>\n<p><em>Sac de couchage en fibres synth\u00e9tiques de coupe \u00e9court\u00e9e pour la randonn\u00e9e, le trekking et le voyage #3&nbsp;saisons (du printemps \u00e0 l&rsquo;automne) #coupe momie pr\u00e8s du corps #fabrication principale en polyester recycl\u00e9<\/em><\/p>","protected":false},"excerpt":{"rendered":"<p>Sac de couchage en fibres synth\u00e9tiques de coupe \u00e9court\u00e9e pour la randonn\u00e9e, le trekking et le voyage #3&nbsp;saisons (du printemps \u00e0 l&rsquo;automne) #coupe momie pr\u00e8s du corps #fabrication principale en polyester recycl\u00e9<\/p>","protected":false},"featured_media":6573,"comment_status":"closed","ping_status":"open","template":"","meta":[],"product_brand":[375],"product_cat":[213,401,362],"product_tag":[365,389,368,390],"class_list":["post-6572","product","type-product","status-publish","has-post-thumbnail","product_brand-vaude","product_cat-boutique","product_cat-fibre-synthetique","product_cat-sacs-de-couchage","product_tag-boutique","product_tag-sac-de-couchage","product_tag-vente","product_tag-vente-sac-de-couchage","pa_saison-toutes-saisons-printemps-automne","first","instock","purchasable","product-type-simple"],"_links":{"self":[{"href":"https:\/\/www.tracea.ch\/de\/wp-json\/wp\/v2\/product\/6572","targetHints":{"allow":["GET"]}}],"collection":[{"href":"https:\/\/www.tracea.ch\/de\/wp-json\/wp\/v2\/product"}],"about":[{"href":"https:\/\/www.tracea.ch\/de\/wp-json\/wp\/v2\/types\/product"}],"replies":[{"embeddable":true,"href":"https:\/\/www.tracea.ch\/de\/wp-json\/wp\/v2\/comments?post=6572"}],"version-history":[{"count":0,"href":"https:\/\/www.tracea.ch\/de\/wp-json\/wp\/v2\/product\/6572\/revisions"}],"wp:featuredmedia":[{"embeddable":true,"href":"https:\/\/www.tracea.ch\/de\/wp-json\/wp\/v2\/media\/6573"}],"wp:attachment":[{"href":"https:\/\/www.tracea.ch\/de\/wp-json\/wp\/v2\/media?parent=6572"}],"wp:term":[{"taxonomy":"product_brand","embeddable":true,"href":"https:\/\/www.tracea.ch\/de\/wp-json\/wp\/v2\/product_brand?post=6572"},{"taxonomy":"product_cat","embeddable":true,"href":"https:\/\/www.tracea.ch\/de\/wp-json\/wp\/v2\/product_cat?post=6572"},{"taxonomy":"product_tag","embeddable":true,"href":"https:\/\/www.tracea.ch\/de\/wp-json\/wp\/v2\/product_tag?post=6572"}],"curies":[{"name":"wp","href":"https:\/\/api.w.org\/{rel}","templated":true}]}}