{"id":6584,"date":"2026-06-29T15:42:27","date_gmt":"2026-06-29T15:42:27","guid":{"rendered":"https:\/\/www.tracea.ch\/boutique\/non%20class\u00e9\/sioux-400-xl-ii-syn-2\/"},"modified":"2026-06-29T15:43:12","modified_gmt":"2026-06-29T15:43:12","slug":"sioux-400-xl-ii-syn-2","status":"publish","type":"product","link":"https:\/\/www.tracea.ch\/de\/boutique\/sioux-400-xl-ii-syn-2\/","title":{"rendered":"Sioux 400 XL II SYN"},"content":{"rendered":"<p>Passer la nuit dans un sac de couchage est pour nombre d&rsquo;entre nous r\u00e9serv\u00e9 \u00e0 l&rsquo;\u00e9t\u00e9. Le garnissage en fibres synth\u00e9tiques monocouche du sac de couchage Sioux 400&nbsp;XL extralong (taille corporelle \u00e0 partir de 190&nbsp;cm) \u00e9conomise du poids et offre tout de m\u00eame une isolation suffisante pour des circuits de trekking et de refuge dans des zones climatiques temp\u00e9r\u00e9es. La fibre synth\u00e9tique \u00e9vacue ici l&rsquo;humidit\u00e9 loin du corps, r\u00e9chauffe m\u00eame \u00e0 l&rsquo;\u00e9tat humide et s\u00e8che rapidement. La forme de momie et la capuche de forme anatomique garantissent la r\u00e9tention de chaleur. Le refroidissement est assur\u00e9 par le zip bidirectionnel. M\u00eame passer la nuit dehors en \u00e9t\u00e9 ne pose aucun probl\u00e8me&nbsp;: le mat\u00e9riau ext\u00e9rieur du sac de couchage en fibres synth\u00e9tiques Sioux 400&nbsp;XL est dot\u00e9 de la finition d\u00e9perlante et antisalissures Eco Finish sans PFC. Mais ce sac de couchage extralong est surtout le fruit de notre engagement affirm\u00e9 en faveur du d\u00e9veloppement durable, car il prend part au concept d&rsquo;\u00e9conomie circulaire VAUDE. Les mat\u00e9riaux principaux, ainsi que le garnissage, sont compos\u00e9s \u00e0 100&nbsp;% de polyester recycl\u00e9. Il se distingue en plus par une coupe favorisant l&rsquo;efficacit\u00e9 mat\u00e9rielle, sa robustesse et sa r\u00e9parabilit\u00e9 ais\u00e9e. Le label Green Shape de VAUDE garantit un produit \u00e9cologique, fonctionnel et fabriqu\u00e9 dans des mat\u00e9riaux durables.<\/p>\n<p><em>Sac de couchage en fibres synth\u00e9tiques extralong pour la randonn\u00e9e, le trekking et le voyage #2&nbsp;saisons (de la fin du printemps au d\u00e9but de l&rsquo;automne) #coupe momie pr\u00e8s du corps #fabrication principale en polyester recycl\u00e9<\/em><\/p>","protected":false},"excerpt":{"rendered":"<p>Sac de couchage en fibres synth\u00e9tiques extralong pour la randonn\u00e9e, le trekking et le voyage #2&nbsp;saisons (de la fin du printemps au d\u00e9but de l&rsquo;automne) #coupe momie pr\u00e8s du corps #fabrication principale en polyester recycl\u00e9<\/p>","protected":false},"featured_media":6585,"comment_status":"closed","ping_status":"open","template":"","meta":[],"product_brand":[375],"product_cat":[213,401,362],"product_tag":[365,389,368,390],"class_list":["post-6584","product","type-product","status-publish","has-post-thumbnail","product_brand-vaude","product_cat-boutique","product_cat-fibre-synthetique","product_cat-sacs-de-couchage","product_tag-boutique","product_tag-sac-de-couchage","product_tag-vente","product_tag-vente-sac-de-couchage","pa_saison-toutes-saisons-printemps-automne","first","instock","purchasable","product-type-simple"],"_links":{"self":[{"href":"https:\/\/www.tracea.ch\/de\/wp-json\/wp\/v2\/product\/6584","targetHints":{"allow":["GET"]}}],"collection":[{"href":"https:\/\/www.tracea.ch\/de\/wp-json\/wp\/v2\/product"}],"about":[{"href":"https:\/\/www.tracea.ch\/de\/wp-json\/wp\/v2\/types\/product"}],"replies":[{"embeddable":true,"href":"https:\/\/www.tracea.ch\/de\/wp-json\/wp\/v2\/comments?post=6584"}],"version-history":[{"count":0,"href":"https:\/\/www.tracea.ch\/de\/wp-json\/wp\/v2\/product\/6584\/revisions"}],"wp:featuredmedia":[{"embeddable":true,"href":"https:\/\/www.tracea.ch\/de\/wp-json\/wp\/v2\/media\/6585"}],"wp:attachment":[{"href":"https:\/\/www.tracea.ch\/de\/wp-json\/wp\/v2\/media?parent=6584"}],"wp:term":[{"taxonomy":"product_brand","embeddable":true,"href":"https:\/\/www.tracea.ch\/de\/wp-json\/wp\/v2\/product_brand?post=6584"},{"taxonomy":"product_cat","embeddable":true,"href":"https:\/\/www.tracea.ch\/de\/wp-json\/wp\/v2\/product_cat?post=6584"},{"taxonomy":"product_tag","embeddable":true,"href":"https:\/\/www.tracea.ch\/de\/wp-json\/wp\/v2\/product_tag?post=6584"}],"curies":[{"name":"wp","href":"https:\/\/api.w.org\/{rel}","templated":true}]}}