{"id":6821,"date":"2026-06-29T16:29:14","date_gmt":"2026-06-29T16:29:14","guid":{"rendered":"https:\/\/www.tracea.ch\/boutique\/non%20class\u00e9\/arco-2p-2\/"},"modified":"2026-06-29T16:29:29","modified_gmt":"2026-06-29T16:29:29","slug":"arco-2p-2","status":"publish","type":"product","link":"https:\/\/www.tracea.ch\/de\/boutique\/arco-2p-2\/","title":{"rendered":"Arco 2P"},"content":{"rendered":"<p>Un petit chez soi pour les voyages: tente 3 saisons spacieuse, construction tunnel pour 2 personnes. Le grand espace int\u00e9rieur offre beaucoup de place pour dormir et pour ranger l&rsquo;\u00e9quipement de trekking, une excellente ventilation est possible gr\u00e2ce aux ouvertures dans le toit. La Campo Arco 2P est rapidement mont\u00e9e et ne se d\u00e9gonfle pas devant le mauvais temps. Le mod\u00e8le entr\u00e9e de gamme id\u00e9al pour les trekkings dans un climat temp\u00e9r\u00e9.<\/p>\n<p><em>ouverture de ventilation prot\u00e9g\u00e9e de la pluie et r\u00e9glable \u00e0 l&rsquo;aide de la fermeture \u00e9clair de l&rsquo;entr\u00e9e, l&rsquo;arceau est introduit dans un fourreau ferm\u00e9 d&rsquo;un c\u00f4t\u00e9 et peut \u00eatre tendu depuis le c\u00f4t\u00e9 oppos\u00e9, 1 entr\u00e9e, 2 en 1: manette pour enrouler le cordon et pince, 1 abside spacieuse, montage tr\u00e8s rapide, porte de tente int\u00e9rieure avec empi\u00e8cements d\u2019a\u00e9ration en mesh anti-moustique pour une bonne ventilation sur la dur\u00e9e<\/em><\/p>","protected":false},"excerpt":{"rendered":"<p>Tente tunnel spacieuse pour le camping et le trekking #3 saisons (pour les mois sans neige) #grand espace int\u00e9rieur #montage facile<\/p>","protected":false},"featured_media":6822,"comment_status":"closed","ping_status":"open","template":"","meta":[],"product_brand":[375],"product_cat":[408,213,361],"product_tag":[365,404,368,405],"class_list":["post-6821","product","type-product","status-publish","has-post-thumbnail","product_brand-vaude","product_cat-2-places","product_cat-boutique","product_cat-tentes","product_tag-boutique","product_tag-tente","product_tag-vente","product_tag-vente-tente","first","instock","purchasable","product-type-simple"],"_links":{"self":[{"href":"https:\/\/www.tracea.ch\/de\/wp-json\/wp\/v2\/product\/6821","targetHints":{"allow":["GET"]}}],"collection":[{"href":"https:\/\/www.tracea.ch\/de\/wp-json\/wp\/v2\/product"}],"about":[{"href":"https:\/\/www.tracea.ch\/de\/wp-json\/wp\/v2\/types\/product"}],"replies":[{"embeddable":true,"href":"https:\/\/www.tracea.ch\/de\/wp-json\/wp\/v2\/comments?post=6821"}],"version-history":[{"count":0,"href":"https:\/\/www.tracea.ch\/de\/wp-json\/wp\/v2\/product\/6821\/revisions"}],"wp:featuredmedia":[{"embeddable":true,"href":"https:\/\/www.tracea.ch\/de\/wp-json\/wp\/v2\/media\/6822"}],"wp:attachment":[{"href":"https:\/\/www.tracea.ch\/de\/wp-json\/wp\/v2\/media?parent=6821"}],"wp:term":[{"taxonomy":"product_brand","embeddable":true,"href":"https:\/\/www.tracea.ch\/de\/wp-json\/wp\/v2\/product_brand?post=6821"},{"taxonomy":"product_cat","embeddable":true,"href":"https:\/\/www.tracea.ch\/de\/wp-json\/wp\/v2\/product_cat?post=6821"},{"taxonomy":"product_tag","embeddable":true,"href":"https:\/\/www.tracea.ch\/de\/wp-json\/wp\/v2\/product_tag?post=6821"}],"curies":[{"name":"wp","href":"https:\/\/api.w.org\/{rel}","templated":true}]}}