{"id":6851,"date":"2026-06-29T16:30:14","date_gmt":"2026-06-29T16:30:14","guid":{"rendered":"https:\/\/www.tracea.ch\/boutique\/non%20class\u00e9\/hogan-sul-xt-2-3p\/"},"modified":"2026-06-29T16:30:52","modified_gmt":"2026-06-29T16:30:52","slug":"hogan-sul-xt-2-3p","status":"publish","type":"product","link":"https:\/\/www.tracea.ch\/de\/boutique\/hogan-sul-xt-2-3p\/","title":{"rendered":"Hogan SUL XT 2-3P"},"content":{"rendered":"<p>Contre vents et marr\u00e9es ! Tente 3 saisons, forme d\u00f4me, extr\u00eamement l\u00e9g\u00e8re, avec arceaux solidaris\u00e9s, pour les amateurs du trekking et de l&rsquo;alpinisme qui attachent une grande importance au poids de leur mat\u00e9riel. Ce mod\u00e8le offre peu de prise au vent et garantit une longue dur\u00e9e de vie. Le traitement silicon\u00e9 double face assure une parfaite imperm\u00e9abilit\u00e9 et un poids minimal. Facile et rapide \u00e0 monter. Elle offre de la place pour 3 personnes qui ne cherchent pas le confort absolu. Elle est id\u00e9ale pour 2 personnes avec de grands bagages, un brin int\u00e9gr\u00e9 dans la partie des pieds cr\u00e9e une hauteur suppl\u00e9mentaire, la grande abside offre de la place pour les affaires et le coin cuisine. La tente int\u00e9rieure en grande partie en filet, ainsi que les ouvertures de ventilation ajustables, assurent un climat int\u00e9rieur agr\u00e9able. Si vous voyagez dans des r\u00e9gions au temps chaud et sec, vous pouvez \u00e9galement n&rsquo;utiliser que la tente int\u00e9rieure. Difficile de faire plus l\u00e9ger et plus confortable. Pour pr\u00e9server l&rsquo;environnement, les mat\u00e9riaux textiles de ce mod\u00e8le sont fabriqu\u00e9s dans le plus grand respect des ressources naturelles en conformit\u00e9 avec la norme \u00e9cologique draconienne du sigle bluesign\u00ae.<\/p>\n<p><em>ouverture de ventilation prot\u00e9g\u00e9e de la pluie et r\u00e9glable \u00e0 l&rsquo;aide de la fermeture \u00e9clair de l&rsquo;entr\u00e9e, 1 abside spacieuse, 2 entr\u00e9es, construction montage rapide super ultra l\u00e9g\u00e8re, parois de tente int\u00e9rieure avec empi\u00e8cements d\u2019a\u00e9ration en mesh anti-moustique pour un climat ambiant optimal, porte de tente int\u00e9rieure avec empi\u00e8cements d\u2019a\u00e9ration en mesh anti-moustique pour une bonne ventilation sur la dur\u00e9e, tente int\u00e9rieure peut \u00eatre mont\u00e9e s\u00e9par\u00e9ment, coupe incurv\u00e9e de la tente int\u00e9rieure et du double-toit pour une meilleure ventilation au sol , a\u00e9ration lat\u00e9rale et modulable au sol, 2 en 1: manette pour enrouler le cordon et pince<\/em><\/p>","protected":false},"excerpt":{"rendered":"<p>Tente extr\u00eamement l\u00e9g\u00e8re avec antichambre agrandissable pour l&rsquo;alpinisme et le trekking # montage rapide et facile # r\u00e9sistante au vent et longue dur\u00e9e de vie #\u00e0 la fabrication \u00e9cologique<\/p>","protected":false},"featured_media":6852,"comment_status":"closed","ping_status":"open","template":"","meta":[],"product_brand":[375],"product_cat":[408,213,361],"product_tag":[365,404,368,405],"class_list":["post-6851","product","type-product","status-publish","has-post-thumbnail","product_brand-vaude","product_cat-2-places","product_cat-boutique","product_cat-tentes","product_tag-boutique","product_tag-tente","product_tag-vente","product_tag-vente-tente","first","instock","purchasable","product-type-simple"],"_links":{"self":[{"href":"https:\/\/www.tracea.ch\/de\/wp-json\/wp\/v2\/product\/6851","targetHints":{"allow":["GET"]}}],"collection":[{"href":"https:\/\/www.tracea.ch\/de\/wp-json\/wp\/v2\/product"}],"about":[{"href":"https:\/\/www.tracea.ch\/de\/wp-json\/wp\/v2\/types\/product"}],"replies":[{"embeddable":true,"href":"https:\/\/www.tracea.ch\/de\/wp-json\/wp\/v2\/comments?post=6851"}],"version-history":[{"count":0,"href":"https:\/\/www.tracea.ch\/de\/wp-json\/wp\/v2\/product\/6851\/revisions"}],"wp:featuredmedia":[{"embeddable":true,"href":"https:\/\/www.tracea.ch\/de\/wp-json\/wp\/v2\/media\/6852"}],"wp:attachment":[{"href":"https:\/\/www.tracea.ch\/de\/wp-json\/wp\/v2\/media?parent=6851"}],"wp:term":[{"taxonomy":"product_brand","embeddable":true,"href":"https:\/\/www.tracea.ch\/de\/wp-json\/wp\/v2\/product_brand?post=6851"},{"taxonomy":"product_cat","embeddable":true,"href":"https:\/\/www.tracea.ch\/de\/wp-json\/wp\/v2\/product_cat?post=6851"},{"taxonomy":"product_tag","embeddable":true,"href":"https:\/\/www.tracea.ch\/de\/wp-json\/wp\/v2\/product_tag?post=6851"}],"curies":[{"name":"wp","href":"https:\/\/api.w.org\/{rel}","templated":true}]}}