{"id":6916,"date":"2026-06-29T16:34:13","date_gmt":"2026-06-29T16:34:13","guid":{"rendered":"https:\/\/www.tracea.ch\/boutique\/non%20class\u00e9\/ultralight-chapel-xt-2p\/"},"modified":"2026-06-29T16:34:15","modified_gmt":"2026-06-29T16:34:15","slug":"ultralight-chapel-xt-2p","status":"publish","type":"product","link":"https:\/\/www.tracea.ch\/de\/boutique\/ultralight-chapel-xt-2p\/","title":{"rendered":"Ultralight Chapel XT 2P"},"content":{"rendered":"<p>Si vous cherchez une tente confortable pour vos voyages \u00e0 v\u00e9lo, la tente ultral\u00e9g\u00e8re Chapel pour deux personnes est l&rsquo;\u00e9quipement id\u00e9al. Le spacieux vestibule, d&rsquo;une hauteur maximale de 165 centim\u00e8tres, offre suffisamment de place pour se changer, garer les v\u00e9los ou \u00e9tendre le linge. La tente int\u00e9rieure convainc \u00e9galement par une hauteur d&rsquo;assise agr\u00e9able et un espace g\u00e9n\u00e9reux pour deux personnes. Deux ouvertures d&rsquo;a\u00e9ration dans la tente ext\u00e9rieure dans l&rsquo;abside assurent une circulation optimale de l&rsquo;air. Lors des journ\u00e9es chaudes et sans pluie, la paroi arri\u00e8re peut \u00eatre enroul\u00e9e vers le haut au niveau des pieds jusqu&rsquo;\u00e0 la courbe de l&rsquo;armature afin de laisser entrer de l&rsquo;air frais suppl\u00e9mentaire dans la tente. Gr\u00e2ce au montage simultan\u00e9 de la tente int\u00e9rieure et de la tente ext\u00e9rieure, le montage est particuli\u00e8rement simple et \u00e0 l&rsquo;abri de la pluie. Un avantage pratique : En cas de mauvais temps, la tente int\u00e9rieure peut \u00eatre retir\u00e9e s\u00e9par\u00e9ment et rang\u00e9e au sec. L&rsquo;armature en aluminium DAC de haute qualit\u00e9 et les longes temp\u00eate Edelrid ultral\u00e9g\u00e8res assurent une grande stabilit\u00e9. Pour un transport facile sur le v\u00e9lo, la tente est \u00e9quip\u00e9e de housses de rangement sp\u00e9cialement con\u00e7ues.<\/p>\n<p><em>piquets ext\u00e9rieurs, 1 vestibule tr\u00e8s spacieuse, hauteur presque suffisante dans l\u2019abside \u00e9largie en position debout pour s&rsquo;asseoir et se changer confortablement, ainsi que pour ranger tout son \u00e9quipement, Tente int\u00e9rieure accroch\u00e9e pour un montage \u00e0 l\u2019\u00e9preuve de la pluie, montage tr\u00e8s rapide gr\u00e2ce au syst\u00e8me de piquets \u00e0 clips, entr\u00e9e avant peut \u00eatre utilis\u00e9e comme b\u00e2che pare-soleil, ouverture de ventilation prot\u00e9g\u00e9e de la pluie et r\u00e9glable \u00e0 l&rsquo;aide de la fermeture \u00e9clair de l&rsquo;entr\u00e9e, valve de ventilation derri\u00e8re, excellente a\u00e9ration gr\u00e2ce \u00e0 la fen\u00eatre filet et aux orifices de ventilation, possibilit\u00e9 d\u2019enrouler la partie arri\u00e8re de la tente ext\u00e9rieure pour l\u2019a\u00e9ration par temps chaud et sec, excellente libert\u00e9 du mouvement\/r\u00e9partition de l&rsquo;espace, armatures et piquets DAC de qualit\u00e9 sup\u00e9rieure, enrouleurs de cordelette temp\u00eate Edelrid ultrar\u00e9sistants \u00e0 la traction et robustes, Packsack avec fixation de bande tiss\u00e9e pour v\u00e9los ou sacs \u00e0 dos, parfaitement adapt\u00e9e au v\u00e9lo et \u00e0 la moto<\/em><\/p>","protected":false},"excerpt":{"rendered":"<p>Tente 2 personnes tr\u00e8s spacieuse pour cyclotourisme et trekking #int\u00e9rieur g\u00e9n\u00e9reux et confortable #construction l\u00e9g\u00e8re et faible encombrement #tente ext\u00e9rieure et sol en nylon recycl\u00e9<\/p>","protected":false},"featured_media":6917,"comment_status":"closed","ping_status":"open","template":"","meta":[],"product_brand":[375],"product_cat":[408,213,361],"product_tag":[365,404,368,405],"class_list":["post-6916","product","type-product","status-publish","has-post-thumbnail","product_brand-vaude","product_cat-2-places","product_cat-boutique","product_cat-tentes","product_tag-boutique","product_tag-tente","product_tag-vente","product_tag-vente-tente","first","instock","purchasable","product-type-simple"],"_links":{"self":[{"href":"https:\/\/www.tracea.ch\/de\/wp-json\/wp\/v2\/product\/6916","targetHints":{"allow":["GET"]}}],"collection":[{"href":"https:\/\/www.tracea.ch\/de\/wp-json\/wp\/v2\/product"}],"about":[{"href":"https:\/\/www.tracea.ch\/de\/wp-json\/wp\/v2\/types\/product"}],"replies":[{"embeddable":true,"href":"https:\/\/www.tracea.ch\/de\/wp-json\/wp\/v2\/comments?post=6916"}],"version-history":[{"count":0,"href":"https:\/\/www.tracea.ch\/de\/wp-json\/wp\/v2\/product\/6916\/revisions"}],"wp:featuredmedia":[{"embeddable":true,"href":"https:\/\/www.tracea.ch\/de\/wp-json\/wp\/v2\/media\/6917"}],"wp:attachment":[{"href":"https:\/\/www.tracea.ch\/de\/wp-json\/wp\/v2\/media?parent=6916"}],"wp:term":[{"taxonomy":"product_brand","embeddable":true,"href":"https:\/\/www.tracea.ch\/de\/wp-json\/wp\/v2\/product_brand?post=6916"},{"taxonomy":"product_cat","embeddable":true,"href":"https:\/\/www.tracea.ch\/de\/wp-json\/wp\/v2\/product_cat?post=6916"},{"taxonomy":"product_tag","embeddable":true,"href":"https:\/\/www.tracea.ch\/de\/wp-json\/wp\/v2\/product_tag?post=6916"}],"curies":[{"name":"wp","href":"https:\/\/api.w.org\/{rel}","templated":true}]}}