{"id":6983,"date":"2026-06-29T16:36:45","date_gmt":"2026-06-29T16:36:45","guid":{"rendered":"https:\/\/www.tracea.ch\/boutique\/non%20class\u00e9\/ultralight-space-3p\/"},"modified":"2026-06-29T16:37:50","modified_gmt":"2026-06-29T16:37:50","slug":"ultralight-space-3p","status":"publish","type":"product","link":"https:\/\/www.tracea.ch\/de\/boutique\/ultralight-space-3p\/","title":{"rendered":"Ultralight Space 3P"},"content":{"rendered":"<p>La tente ultral\u00e9g\u00e8re Space 3 personnes est parfaite pour les alpinistes et les cyclotouristes \u00e0 la recherche d&rsquo;une tente stable, confortable, spacieuse, l\u00e9g\u00e8re et polyvalente avec un encombrement optimis\u00e9 des armatures. Avec sa construction intelligente de Ridge Tunnel, elle peut accueillir trois personnes. Elle est autoportante et ses parois abruptes cr\u00e9ent une sensation d&rsquo;espace g\u00e9n\u00e9reux. Les deux absides spacieuses, qui peuvent \u00eatre utilis\u00e9es de mani\u00e8re polyvalente, sont particuli\u00e8rement pratiques : Elles offrent suffisamment d&rsquo;espace de rangement pour l&rsquo;\u00e9quipement, une protection contre le vent et la pluie et permettent m\u00eame de cuisiner &#8211; avec une vue d\u00e9gag\u00e9e sur les environs La tente marque \u00e9galement des points avec ses possibilit\u00e9s d&rsquo;a\u00e9ration bien pens\u00e9es : De grands inserts en mesh \u00e0 l&rsquo;int\u00e9rieur de la tente et des ouvertures d&rsquo;a\u00e9ration anti-pluie \u00e0 l&rsquo;ext\u00e9rieur favorisent une circulation efficace de l&rsquo;air et assurent un climat agr\u00e9able &#8211; m\u00eame par des temp\u00e9ratures estivales. Les a\u00e9rations au-dessus des entr\u00e9es peuvent aussi \u00eatre compl\u00e8tement ferm\u00e9es. Une caract\u00e9ristique remarquable est le montage simple et rapide gr\u00e2ce au syst\u00e8me de double pitching. La tente int\u00e9rieure et la tente ext\u00e9rieure sont reli\u00e9es entre elles, ce qui permet de monter les deux couches simultan\u00e9ment et \u00e0 l&rsquo;abri de la pluie. En cas de mauvais temps, la tente int\u00e9rieure peut \u00eatre retir\u00e9e s\u00e9par\u00e9ment, reste au sec et peut \u00eatre rang\u00e9e proprement. De plus, la tente ultral\u00e9g\u00e8re Space 3 personnes est con\u00e7ue de mani\u00e8re optimale pour le bikepacking : Avec ses sacs de rangement sp\u00e9cialement con\u00e7us, elle se transporte facilement sur le v\u00e9lo. Le label Green Shape de VAUDE garantit un produit \u00e9cologique, fonctionnel et fabriqu\u00e9 dans des mat\u00e9riaux durables.<\/p>\n<p><em>2 entr\u00e9es \u00e0 ouverture large avec vestibules pour une vue panoramique ou pour cuisiner et ranger l\u2019\u00e9quipement, canaux plats , montage tr\u00e8s rapide et facile, les ouvertures de ventilation peuvent se fermer, Tente int\u00e9rieure accroch\u00e9e pour un montage \u00e0 l\u2019\u00e9preuve de la pluie, coutures 100&#038;nbsp, % \u00e9tanches \u00e0 l\u2019eau, tente int\u00e9rieure taille confort, tente int\u00e9rieure transversale, organisation ing\u00e9nieuse dans la tente int\u00e9rieure avec des poches lat\u00e9rales et de plafond, porte de tente int\u00e9rieure avec empi\u00e8cements d\u2019a\u00e9ration en mesh anti-moustique pour une bonne ventilation sur la dur\u00e9e, enrouleurs de cordelette temp\u00eate Edelrid ultrar\u00e9sistants \u00e0 la traction et robustes, pr\u00eate pour le bikepacking&#038;nbsp, : encombrement des armatures de 35&#038;nbsp, cm, armatures et piquets DAC de qualit\u00e9 sup\u00e9rieure, Packsack avec fixation de bande tiss\u00e9e pour v\u00e9los ou sacs \u00e0 dos<\/em><\/p>","protected":false},"excerpt":{"rendered":"<p>Tente ultral\u00e9g\u00e8re spacieuse 3 personnes pour voyages \u00e0 v\u00e9lo et cyclotourisme #construction autoportante au poids r\u00e9duit #montage simple et rapide #tente ext\u00e9rieure et sol en nylon recycl\u00e9<\/p>","protected":false},"featured_media":6984,"comment_status":"closed","ping_status":"open","template":"","meta":[],"product_brand":[375],"product_cat":[409,213,361],"product_tag":[365,404,368,405],"class_list":["post-6983","product","type-product","status-publish","has-post-thumbnail","product_brand-vaude","product_cat-3-places","product_cat-boutique","product_cat-tentes","product_tag-boutique","product_tag-tente","product_tag-vente","product_tag-vente-tente","first","instock","purchasable","product-type-simple"],"_links":{"self":[{"href":"https:\/\/www.tracea.ch\/de\/wp-json\/wp\/v2\/product\/6983","targetHints":{"allow":["GET"]}}],"collection":[{"href":"https:\/\/www.tracea.ch\/de\/wp-json\/wp\/v2\/product"}],"about":[{"href":"https:\/\/www.tracea.ch\/de\/wp-json\/wp\/v2\/types\/product"}],"replies":[{"embeddable":true,"href":"https:\/\/www.tracea.ch\/de\/wp-json\/wp\/v2\/comments?post=6983"}],"version-history":[{"count":0,"href":"https:\/\/www.tracea.ch\/de\/wp-json\/wp\/v2\/product\/6983\/revisions"}],"wp:featuredmedia":[{"embeddable":true,"href":"https:\/\/www.tracea.ch\/de\/wp-json\/wp\/v2\/media\/6984"}],"wp:attachment":[{"href":"https:\/\/www.tracea.ch\/de\/wp-json\/wp\/v2\/media?parent=6983"}],"wp:term":[{"taxonomy":"product_brand","embeddable":true,"href":"https:\/\/www.tracea.ch\/de\/wp-json\/wp\/v2\/product_brand?post=6983"},{"taxonomy":"product_cat","embeddable":true,"href":"https:\/\/www.tracea.ch\/de\/wp-json\/wp\/v2\/product_cat?post=6983"},{"taxonomy":"product_tag","embeddable":true,"href":"https:\/\/www.tracea.ch\/de\/wp-json\/wp\/v2\/product_tag?post=6983"}],"curies":[{"name":"wp","href":"https:\/\/api.w.org\/{rel}","templated":true}]}}